{"id":95,"date":"2025-01-16T07:32:02","date_gmt":"2025-01-16T07:32:02","guid":{"rendered":"https:\/\/edebiyatatlasi.com\/?page_id=95"},"modified":"2025-01-20T11:51:10","modified_gmt":"2025-01-20T11:51:10","slug":"tokat","status":"publish","type":"page","link":"https:\/\/edebiyatatlasi.com\/?page_id=95","title":{"rendered":"Tokat"},"content":{"rendered":"\n<h2 class=\"wp-block-heading\">ROMANLAR<\/h2>\n\n\n\n<p><strong>ANILARDA YUMAK YUMAK (ABBAS SAYAR)<\/strong><\/p>\n\n\n\n<p>Yazar\u0131n ya\u015fam\u0131ndan kesintilerin yer ald\u0131\u011f\u0131 kitap, ilk olarak askerlik an\u0131lar\u0131 ile ba\u015flar. \u00d6ren kasabas\u0131nda 1. Tak\u0131m Komutan\u0131 olarak g\u00f6revini yerine getiren yazar. Burada 9. t\u00fcmen komutan\u0131d\u0131r. S\u0131cak bir yaz g\u00fcn\u00fcnde b\u00f6l\u00fc\u011f\u00fcne y\u00fcr\u00fcy\u00fc\u015f emri verirken, kendisi de ge\u00e7mi\u015f an\u0131lar\u0131na geri d\u00f6ner. Kariyerine yirmi bir ya\u015f\u0131nda ba\u015flar. \u00c7\u0131lg\u0131n ya\u015f\u0131nda oldu\u011fu i\u00e7in \u015fehir polisi oldu\u011funda kendini pa\u015fa gibi hisseder ve ayl\u0131k altm\u0131\u015f dokuz lira maa\u015f al\u0131r. Mesle\u011fin ilk y\u0131llar\u0131n\u0131 hat\u0131rlad\u0131\u011f\u0131nda, di\u015flerinin yard\u0131m\u0131yla yedek subayl\u0131\u011fa g\u00f6nderirken babas\u0131n\u0131n ona on iki bu\u00e7uk lira verdi\u011fini hat\u0131rlar. Hatta ge\u00e7mi\u015fe giderek ailelerin \u00e7ocuklar\u0131n\u0131 okutmak ve bir meslek sahibi olmak i\u00e7in nas\u0131l m\u00fccadele verdiklerine de \u015fahit oluyoruz.<\/p>\n\n\n\n<p>\u0130mk\u00e2ns\u0131zl\u0131klar nedeniyle bir \u00fcste\u011fmenden kendisine ayakkab\u0131 ald\u0131\u011f\u0131n\u0131 hat\u0131rlar. Bedensel rahats\u0131zl\u0131klar\u0131n\u0131 gidermek i\u00e7in tatillerde huzurevini ziyaret eder. Kitapta bu yerle ilgili an\u0131lar\u0131ndan s\u0131k s\u0131k bahseder. Oradaki k\u0131zlarla ya\u015fad\u0131\u011f\u0131 baz\u0131 \u015feyleri ayr\u0131nt\u0131l\u0131 olarak anlatt\u0131r. Oradaki k\u0131zlar\u0131n isimlerini zihnine o kadar kaz\u0131m\u0131\u015ft\u0131r ki, ge\u00e7mi\u015f ya\u015fam\u0131na ait an\u0131lar\u0131na gitti\u011finde hep bu k\u0131zlar\u0131n isimlerinden bahseder. Bu an\u0131larla bo\u011fu\u015furken birdenbire bir emir al\u0131r. Bir ayl\u0131\u011f\u0131na \u00c7an Koruma Ekibinin Komutan\u0131 olarak orada bulunan bir cephanelik oldu\u011fu ve onu kontrol alt\u0131nda tutmas\u0131 gerekti\u011fidir. Birka\u00e7 saat i\u00e7inde ekibi toplar ve Zile\u2019ye gitmek i\u00e7in yol al\u0131n\u0131r. Zile\u2019ye vard\u0131\u011f\u0131nda g\u00f6revi oradaki te\u011fmenden devral\u0131r.<\/p>\n\n\n\n<p>Mevcut olan bu yerde Osmanl\u0131 mermileri ve toplar\u0131 bu yerde bulunmaktad\u0131r. Burada n\u00f6beti devrald\u0131ktan sonra ekip odas\u0131nda daral\u0131r ve \u00e7ar\u015f\u0131 y\u00f6n\u00fcnde gezintiye \u00e7\u0131kmaya ba\u015flar. Burada sa\u011f\u0131 solu g\u00f6zetlerken Anadolu evlerini anlat\u0131r ve h\u00fcz\u00fcnlenir. Anadolu evlerinin y\u0131k\u0131ld\u0131\u011f\u0131n\u0131, ev sahibinin bir tu\u011flay\u0131 bile de\u011fi\u015ftirecek g\u00fcc\u00fc olmad\u0131\u011f\u0131n\u0131 hisseder. \u00c7ar\u015f\u0131ya indi\u011finde bir mahalle kahvesine rastlar. Orada halk onu sayg\u0131yla kar\u015f\u0131lar. Merakl\u0131 g\u00f6zler ona buraya hangi g\u00f6revle geldi\u011fini sorar. Amasyal\u0131 Muhaf\u0131z Timi Komutan\u0131 olarak birli\u011fimle cephanelik n\u00f6betine geldi\u011fimi s\u00f6yler. Kafede bulunanlar, eski askerlik an\u0131lar\u0131yla ilgili ya\u015fad\u0131klar\u0131n\u0131 anlat\u0131r. Bu ravilerden ya\u015fl\u0131 bir adam komutan\u0131n dikkatini \u00e7eker. Bu ki\u015fi emekli bir h\u00e2kimdir. \u00d6\u011fle ezan\u0131 okununca kahvehanedekiler mescide gider, komutan oradan ayr\u0131l\u0131r. G\u00fcnler sonra kahvehanede tan\u0131\u015ft\u0131\u011f\u0131 ya\u015fl\u0131 amcas\u0131yla tekrar kar\u015f\u0131la\u015f\u0131r. Zaten onunla sohbet etmek istemi\u015fti. Eline f\u0131rsat ge\u00e7ti\u011finde sohbetini ka\u00e7\u0131rmak istemez. Ya\u015fl\u0131 adam\u0131n emekli bir h\u00e2kim oldu\u011funu \u00f6\u011frenir. H\u00e2kim, meslek hayat\u0131nda ya\u015fad\u0131\u011f\u0131, gezdi\u011fi, g\u00f6rd\u00fc\u011f\u00fc yerler hakk\u0131nda hayat tecr\u00fcbelerini ve izlenimlerini anlat\u0131r. Bu komutan\u0131n dikkatini \u00e7eker. Aralar\u0131nda bir dostluk ba\u011f\u0131 kurulur. H\u00e2kim, komutan\u0131 ya\u015fad\u0131\u011f\u0131 eve g\u00f6t\u00fcr\u00fcr. Ona \u00f6zel hayat\u0131yla ilgili an\u0131lar\u0131n\u0131 anlat\u0131r. Bu anlatt\u0131klar\u0131ndan ders al\u0131nmas\u0131n\u0131 \u00f6\u011f\u00fctler. Komutan, H\u00e2kim\u2019in yan\u0131na gitti\u011finde ge\u00e7mi\u015fine dair an\u0131lar\u0131n\u0131 hat\u0131rlar ve aralar\u0131nda ge\u00e7en sohbetten sonra ac\u0131 \u00e7eker. Bir g\u00fcn h\u00e2kim kahvehanede insanlarla sohbet ederken bir anda kafas\u0131 masaya d\u00fc\u015fer ve \u00f6l\u00fcr. Komutan, ba\u011f kurdu\u011fu bu adam\u0131n \u00f6l\u00fcm\u00fcnden etkilenir. K\u00f6yl\u00fc hemen arkas\u0131ndan konu\u015fmaya ba\u015flar. Kim oldu\u011fu hakk\u0131nda dedikodu yaparlar. Bu olaydan k\u0131sa bir s\u00fcre sonra Komutan\u2019\u0131n Zile\u2019deki g\u00f6revi sona erer.&nbsp;(Kitapdiyar\u0131.com, 2024)<\/p>\n\n\n\n<h2 class=\"wp-block-heading\">HALK H\u0130KAYES\u0130,H\u0130KAYE,DESTAN<\/h2>\n\n\n\n<p><strong>ADIM AGOP MEMLEKET\u0130M TOKAT (AGOP ARSLANYAN)<\/strong><\/p>\n\n\n\n<p>Agop Arslanyan 1930\u2019larda do\u011fdu\u011funda, 1915\u2019te ya\u015fananlardan sonra Tokat\u2019\u0131n Ermeni ahalisinin n\u00fcfusu b\u00fcy\u00fck \u00f6l\u00e7\u00fcde azalm\u0131\u015f, okullar\u0131, kiliseleri kapanm\u0131\u015f, o canl\u0131 sosyal ya\u015fant\u0131dan geriye soluk bir hayalden ve ya\u015fama tutunmaya yarayan geleneklerden ba\u015fka pek bir \u015fey kalmam\u0131\u015ft\u0131. Arslanyan daha on iki ya\u015f\u0131nda ailesini ard\u0131nda b\u0131rakarak, okumak i\u00e7in memleketinden ayr\u0131l\u0131p pek \u00e7oklar\u0131 gibi \u0130stanbul\u2019a g\u00f6\u00e7se de, y\u00fcre\u011finde do\u011fdu\u011fu kente olan \u00f6zlem hi\u00e7 dinmedi. Tokat Ermenilerinin bu son temsilcilerinin ya\u015fant\u0131s\u0131, kom\u015fular\u0131yla olan ili\u015fkileri, siyasi geli\u015fmelerin g\u00f6lgesinde hissettikleri, korkular\u0131, sevin\u00e7leri, tad\u0131na doyum olmaz yiyecekleri, m\u00fczikleri, e\u011flenceleri, piknikleri, zanaatlar\u0131, hep canl\u0131, renkli, duygulu ayr\u0131nt\u0131lar olarak belle\u011finin bir k\u00f6\u015fesinde i\u015fli kald\u0131. Ad\u0131m Agop Memleketim Tokat bu an\u0131lar\u0131n, \u00f6zlemin, bug\u00fcn art\u0131k yok olmu\u015f farkl\u0131 bir zaman dilimini kaydetme arzusunun d\u0131\u015favurumu. Y\u00fczy\u0131l ortalar\u0131nda bir Anadolu \u015fehrinin zaman zaman e\u011flenceli, h\u00fcz\u00fcnl\u00fc, ama hep i\u00e7ten, hep s\u0131cak, hep samimi hik\u00e2yesini anlatan bu kitap, diplomatik-politik \u00e7eki\u015fmelerden uzak, basit halk kitlelerinin ya\u015fant\u0131s\u0131yla \u00f6r\u00fclm\u00fc\u015f bir kitapt\u0131r.&nbsp;(ARAS, 2024)<\/p>\n\n\n\n<div class=\"wp-block-columns is-layout-flex wp-container-core-columns-is-layout-1 wp-block-columns-is-layout-flex\">\n<div class=\"wp-block-column is-layout-flow wp-block-column-is-layout-flow\">\n<figure class=\"wp-block-image size-full\"><img loading=\"lazy\" decoding=\"async\" width=\"735\" height=\"982\" src=\"https:\/\/edebiyatatlasi.com\/wp-content\/uploads\/2025\/01\/image-7.png\" alt=\"\" class=\"wp-image-98\" srcset=\"https:\/\/edebiyatatlasi.com\/wp-content\/uploads\/2025\/01\/image-7.png 735w, https:\/\/edebiyatatlasi.com\/wp-content\/uploads\/2025\/01\/image-7-225x300.png 225w\" sizes=\"auto, (max-width: 735px) 100vw, 735px\" \/><\/figure>\n<\/div>\n\n\n\n<div class=\"wp-block-column is-layout-flow wp-block-column-is-layout-flow\">\n<figure class=\"wp-block-image size-full\"><img loading=\"lazy\" decoding=\"async\" width=\"736\" height=\"981\" src=\"https:\/\/edebiyatatlasi.com\/wp-content\/uploads\/2025\/01\/image-6.png\" alt=\"\" class=\"wp-image-99\" srcset=\"https:\/\/edebiyatatlasi.com\/wp-content\/uploads\/2025\/01\/image-6.png 736w, https:\/\/edebiyatatlasi.com\/wp-content\/uploads\/2025\/01\/image-6-225x300.png 225w\" sizes=\"auto, (max-width: 736px) 100vw, 736px\" \/><\/figure>\n<\/div>\n<\/div>\n\n\n\n<h2 class=\"wp-block-heading\">B\u0130R EFSANE<\/h2>\n\n\n\n<p><strong>Turhal Ad\u0131 \u00dczerine Efsane<\/strong><\/p>\n\n\n\n<p>Sava\u015f\u0131n oldu\u011fu d\u00f6nemde Turhal \u015fehrini d\u00fc\u015fman ku\u015fatm\u0131\u015ft\u0131r. Sava\u015f ba\u015flam\u0131\u015f ve g\u00fcnlerce s\u00fcrm\u00fc\u015ft\u00fcr. Sava\u015f devam ederken Sava\u015f\u0131n yo\u011fun oldu\u011fu bir g\u00fcn bir er d\u00fc\u015fman ordusunun i\u00e7ine girmi\u015f ve ak\u015fama kadar k\u0131l\u0131\u00e7 sallam\u0131\u015f. K\u0131l\u0131\u00e7 ile sava\u015fmaya devam ederken g\u00fcne\u015fin batt\u0131\u011f\u0131 an geriden gelen bir k\u0131l\u0131\u00e7 darbesi ba\u015f\u0131n\u0131 g\u00f6vdesinden ay\u0131rm\u0131\u015f. Kesikba\u015f\u0131 yuvarlana yuvarlana \u015fehrin d\u0131\u015f\u0131ndaki k\u00f6pr\u00fcye kadar gitmi\u015f. O s\u0131rada nerden geldi\u011fi bilinmeyen bir ses kesikba\u015fa \u201cdur\u2026 kal \u201c emrini vermi\u015f. Kesikba\u015f orada kalm\u0131\u015ft\u0131r. bunun \u00fczerine sava\u015ftan sonra oraya bir t\u00fcrbe bir de mescit yapt\u0131r\u0131lm\u0131\u015ft\u0131r. \u015eehire de bu olay \u00fczerine \u201cDurhal\u201d ismi verilmi\u015ftir. Zamanla s\u00f6ylem de\u011fi\u015fikli\u011fine u\u011fram\u0131\u015f ve Turhal olmu\u015ftur.(engelsizedebiyat, 2024)<\/p>\n\n\n\n<figure class=\"wp-block-embed is-type-video is-provider-youtube wp-block-embed-youtube wp-embed-aspect-16-9 wp-has-aspect-ratio\"><div class=\"wp-block-embed__wrapper\">\n<iframe loading=\"lazy\" title=\"60 Tokat\" width=\"604\" height=\"340\" src=\"https:\/\/www.youtube.com\/embed\/Ts_-Bf0OCgs?feature=oembed\" frameborder=\"0\" allow=\"accelerometer; autoplay; clipboard-write; encrypted-media; gyroscope; picture-in-picture; web-share\" referrerpolicy=\"strict-origin-when-cross-origin\" allowfullscreen><\/iframe>\n<\/div><\/figure>\n\n\n\n<div class=\"wp-block-columns is-layout-flex wp-container-core-columns-is-layout-3 wp-block-columns-is-layout-flex\">\n<div class=\"wp-block-column is-layout-flow wp-block-column-is-layout-flow\">\n<div class=\"wp-block-columns is-layout-flex wp-container-core-columns-is-layout-2 wp-block-columns-is-layout-flex\">\n<div class=\"wp-block-column is-layout-flow wp-block-column-is-layout-flow\">\n<p class=\"has-text-align-center\"><strong>B\u0130R KEL\u0130ME:<\/strong><\/p>\n\n\n\n<p class=\"has-text-align-center\">A\u011fartu &#8211; Ayran<\/p>\n<\/div>\n\n\n\n<div class=\"wp-block-column is-layout-flow wp-block-column-is-layout-flow\">\n<p class=\"has-text-align-center\"><strong>B\u0130R DEY\u0130\u015e:<\/strong><\/p>\n\n\n\n<p class=\"has-text-align-center\">Azabdan alma maya, ya da\u015f olur ya gaya.<\/p>\n<\/div>\n<\/div>\n<\/div>\n<\/div>\n\n\n\n<p><\/p>\n","protected":false},"excerpt":{"rendered":"<p>ROMANLAR ANILARDA YUMAK YUMAK (ABBAS SAYAR) Yazar\u0131n ya\u015fam\u0131ndan kesintilerin yer ald\u0131\u011f\u0131 kitap, ilk olarak askerlik an\u0131lar\u0131 ile ba\u015flar. \u00d6ren kasabas\u0131nda 1. Tak\u0131m Komutan\u0131 olarak g\u00f6revini yerine getiren yazar. Burada 9. t\u00fcmen komutan\u0131d\u0131r. S\u0131cak bir yaz g\u00fcn\u00fcnde b\u00f6l\u00fc\u011f\u00fcne y\u00fcr\u00fcy\u00fc\u015f emri verirken, kendisi de ge\u00e7mi\u015f an\u0131lar\u0131na geri d\u00f6ner. Kariyerine yirmi bir ya\u015f\u0131nda ba\u015flar. \u00c7\u0131lg\u0131n ya\u015f\u0131nda oldu\u011fu i\u00e7in &hellip; <a href=\"https:\/\/edebiyatatlasi.com\/?page_id=95\" class=\"more-link\"><span class=\"screen-reader-text\">Tokat<\/span> yaz\u0131s\u0131na devam et <span class=\"meta-nav\">&rarr;<\/span><\/a><\/p>\n","protected":false},"author":1,"featured_media":0,"parent":0,"menu_order":0,"comment_status":"closed","ping_status":"closed","template":"","meta":{"footnotes":""},"class_list":["post-95","page","type-page","status-publish","hentry"],"_links":{"self":[{"href":"https:\/\/edebiyatatlasi.com\/index.php?rest_route=\/wp\/v2\/pages\/95","targetHints":{"allow":["GET"]}}],"collection":[{"href":"https:\/\/edebiyatatlasi.com\/index.php?rest_route=\/wp\/v2\/pages"}],"about":[{"href":"https:\/\/edebiyatatlasi.com\/index.php?rest_route=\/wp\/v2\/types\/page"}],"author":[{"embeddable":true,"href":"https:\/\/edebiyatatlasi.com\/index.php?rest_route=\/wp\/v2\/users\/1"}],"replies":[{"embeddable":true,"href":"https:\/\/edebiyatatlasi.com\/index.php?rest_route=%2Fwp%2Fv2%2Fcomments&post=95"}],"version-history":[{"count":5,"href":"https:\/\/edebiyatatlasi.com\/index.php?rest_route=\/wp\/v2\/pages\/95\/revisions"}],"predecessor-version":[{"id":168,"href":"https:\/\/edebiyatatlasi.com\/index.php?rest_route=\/wp\/v2\/pages\/95\/revisions\/168"}],"wp:attachment":[{"href":"https:\/\/edebiyatatlasi.com\/index.php?rest_route=%2Fwp%2Fv2%2Fmedia&parent=95"}],"curies":[{"name":"wp","href":"https:\/\/api.w.org\/{rel}","templated":true}]}}