{"id":820,"date":"2025-02-09T09:50:59","date_gmt":"2025-02-09T09:50:59","guid":{"rendered":"https:\/\/edebiyatatlasi.com\/?page_id=820"},"modified":"2025-02-09T09:50:59","modified_gmt":"2025-02-09T09:50:59","slug":"erzincan","status":"publish","type":"page","link":"https:\/\/edebiyatatlasi.com\/?page_id=820","title":{"rendered":"Erzincan"},"content":{"rendered":"\n<h2 class=\"wp-block-heading\">ROMANLAR<\/h2>\n\n\n\n<p>K\u00d6PR\u00dc<\/p>\n\n\n\n<p>AY\u015eE KUL\u0130N<\/p>\n\n\n\n<p>Bayram \u00e7ocuk bekleyen bir babad\u0131r. Ve kar\u0131s\u0131n\u0131n do\u011fum zaman\u0131 gelmi\u015f \u00e7atm\u0131\u015ft\u0131r. Sanc\u0131larla beraber Bayram, kar\u0131s\u0131n\u0131 hastaneye g\u00f6t\u00fcrecektir Ama f\u0131rat buna engel olmaktad\u0131r. F\u0131rat\u2019\u0131n kar\u0131s\u0131na ge\u00e7meyen bayram ve onun talihsiz kar\u0131s\u0131 orac\u0131kta do\u011furur. Fakat kar\u0131s\u0131 bu ac\u0131ya dayanamaz ve kan kayb\u0131ndan ya\u015fam\u0131n\u0131 yitirir. O g\u00fcnden sonra Bayram ve onun \u00e7ocu\u011fu yaln\u0131z ba\u015f\u0131na ya\u015famaktad\u0131r. Bayram \u00e7ocu\u011fu alarak do\u011fru Valinin yan\u0131na gider ve olay\u0131 ona s\u00f6yler. Vali o g\u00fcnden sonra bu olaya yak\u0131nla\u015f\u0131r ve k\u00f6pr\u00fcy\u00fc yapt\u0131rabilmek i\u00e7in giri\u015fimlerde bulunur. K\u00f6pr\u00fcy\u00fc, Erzincan\u2019\u0131nda d\u0131\u015f\u0131nda yabanc\u0131 bir m\u00fchendise yapt\u0131rmak istiyordu. Bunun i\u00e7in G\u00fcrcistanl\u0131 baba ve o\u011ful m\u00fchendislerle g\u00f6r\u00fc\u015fmelere ba\u015flad\u0131. G\u00fcrc\u00fc m\u00fchendisler k\u00f6pr\u00fcy\u00fc yapabileceklerini s\u00f6yleyerek G\u00fcrcistan\u2019a d\u00f6nm\u00fc\u015fler; fakat bir daha geri d\u00f6nmemi\u015fler. Bunun \u00fczerine Ankara dan bir m\u00fchendisle g\u00f6r\u00fc\u015fmeye ba\u015flad\u0131. M\u00fchendisler Erzincan\u2019a gelerek k\u00f6pr\u00fc yerini g\u00f6rd\u00fc ve birka\u00e7 inceleme yaparak k\u00f6pr\u00fcy\u00fc yapabileceklerini s\u00f6ylediler. M\u00fchendisler Ankara\u2019ya d\u00f6nerek gerekli \u00e7al\u0131\u015fmalara ba\u015flad\u0131 ve bir grup olu\u015fturdular. Yakla\u015f\u0131k bir hafta bir \u00e7al\u0131\u015fmadan sonra k\u00f6pr\u00fc Erzincan da de\u011fil de Ankara da yap\u0131larak t\u0131rlar la Erzincan\u2019a g\u00f6t\u00fcr\u00fclece\u011fini s\u00f6yledi. Vali buna \u015fa\u015f\u0131rm\u0131\u015ft\u0131. Fakat m\u00fchendislere g\u00fcveni sonsuzdu.<\/p>\n\n\n\n<p>Valinin etraf\u0131ndakiler buna inanm\u0131yorlard\u0131. Vali etraf\u0131ndakilere ald\u0131rmayarak gerekli paray\u0131 sa\u011flamaya \u00e7al\u0131\u015f\u0131yordu. Yakla\u015f\u0131k bir ay sonra ilk grup Erzincan\u2019a giderek k\u00f6pr\u00fc ayaklar\u0131n\u0131 dikmeye gelmi\u015flerdi. Daha \u00e7al\u0131\u015fman\u0131n ikinci g\u00fcn\u00fcnde ger\u00e7ekle\u015fen ter\u00f6rist sald\u0131r\u0131yla personel Ankara\u2019ya ka\u00e7m\u0131\u015flard\u0131r.<\/p>\n\n\n\n<p>\u00d6ks\u00fcze bakan Elmas ile Mevl\u00fct yasak a\u015fklar\u0131ndan dolay\u0131 ailesine yakalanmaktan korkuyordu. Mevl\u00fct, \u0130stanbul da ki asker arkada\u015f\u0131n\u0131 ayarlayarak \u0130stanbul\u2019a gitmeyi d\u00fc\u015f\u00fcn\u00fcyordu. Vali gerekli g\u0131dasal yard\u0131m\u0131 \u00f6ks\u00fcze bakan aileye sa\u011fl\u0131yordu.<\/p>\n\n\n\n<p>M\u00fchendisler k\u00f6pr\u00fcn\u00fcn yap\u0131m\u0131n\u0131 tamamlam\u0131\u015f ve T\u0131rlar la Erzincan\u2019a yola \u00e7\u0131km\u0131\u015flard\u0131. M\u00fchendisler ve Vali bir araya gelerek k\u00f6pr\u00fcn\u00fcn montaj\u0131 hakk\u0131nda konu\u015fmaya ba\u015flad\u0131lar. K\u00f6pr\u00fcn\u00fcn k\u0131y\u0131daki ilk aya\u011f\u0131 oturtturulmu\u015ftu. Di\u011fer ucunu ise kar\u015f\u0131ya ge\u00e7irmek i\u00e7in, Feribottan Tahta g\u00fcvertesine k\u00f6pr\u00fcn\u00fcn di\u011fer aya\u011f\u0131 oturtturulmu\u015ftu. Yaln\u0131z bir sorun \u00e7\u0131km\u0131\u015ft\u0131. Daha yolun yar\u0131s\u0131nda feribot bozulmu\u015ftu. \u00c7al\u0131\u015fmalar aksam\u0131\u015ft\u0131. Bu da halkta tedirginlik yaratm\u0131\u015ft\u0131. Bir sonraki g\u00fcn ar\u0131za giderilmi\u015f ve yo\u011fun bir \u00e7al\u0131\u015fmayla k\u00f6pr\u00fc tamamlanm\u0131\u015ft\u0131. Yap\u0131ld\u0131\u011f\u0131 ak\u015fam Vali, Bayram ve \u00d6ks\u00fcz k\u00f6pr\u00fcye oturarak ufka do\u011fru bak\u0131yorlard\u0131. (turkedebiyat\u0131, 2024)<\/p>\n\n\n\n<h2 class=\"wp-block-heading\">Halk Hikayesi, Hikaye, destan<\/h2>\n\n\n\n<p><strong>Yedi. Dokuz (Bir Deprem \u00d6yk\u00fcs\u00fc)(AL\u0130 AKIN)<\/strong><\/p>\n\n\n\n<p>T\u00fcrkiyede 1939 y\u0131l\u0131 Aral\u0131k ay\u0131nda, bu g\u00fcne kadar g\u00f6r\u00fclen en b\u00fcy\u00fck deprem ya\u015fan\u0131r.<\/p>\n\n\n\n<p>B\u00fcy\u00fck Erzincan Depremi.<\/p>\n\n\n\n<p>Deprem sonucu hen\u00fcz ismini bile bilemeyecek ya\u015fta kimsesiz kalan binlerce \u00e7ocuk vard\u0131r sokaklarda. Yedi.Dokuz, bu \u00e7ocuklardan sadece birinin ger\u00e7ek ya\u015fam\u0131ndan al\u0131nm\u0131\u015f kimsesizli\u011fin boyutlar\u0131n\u0131 ve hayatla devam eden onurlu ya\u015fam m\u00fccadelesinin hik\u00e2yesini ak\u0131c\u0131 bir dille okuyucuya sunarken, deprem ku\u015fa\u011f\u0131nda bulunan \u00fclkemizde, benzer ac\u0131lar\u0131n ya\u015fanmamas\u0131 maksad\u0131yla her vatanda\u015f\u0131m\u0131z\u0131n deprem konusunda bilin\u00e7lenmesine katk\u0131 sa\u011flamaktad\u0131r.(se\u00e7kin,2013)<\/p>\n\n\n\n<h2 class=\"wp-block-heading\">Bir Efsane<\/h2>\n\n\n\n<p><strong>KAZANKAYA EFSANES\u0130<\/strong><\/p>\n\n\n\n<p>Eski hesap April\u2019in be\u015finde koca kar\u0131n\u0131n biri yaylaya \u00e7\u0131kmak istemi\u015f. Yaylaya \u00e7\u0131kmay\u0131 kom\u015fusuna da teklif etmi\u015f. Kom\u015fusu, &#8220;Allah k\u0131smet ederse gideriz&#8221; demi\u015f. Kocakar\u0131, &#8220;Allah k\u0131smet etse de gidece\u011fim etmese de&#8221; demi\u015f. Koyunlar\u0131n\u0131, \u00e7ad\u0131r\u0131n\u0131 kazan\u0131m\u0131 al\u0131p, Erzincan&#8217;\u0131n g\u00fcneyindeki Munzur Da\u011f\u0131n\u0131n tepesine \u00e7\u0131km\u0131\u015f. Bu s\u0131rada \u00f6yle bir f\u0131rt\u0131na \u00e7\u0131km\u0131\u015f ki, kocakar\u0131 ne yapm\u0131\u015fsa kendini bu f\u0131rt\u0131nadan kurtaramam\u0131\u015f. En sonunda s\u00fct kazan\u0131n i\u00e7erisine girmek akl\u0131na gelmi\u015f. Kazan\u0131 ters \u00e7evirip i\u00e7erisine girmi\u015f. Kocakar\u0131n\u0131n yaylaya \u00e7\u0131kmadan \u00f6nce s\u00f6yledi\u011fi s\u00f6z Allah&#8217;\u0131 g\u00fccendirir ve Allah onu orada onu kazan\u0131 ile birlikte ta\u015f keser. Bu ta\u015f \u015fimdi Munzur Da\u011f\u0131n\u0131n tepesinde, Kazankaya diye an\u0131lmaktad\u0131r. (engelsizedebiyat,2024)<\/p>\n\n\n\n<figure class=\"wp-block-embed is-type-video is-provider-youtube wp-block-embed-youtube wp-embed-aspect-16-9 wp-has-aspect-ratio\"><div class=\"wp-block-embed__wrapper\">\n<iframe loading=\"lazy\" title=\"Erzincan\" width=\"604\" height=\"340\" src=\"https:\/\/www.youtube.com\/embed\/miFZusu0w1s?feature=oembed\" frameborder=\"0\" allow=\"accelerometer; autoplay; clipboard-write; encrypted-media; gyroscope; picture-in-picture; web-share\" referrerpolicy=\"strict-origin-when-cross-origin\" allowfullscreen><\/iframe>\n<\/div><\/figure>\n\n\n\n<div class=\"wp-block-columns is-layout-flex wp-container-core-columns-is-layout-1 wp-block-columns-is-layout-flex\">\n<div class=\"wp-block-column is-layout-flow wp-block-column-is-layout-flow\">\n<p><strong>Bir Kelime<\/strong><\/p>\n\n\n\n<p>Tamas \/ \u00c7\u0131t\u00e7\u0131t. Erik.<\/p>\n<\/div>\n\n\n\n<div class=\"wp-block-column is-layout-flow wp-block-column-is-layout-flow\">\n<p><strong>Bir Deyi\u015f<\/strong><\/p>\n\n\n\n<p>Herkesinki bast\u0131k olur bas\u0131l\u0131r; bizimki de ceviz olur \u015fakk\u0131lar.<\/p>\n<\/div>\n<\/div>\n","protected":false},"excerpt":{"rendered":"<p>ROMANLAR K\u00d6PR\u00dc AY\u015eE KUL\u0130N Bayram \u00e7ocuk bekleyen bir babad\u0131r. Ve kar\u0131s\u0131n\u0131n do\u011fum zaman\u0131 gelmi\u015f \u00e7atm\u0131\u015ft\u0131r. Sanc\u0131larla beraber Bayram, kar\u0131s\u0131n\u0131 hastaneye g\u00f6t\u00fcrecektir Ama f\u0131rat buna engel olmaktad\u0131r. F\u0131rat\u2019\u0131n kar\u0131s\u0131na ge\u00e7meyen bayram ve onun talihsiz kar\u0131s\u0131 orac\u0131kta do\u011furur. Fakat kar\u0131s\u0131 bu ac\u0131ya dayanamaz ve kan kayb\u0131ndan ya\u015fam\u0131n\u0131 yitirir. O g\u00fcnden sonra Bayram ve onun \u00e7ocu\u011fu yaln\u0131z ba\u015f\u0131na &hellip; <a href=\"https:\/\/edebiyatatlasi.com\/?page_id=820\" class=\"more-link\"><span class=\"screen-reader-text\">Erzincan<\/span> yaz\u0131s\u0131na devam et <span class=\"meta-nav\">&rarr;<\/span><\/a><\/p>\n","protected":false},"author":1,"featured_media":0,"parent":0,"menu_order":0,"comment_status":"closed","ping_status":"closed","template":"","meta":{"footnotes":""},"class_list":["post-820","page","type-page","status-publish","hentry"],"_links":{"self":[{"href":"https:\/\/edebiyatatlasi.com\/index.php?rest_route=\/wp\/v2\/pages\/820","targetHints":{"allow":["GET"]}}],"collection":[{"href":"https:\/\/edebiyatatlasi.com\/index.php?rest_route=\/wp\/v2\/pages"}],"about":[{"href":"https:\/\/edebiyatatlasi.com\/index.php?rest_route=\/wp\/v2\/types\/page"}],"author":[{"embeddable":true,"href":"https:\/\/edebiyatatlasi.com\/index.php?rest_route=\/wp\/v2\/users\/1"}],"replies":[{"embeddable":true,"href":"https:\/\/edebiyatatlasi.com\/index.php?rest_route=%2Fwp%2Fv2%2Fcomments&post=820"}],"version-history":[{"count":1,"href":"https:\/\/edebiyatatlasi.com\/index.php?rest_route=\/wp\/v2\/pages\/820\/revisions"}],"predecessor-version":[{"id":821,"href":"https:\/\/edebiyatatlasi.com\/index.php?rest_route=\/wp\/v2\/pages\/820\/revisions\/821"}],"wp:attachment":[{"href":"https:\/\/edebiyatatlasi.com\/index.php?rest_route=%2Fwp%2Fv2%2Fmedia&parent=820"}],"curies":[{"name":"wp","href":"https:\/\/api.w.org\/{rel}","templated":true}]}}