{"id":812,"date":"2025-02-01T22:40:13","date_gmt":"2025-02-01T22:40:13","guid":{"rendered":"https:\/\/edebiyatatlasi.com\/?page_id=812"},"modified":"2025-02-01T22:40:13","modified_gmt":"2025-02-01T22:40:13","slug":"kastamonu","status":"publish","type":"page","link":"https:\/\/edebiyatatlasi.com\/?page_id=812","title":{"rendered":"Kastamonu+"},"content":{"rendered":"\n<p><strong>Romanlar<\/strong><\/p>\n\n\n\n<p><\/p>\n\n\n\n<p><strong>YILDIZ KARAYEL (R\u0131fat Ilgaz )<\/strong><\/p>\n\n\n\n<p> Y\u0131ld\u0131z karayel, kuzeybat\u0131dan esen r\u00fczg\u00e2r\u0131n ad\u0131d\u0131r. Karadeniz\u2019in bat\u0131 k\u0131y\u0131lar\u0131n\u0131 kas\u0131p kavurur, tekneleri bat\u0131r\u0131r, denizcilerin canlar\u0131na k\u0131yar\u2026 Y\u0131ld\u0131z Karayel, Cide k\u0131y\u0131lar\u0131nda b\u00f6yle bir f\u0131rt\u0131nada batan teknedeki d\u00f6rt gemicinin \u00f6l\u00fcm\u00fcne neden olan felaketin roman\u0131d\u0131r. R\u0131fat Ilgaz, yetersiz k\u0131y\u0131 topraklar\u0131 \u00fczerinde didinen, tar\u0131mla ge\u00e7inmeye \u00e7al\u0131\u015fan k\u00f6yl\u00fcleri, t\u00fcrl\u00fc zorluklar\u0131 g\u00f6\u011f\u00fcsleyerek ya\u015fam sava\u015f\u0131 veren Anadolu insan\u0131n\u0131 anlat\u0131r. Orman \u00fcr\u00fcnlerinin ta\u015f\u0131mac\u0131l\u0131\u011f\u0131ndan ka\u00e7ak\u00e7\u0131l\u0131\u011fa y\u00f6nelen, topraklar\u0131n\u0131 sellerle Karadeniz\u2019in sular\u0131nda kaybeden, kurakl\u0131kla, f\u0131rt\u0131nalarla ba\u015f etmeye \u00e7al\u0131\u015fan insan\u0131\u2026 R\u0131fat Ilgaz\u2019\u0131n 1981 Madaral\u0131 Roman \u00d6d\u00fcl\u00fc ve 1982 Orhan Kemal Roman Arma\u011fan\u0131\u2019n\u0131 ald\u0131\u011f\u0131 Y\u0131ld\u0131z Karayel\u2019de, hayata d\u00f6rt elle sar\u0131lmaya \u00e7al\u0131\u015fanlar\u0131n umut dolu \u00f6yk\u00fcs\u00fcn\u00fc bulacaks\u0131n\u0131z. Kaynak: (kitap diyar\u0131, 2022)<\/p>\n\n\n\n<p><strong>Halk Hikayesi, Hikaye, Destan<\/strong><\/p>\n\n\n\n<p><strong>Kastamonu Hikayeleri  (Erdal Arslan) <\/strong><\/p>\n\n\n\n<p>Ben Kastamonu&#8217;yum&#8230; <\/p>\n\n\n\n<p>Bakmay\u0131n \u015fimdi giydi\u011fim yamal\u0131 urbaya&#8230; Ben huzur \u015fehri, zenginlik ve refah \u00fclkesiyim. K\u00fcre&#8217;nin bak\u0131r\u0131ndan Azdavay&#8217;\u0131n ta\u015fk\u00f6m\u00fcr\u00fcne, Tosya&#8217;n\u0131n pirincinden Ta\u015fk\u00f6pr\u00fc&#8217;n\u00fcn sar\u0131msa\u011f\u0131na&#8230; Al\u0131n teriyle sulanan, nas\u0131rl\u0131 ellerle \u00e7apalanan topra\u011f\u0131m\u0131n her bir kar\u0131\u015f\u0131ndan f\u0131\u015fk\u0131ran nimete buland\u0131m t\u0131rpan t\u0131rpan, tezek tezek, emek emek&#8230;<\/p>\n\n\n\n<p>Ben Kastamonu&#8217;yum&#8230; Evliyalar diyar\u0131, \u015f\u00fcheda yata\u011f\u0131y\u0131m&#8230; Biliyorum \u00e7oook uzun zaman ge\u00e7ti aradan. Eski heybetim, eski ihti\u015fam\u0131m kalmad\u0131. Ne de \u00e7ok de\u011fi\u015ftim, ne de a\u011f\u0131r bir \u00e7\u00f6k\u00fcnt\u00fc i\u00e7indeyim&#8230; Bana &#8220;Bat\u0131\u2019n\u0131n Do\u011fusu&#8221; diyorlar! G\u00fcc\u00fcme gitmiyor de\u011fil hani. Neydim be bir zamanlar ben&#8230; Hat\u0131rl\u0131yorum da \u0130bni Batuta ad\u0131nda Afrikal\u0131 bir seyyah gelmi\u015fti Candaro\u011flu S\u00fcleyman zaman\u0131nda yurduma. Be\u015f as\u0131r \u00f6nce&#8230; Hayran kalm\u0131\u015ft\u0131 bendeki zenginli\u011fe, bendeki bollu\u011fa, ucuzlu\u011fa, refaha&#8230; Neden ka\u00e7\u0131yorsunuz benden? Neden \u0130stanbul&#8217;daki Kastamonulu n\u00fcfusu Kastamonu&#8217;dakini \u00fc\u00e7e be\u015fe katl\u0131yor? Neden topra\u011f\u0131mda do\u011fan\u0131 topra\u011f\u0131mda tutamaz oldum? Neden insan\u0131m\u0131 besleyemez hale geldim? \u00c7orakla\u015ft\u0131m, g\u00fc\u00e7s\u00fczle\u015ftim, dermans\u0131z kald\u0131m?.. Benim \u00e7ok g\u00fcc\u00fcme gidiyor &#8220;Bat\u0131\u2019n\u0131n Do\u011fusu&#8221; olmak&#8230; Ya sizin?.. (kitapyurdu,2024)<\/p>\n\n\n\n<p><strong>Kastamonu Hikayeleri (G\u00fclten Ba\u015fol ) <\/strong><\/p>\n\n\n\n<p>\u0130nsanl\u0131\u011f\u0131 do\u011furan kad\u0131n\u0131, kendisiyle y\u00fczle\u015ftirme \u00e7abas\u0131d\u0131r bu yaz\u0131lanlar. Kad\u0131nlara i\u00e7eriden ele\u015ftiridir, bu kitap. Kad\u0131nlar\u0131 sistem d\u0131\u015f\u0131na iten, ba\u015far\u0131s\u0131zl\u0131\u011f\u0131n\u0131n h\u0131nc\u0131n\u0131 kad\u0131ndan \u00e7\u0131karan erkekleri yeti\u015ftiren kad\u0131nad\u0131r bu serzeni\u015f. Kitap, bir b\u00f6lgeye has, t\u00f6re zoru gibi g\u00f6r\u00fclen ve g\u00f6sterilen kad\u0131n cinayetlerinin kayna\u011f\u0131n\u0131n derinlerde oldu\u011funu tart\u0131\u015fmaya a\u00e7\u0131yor. Bat\u0131 Karadeniz\u2019in \u00e7al\u0131\u015fma alan\u0131 se\u00e7ilmesinin nedeni, yazar\u0131n en iyi bildi\u011fi b\u00f6lge olmas\u0131n\u0131n yan\u0131nda, sorunun do\u011fu-bat\u0131 sorunu olmad\u0131\u011f\u0131n\u0131 anlatmakt\u0131r. Kastamonu\u2019nun haritada yerini bilmeyenin bile haberdar oldu\u011fu; \u201cDa\u015f d\u00fc\u015feb\u00fcl\u00fc Ayu \u00e7\u0131kab\u00fcl\u00fc\u201d esprisine g\u00f6ndermedir bu \u00f6yk\u00fcler. Bu hikayeler, b\u00fct\u00fcn kad\u0131nlar\u0131n, b\u00fct\u00fcn erkeklerindir. Hikayelerde ad\u0131 ge\u00e7en karakterlerin isimleri y\u00f6rede \u00e7ok kullan\u0131lanlardan se\u00e7ilmi\u015ftir. Kendi hik\u00e2yesini bu kitapta bulanlar\u0131n, \u00e7ok olmas\u0131n\u0131 dileriz.(palmekitapevi,2024)<\/p>\n\n\n\n<p><\/p>\n\n\n\n<p><strong>Bir Efsane<\/strong><\/p>\n\n\n\n<p><\/p>\n\n\n\n<p><strong>Kastamonu \u0130sminin Efsanesi <\/strong><\/p>\n\n\n\n<p>Kastamonu efsaneleri i\u00e7inde en kuvvetli g\u00f6r\u00fcnen ve bu g\u00fcne kadar kullan\u0131lan\u0131 Kastamonu \u015eehrinin ismiyle ilgili olan\u0131d\u0131r: Yayg\u0131n bir rivayete g\u00f6re T\u00fcrkler taraf\u0131ndan Kastamonu Kalesinin fethi s\u0131ras\u0131nda; Bizans Tekfur\u2019unun g\u00fczel k\u0131z\u0131 Moni\u2019nin yak\u0131\u015f\u0131kl\u0131 T\u00fcrk Kumandan\u0131na tutkusu, dad\u0131s\u0131 vas\u0131tas\u0131yla bildirilip, kar\u015f\u0131l\u0131k veren Komutana kale kap\u0131s\u0131n\u0131n anahtarlar\u0131n\u0131n teslimi ile uzun m\u00fcddet kaleye girmeye muvaffak olamayan T\u00fcrk askerlerinin aniden kaleye girdi\u011fini g\u00f6r\u00fcnce, durumu anlayan Bizans Tekfuru g\u00fczel k\u0131z\u0131 Moni\u2019yi kale burcundan a\u015fa\u011f\u0131ya atmas\u0131 \u00fczerine T\u00fcrkler taraf\u0131ndan s\u00f6ylenen \u201cKast\u0131n ne idi Moni\u2019ye\u201d s\u00f6z\u00fc \u00f6nce askerler aras\u0131nda, daha sonra da Halk dilinde Kastamoni \u015feklini alm\u0131\u015f olsa gerektir. Bu g\u00fcn Moni\u2019nin a\u015fa\u011f\u0131ya at\u0131ld\u0131\u011f\u0131 yer \u201cK\u0131rk K\u0131z\u201d t\u00fcrbesi olarak bilinmekte ve halk taraf\u0131ndan sayg\u0131 duyulmaktad\u0131r. K\u0131rk k\u0131z denmesine sebep, herhalde, \u201cTam K\u0131rk par\u00e7aya ayr\u0131ld\u0131\u201d s\u00f6z\u00fcn\u00fcn anlat\u0131lmak istenmi\u015f olmas\u0131d\u0131r.<\/p>\n\n\n\n<figure class=\"wp-block-embed is-type-video is-provider-youtube wp-block-embed-youtube wp-embed-aspect-16-9 wp-has-aspect-ratio\"><div class=\"wp-block-embed__wrapper\">\n<iframe loading=\"lazy\" title=\"37 Kastamonu\" width=\"604\" height=\"340\" src=\"https:\/\/www.youtube.com\/embed\/md95HOWDdtk?feature=oembed\" frameborder=\"0\" allow=\"accelerometer; autoplay; clipboard-write; encrypted-media; gyroscope; picture-in-picture; web-share\" referrerpolicy=\"strict-origin-when-cross-origin\" allowfullscreen><\/iframe>\n<\/div><\/figure>\n\n\n\n<p><\/p>\n\n\n\n<p><strong>R\u0131fat Ilgaz M\u00fczesi<\/strong><\/p>\n\n\n\n<p><a href=\"https:\/\/www.neredekal.com\/rifat-ilgaz-muzesi-gezilecek-yer-detay\">https:\/\/www.neredekal.com\/rifat-ilgaz-muzesi-gezilecek-yer-detay<\/a><\/p>\n\n\n\n<p><strong>Bir Kelime<\/strong><\/p>\n\n\n\n<p>Gabak: Kabak<\/p>\n\n\n\n<p><strong>Bir Deyi\u015f<\/strong><\/p>\n\n\n\n<p>K\u00f6t\u00fcye s\u00f6z \u00e7\u0131k\u0131\u015fmaz.<\/p>\n\n\n\n<p><\/p>\n\n\n\n<p><\/p>\n","protected":false},"excerpt":{"rendered":"<p>Romanlar YILDIZ KARAYEL (R\u0131fat Ilgaz ) Y\u0131ld\u0131z karayel, kuzeybat\u0131dan esen r\u00fczg\u00e2r\u0131n ad\u0131d\u0131r. Karadeniz\u2019in bat\u0131 k\u0131y\u0131lar\u0131n\u0131 kas\u0131p kavurur, tekneleri bat\u0131r\u0131r, denizcilerin canlar\u0131na k\u0131yar\u2026 Y\u0131ld\u0131z Karayel, Cide k\u0131y\u0131lar\u0131nda b\u00f6yle bir f\u0131rt\u0131nada batan teknedeki d\u00f6rt gemicinin \u00f6l\u00fcm\u00fcne neden olan felaketin roman\u0131d\u0131r. R\u0131fat Ilgaz, yetersiz k\u0131y\u0131 topraklar\u0131 \u00fczerinde didinen, tar\u0131mla ge\u00e7inmeye \u00e7al\u0131\u015fan k\u00f6yl\u00fcleri, t\u00fcrl\u00fc zorluklar\u0131 g\u00f6\u011f\u00fcsleyerek ya\u015fam sava\u015f\u0131 veren &hellip; <a href=\"https:\/\/edebiyatatlasi.com\/?page_id=812\" class=\"more-link\"><span class=\"screen-reader-text\">Kastamonu+<\/span> yaz\u0131s\u0131na devam et <span class=\"meta-nav\">&rarr;<\/span><\/a><\/p>\n","protected":false},"author":1,"featured_media":0,"parent":0,"menu_order":0,"comment_status":"closed","ping_status":"closed","template":"","meta":{"footnotes":""},"class_list":["post-812","page","type-page","status-publish","hentry"],"_links":{"self":[{"href":"https:\/\/edebiyatatlasi.com\/index.php?rest_route=\/wp\/v2\/pages\/812","targetHints":{"allow":["GET"]}}],"collection":[{"href":"https:\/\/edebiyatatlasi.com\/index.php?rest_route=\/wp\/v2\/pages"}],"about":[{"href":"https:\/\/edebiyatatlasi.com\/index.php?rest_route=\/wp\/v2\/types\/page"}],"author":[{"embeddable":true,"href":"https:\/\/edebiyatatlasi.com\/index.php?rest_route=\/wp\/v2\/users\/1"}],"replies":[{"embeddable":true,"href":"https:\/\/edebiyatatlasi.com\/index.php?rest_route=%2Fwp%2Fv2%2Fcomments&post=812"}],"version-history":[{"count":2,"href":"https:\/\/edebiyatatlasi.com\/index.php?rest_route=\/wp\/v2\/pages\/812\/revisions"}],"predecessor-version":[{"id":814,"href":"https:\/\/edebiyatatlasi.com\/index.php?rest_route=\/wp\/v2\/pages\/812\/revisions\/814"}],"wp:attachment":[{"href":"https:\/\/edebiyatatlasi.com\/index.php?rest_route=%2Fwp%2Fv2%2Fmedia&parent=812"}],"curies":[{"name":"wp","href":"https:\/\/api.w.org\/{rel}","templated":true}]}}