{"id":783,"date":"2025-01-31T00:33:27","date_gmt":"2025-01-31T00:33:27","guid":{"rendered":"https:\/\/edebiyatatlasi.com\/?page_id=783"},"modified":"2025-01-31T00:33:27","modified_gmt":"2025-01-31T00:33:27","slug":"canakkale","status":"publish","type":"page","link":"https:\/\/edebiyatatlasi.com\/?page_id=783","title":{"rendered":"\u00c7anakkale+"},"content":{"rendered":"\n<p><strong>Romanlar<\/strong><\/p>\n\n\n\n<p><strong>UZUN BEYAZ BULUT GEL\u0130BOLU <\/strong> (<strong>BUKET UZUNER )<\/strong><\/p>\n\n\n\n<p>\u00c7anakkale Sava\u015flar\u0131\u2019nda \u00f6len b\u00fcy\u00fck dedesinin kay\u0131p mezar\u0131n\u0131 aramak i\u00e7in Gelibolu\u2019ya gelen Yeni Zelandal\u0131 gen\u00e7 bir kad\u0131n ve \u00c7anakkale Milli Park\u0131\u2019nda bastonuyla dola\u015fan T\u00fcrk Nine\u2019nin ak\u0131llara durgunluk veren seksen be\u015f y\u0131ll\u0131k s\u0131rr\u0131. Osmanl\u0131 te\u011fmeni Ali Osman Bey ile Anzak Er Alistair John Taylor\u2019\u0131n birlikte insanl\u0131\u011fa verdi\u011fi deh\u015fetengiz ders. Hen\u00fcz hi\u00e7bir milletin tarih kitaplar\u0131nda yer almas\u0131na izin vermeye haz\u0131r olmad\u0131\u011f\u0131 b\u00fcy\u00fck insanl\u0131k s\u0131nav\u0131 : Ayn\u0131 adam ayn\u0131 sava\u015fta iki d\u00fc\u015fman \u00fclkede sava\u015f kahraman\u0131 olur mu? (Turkedebiyati.org, 2024)<\/p>\n\n\n\n<p><strong>Halk Hikayesi, Hikaye, Destan<\/strong><\/p>\n\n\n\n<p><\/p>\n\n\n\n<p><strong>\u00c7anakkale Hikayeleri (Cemil \u015eahinler )<\/strong><\/p>\n\n\n\n<p>T\u00fcrk\u2019\u00fcn binlerce zafer, \u015fan ve \u015ferefle dolu tarihine on alt\u0131 hik\u00e2yesiyle bir pencere a\u00e7an Cemil \u015eahinler\u2019 in sade ve ak\u0131c\u0131 anlat\u0131m\u0131yla o g\u00fcnlere bir yolculuk yapacaks\u0131n\u0131z. D\u00fcnya sava\u015f tarihi i\u00e7inde b\u00fcy\u00fck \u00f6nem ta\u015f\u0131yan T\u00fcrk Ordusunun d\u00fcnyay\u0131 \u015fa\u015f\u0131rtan cesaret ve kahramanl\u0131klar\u0131n\u0131n sergilendi\u011fi \u00c7anakkale Sava\u015f\u0131n\u0131n izlerini bulaca\u011f\u0131n\u0131z bu kitab\u0131; kimi zaman g\u00f6\u011fs\u00fcn\u00fcz kabararak, kimi zaman g\u00f6zya\u015flar\u0131 i\u00e7inde okuyacaks\u0131n\u0131z. (bkmkitap, 2024)<\/p>\n\n\n\n<p><\/p>\n\n\n\n<p><strong>Bir Efsane <\/strong><\/p>\n\n\n\n<p><strong>Bu T\u00fcrkler \u2013 K\u0131z\u0131l deli Sultan ve K\u0131rk Erenler <\/strong><\/p>\n\n\n\n<p>Bu Urumeli ne ,yani \u015fimdi Trakya ya ge\u00e7mek istiyorlar. Yok vas\u0131ta yok. Oradan sal yap\u0131yolar onlar. Sala binip kar\u015f\u0131ya ge\u00e7mek istiyorlar .Arkada\u015flar\u0131n bir tanesi uyuyo.orda. Bu deliyi b\u0131rakal\u0131m diyolar ,g\u00f6t\u00fcrmeyelim. B\u0131rak\u0131yolar bunu. Sala binip kar\u015f\u0131ya ge\u00e7iyolar .Bi de kalk\u0131p bu deli.Yav gidiyo bizim arkada\u015flar !Yav durun murun nereye ?Ordan hemen ete\u011fene kum dolduruyo. Ba\u015fl\u0131yo ekin serper gibi serpme\u011fe. Saldakiler diyo ki: Valla deli geliyo ,denizi b\u00f6l\u00fccek. Dural\u0131mda alal\u0131m diyolar. Dede geliyo kumu elinden b\u0131rak\u0131p .O kumda ordan has\u0131l olma diye duydum.(Anlat\u0131c\u0131 ,Lapseki il\u00e7esi .\u00e7ardak beldesinde denizin i\u00e7inde yer alan kumsal\u0131n nas\u0131l olu\u015ftu\u011funu anlat\u0131yor .)<\/p>\n\n\n\n<figure class=\"wp-block-embed is-type-video is-provider-youtube wp-block-embed-youtube wp-embed-aspect-16-9 wp-has-aspect-ratio\"><div class=\"wp-block-embed__wrapper\">\n<iframe loading=\"lazy\" title=\"17 \u00c7anakkale\" width=\"604\" height=\"340\" src=\"https:\/\/www.youtube.com\/embed\/I83FryYZYCY?feature=oembed\" frameborder=\"0\" allow=\"accelerometer; autoplay; clipboard-write; encrypted-media; gyroscope; picture-in-picture; web-share\" referrerpolicy=\"strict-origin-when-cross-origin\" allowfullscreen><\/iframe>\n<\/div><\/figure>\n\n\n\n<p><\/p>\n\n\n\n<p><strong>Milli \u015eairimiz Mehmet Akif ERSOY M\u00fcze Evi<\/strong><\/p>\n\n\n\n<p><a href=\"http:\/\/www.canakkale.gov.tr\/milli-sairimiz-mehmet-akif-ersoy-muze-evi\">http:\/\/www.canakkale.gov.tr\/milli-sairimiz-mehmet-akif-ersoy-muze-evi<\/a><\/p>\n\n\n\n<p><strong>B\u0130R KEL\u0130ME<\/strong><\/p>\n\n\n\n<p> Dada: \u00c7ocuk<\/p>\n\n\n\n<p><strong>B\u0130R DEY\u0130\u015e<\/strong><\/p>\n\n\n\n<p>Kazanmay\u0131nca kazan kaynamaz<\/p>\n","protected":false},"excerpt":{"rendered":"<p>Romanlar UZUN BEYAZ BULUT GEL\u0130BOLU (BUKET UZUNER ) \u00c7anakkale Sava\u015flar\u0131\u2019nda \u00f6len b\u00fcy\u00fck dedesinin kay\u0131p mezar\u0131n\u0131 aramak i\u00e7in Gelibolu\u2019ya gelen Yeni Zelandal\u0131 gen\u00e7 bir kad\u0131n ve \u00c7anakkale Milli Park\u0131\u2019nda bastonuyla dola\u015fan T\u00fcrk Nine\u2019nin ak\u0131llara durgunluk veren seksen be\u015f y\u0131ll\u0131k s\u0131rr\u0131. Osmanl\u0131 te\u011fmeni Ali Osman Bey ile Anzak Er Alistair John Taylor\u2019\u0131n birlikte insanl\u0131\u011fa verdi\u011fi deh\u015fetengiz ders. &hellip; <a href=\"https:\/\/edebiyatatlasi.com\/?page_id=783\" class=\"more-link\"><span class=\"screen-reader-text\">\u00c7anakkale+<\/span> yaz\u0131s\u0131na devam et <span class=\"meta-nav\">&rarr;<\/span><\/a><\/p>\n","protected":false},"author":1,"featured_media":0,"parent":0,"menu_order":0,"comment_status":"closed","ping_status":"closed","template":"","meta":{"footnotes":""},"class_list":["post-783","page","type-page","status-publish","hentry"],"_links":{"self":[{"href":"https:\/\/edebiyatatlasi.com\/index.php?rest_route=\/wp\/v2\/pages\/783","targetHints":{"allow":["GET"]}}],"collection":[{"href":"https:\/\/edebiyatatlasi.com\/index.php?rest_route=\/wp\/v2\/pages"}],"about":[{"href":"https:\/\/edebiyatatlasi.com\/index.php?rest_route=\/wp\/v2\/types\/page"}],"author":[{"embeddable":true,"href":"https:\/\/edebiyatatlasi.com\/index.php?rest_route=\/wp\/v2\/users\/1"}],"replies":[{"embeddable":true,"href":"https:\/\/edebiyatatlasi.com\/index.php?rest_route=%2Fwp%2Fv2%2Fcomments&post=783"}],"version-history":[{"count":1,"href":"https:\/\/edebiyatatlasi.com\/index.php?rest_route=\/wp\/v2\/pages\/783\/revisions"}],"predecessor-version":[{"id":784,"href":"https:\/\/edebiyatatlasi.com\/index.php?rest_route=\/wp\/v2\/pages\/783\/revisions\/784"}],"wp:attachment":[{"href":"https:\/\/edebiyatatlasi.com\/index.php?rest_route=%2Fwp%2Fv2%2Fmedia&parent=783"}],"curies":[{"name":"wp","href":"https:\/\/api.w.org\/{rel}","templated":true}]}}