{"id":737,"date":"2025-01-30T23:52:08","date_gmt":"2025-01-30T23:52:08","guid":{"rendered":"https:\/\/edebiyatatlasi.com\/?page_id=737"},"modified":"2025-01-30T23:52:08","modified_gmt":"2025-01-30T23:52:08","slug":"zonguldak","status":"publish","type":"page","link":"https:\/\/edebiyatatlasi.com\/?page_id=737","title":{"rendered":"Zonguldak+"},"content":{"rendered":"\n<p><strong>Romanlar<\/strong><\/p>\n\n\n\n<p><strong>Kara Elmas Diyar\u0131ndan<\/strong> (<strong><a href=\"https:\/\/www.kitapyurdu.com\/yazar\/kemal-uluer\/22115.html\">Kemal Uluer<\/a>, <a href=\"https:\/\/www.kitapyurdu.com\/yazar\/muzaffer-tayyip-uslu\/159029.html\">Muzaffer Tayyip Uslu<\/a>, <a href=\"https:\/\/www.kitapyurdu.com\/yazar\/rustu-onur\/229005.html\">R\u00fc\u015ft\u00fc Onur<\/a><\/strong> )<\/p>\n\n\n\n<p>\u201cKara elmas\u201d\u0131n, poyraz\u0131n ve kur\u015funi havan\u0131n kenti Zonguldak\u2019ta yeti\u015fen; \u00e7ok sevdikleri ancak s\u0131k\u0131nt\u0131dan, yoksulluktan, ac\u0131dan, hastal\u0131ktan ba\u015fka hi\u00e7bir kar\u015f\u0131l\u0131k g\u00f6rmedikleri hayattan 20\u2019li ya\u015flarda ayr\u0131lan; ortak kaderi ya\u015fayan \u00fc\u00e7 s\u0131k\u0131 dost edebiyat\u00e7\u0131: R\u00fc\u015ft\u00fc Onur, Muzaffer Tayyip Uslu ve Kemal Uluser.<br>Elinizdeki kitap, bu \u00fc\u00e7 s\u0131k\u0131 dostun ard\u0131nda b\u0131rakt\u0131\u011f\u0131 eserlerin bir derlemesidir. Onlar\u0131n daha \u00f6nce kitapla\u015fm\u0131\u015f \u015fiir ve yaz\u0131lar\u0131n\u0131n yan\u0131nda, dergi\/gazete ar\u015fivlerinde kalm\u0131\u015f, ilgili \u00e7al\u0131\u015fmalara dahil edilmemi\u015f baz\u0131 eserlerini de bu \u00e7al\u0131\u015fmada bulacaks\u0131n\u0131z. B\u00f6ylesine b\u00fct\u00fcnc\u00fcl bir derlemeyle amac\u0131m\u0131z; yazg\u0131da ve estetikte birle\u015fen \u00fc\u00e7 ismin edebi yolculuklar\u0131n\u0131 bir arada sunabilmektir.(kitapyurdu,2021)<br><br><strong>K\u0131skanmak (Nahid S\u0131rr\u0131 \u00d6rik )<\/strong><\/p>\n\n\n\n<p> K\u0131skanmak roman\u0131nda olaylar\u0131n ve karakterlerin temel meselesi, en yo\u011fun haliyle ya\u015fanan bir duygudur: Bir k\u0131z karde\u015fin a\u011fabeyine duydu\u011fu k\u0131skan\u00e7l\u0131k. Nahid S\u0131rr\u0131 \u00d6rik, iki karde\u015fin \u0130stanbul\u2019da bir konakta ba\u015flayan, Zonguldak\u2019ta bamba\u015fka bir y\u00f6ne sapan ya\u015famlar\u0131n\u0131 bunun \u00fczerine in\u015fa eder. K\u0131skanmak 1946\u2019da, kitap halinde ilk bas\u0131ld\u0131\u011f\u0131nda, bas\u0131nda \u00e7\u0131kan baz\u0131 de\u011ferlendirmelerde hem be\u011fenilmi\u015f hem de karakterleri ayk\u0131r\u0131 bulunarak yad\u0131rganm\u0131\u015ft\u0131. Aradan ge\u00e7en zaman, karakterlerin i\u015fleni\u015finin \u00f6zg\u00fcn ve b\u00fcy\u00fck bir yetene\u011fe i\u015faret etti\u011fini ispatlad\u0131. Farkl\u0131 yap\u0131tlar\u0131nda \u201c\u00c7\u00fcnki insan kalbinde \u00e7ok gizli, \u00e7ok kirli, \u00e7ok korkun\u00e7 k\u00f6\u015feler bulunur,\u201d ya da \u201cFazla normal insanlarla me\u015fgul olmaktan da hazzetmem,\u201d diye yazm\u0131\u015f olan Nahid S\u0131rr\u0131 \u00d6rik, s\u0131radan g\u00f6r\u00fcn\u00fcmlerin ard\u0131ndaki karma\u015fay\u0131, ayk\u0131r\u0131l\u0131\u011f\u0131, \u00e7izgid\u0131\u015f\u0131l\u0131\u011f\u0131 sezmenin ve bunu roman ki\u015filerinin tav\u0131r ve faaliyetlerinde resmedip geli\u015ftirmenin ustas\u0131d\u0131r. K\u0131skanmak, Enis Batur\u2019un deyi\u015fiyle, \u201cTutkunun negatif \u00e7ehresi \u00fczerine kanl\u0131 bir divertimento\u201ddur.\u00a0 (Everest, 2024)<\/p>\n\n\n\n<p><strong>YANARTA\u015e (MEHMET SEYDA)<\/strong><\/p>\n\n\n\n<p>Mehmet Seyda\u2019n\u0131n roman\u0131 (1970) \u2022 Zonguldak b\u00f6lgesinde \u00f6nce memur, sonra asker olarak bulunan bir gencin ser\u00fcvenlerini sergileyen roman, \u0130kinci D\u00fcnya Sava\u015f\u0131\u2019nda tek parti d\u00fczeninin, \u00fclk\u00fcc\u00fc ayd\u0131nlara yapt\u0131\u011f\u0131 bask\u0131 ve zul\u00fcmlerin b\u00f6lgesel tutana\u011f\u0131 da say\u0131labilir. Eserin en ilgin\u00e7 yan\u0131, ileri d\u00fc\u015f\u00fcncesinden dolay\u0131 birka\u00e7 kez tutuklanan ve sonunda \u201c\u015f\u00fcpheli\u201d damgas\u0131n\u0131 yiyerek polis\u00e7e fi\u015flenen gen\u00e7 adam\u0131n, askerlikte s\u00fcrg\u00fcnler, hapislikler, g\u00f6zalt\u0131na al\u0131nmalar ve ka\u00e7malarla ge\u00e7en hazin ser\u00fcvenini, ger\u00e7ek\u00e7i ve s\u0131cak bir dille anlatmas\u0131d\u0131r.<\/p>\n\n\n\n<p>Bunun yan\u0131nda, Ere\u011fli K\u00f6m\u00fcr \u0130\u015fletmelerindeki memurluk hayat\u0131, memur tipi, roman kahraman\u0131n\u0131n kar\u0131s\u0131, arkada\u015flar\u0131, \u00f6zellikle Galip Fuat gibi tipler \u00e7ok canl\u0131 verilmi\u015ftir. Ayr\u0131ca, ayn\u0131 b\u00f6lgede ge\u00e7en birtak\u0131m olaylar, te\u011fmen Dursun\u2019un evlenmesi, eski \u00f6\u011fretmen Emin Bey\u2019in k\u0131z\u0131 Nuriye\u2019nin i\u011ffali gibi ger\u00e7ek hik\u00e2yeler, b\u00fct\u00fcn bir b\u00f6lgenin toplumsal ve psikolojik yap\u0131s\u0131na ayna tutmaktad\u0131r. Esere eklenen, kimi zaman olaylar\u0131n ak\u0131\u015f\u0131n\u0131 kesen birtak\u0131m yasa metinleri ve belgelerle bir \u00e7e\u015fit belgesel nitelik kazanan roman, dilinin ak\u0131c\u0131l\u0131\u011f\u0131 ve kahraman\u0131n yer yer ya\u015fant\u0131s\u0131ndan okuyucuya yans\u0131yan insan s\u0131cakl\u0131\u011f\u0131yla ayr\u0131 bir de\u011fer kazanm\u0131\u015ft\u0131r.&nbsp;(Evvel Cevap, 2024)<\/p>\n\n\n\n<p><strong>Hikayeler<\/strong><\/p>\n\n\n\n<p><strong>Her Yer Seri Direni\u015f &#8211; Ere\u011fli \u0130\u015f\u00e7i Hikayeleri -Can Karto\u011flu<\/strong><\/p>\n\n\n\n<p> &#8221; \u201860&#8217;lar ve \u201870&#8217;lerin Ere\u011fli&#8217;sindeki, Can Karto\u011flu&#8217;nun hik\u00e2yelerine de konu olan ya\u015fanm\u0131\u015fl\u0131klar, T\u00fcrkiye&#8217;de i\u015f\u00e7inin ve sendikan\u0131n d\u00fcnyas\u0131na bir pencere aralar adeta. Kitapta, b\u00fct\u00fcn bu y\u0131llar boyunca yollar\u0131 Ere\u011fli&#8217;den ge\u00e7en \u00e7ok tan\u0131d\u0131k insanlarla kar\u015f\u0131la\u015f\u0131yoruz. Bu y\u0131llar boyunca, Amerikan Morrison&#8217;u &#8220;m\u00fcstesna&#8221; bir \u015firket olarak ilan eden halk\u00e7\u0131 Ecevit k\u00e2h \u00c7al\u0131\u015fma Bakan\u0131 k\u00e2h Ba\u015fbakan&#8217;d\u0131r. Ere\u011fli&#8217;den, &#8220;Morrison S\u00fcleyman&#8221; unvan\u0131n\u0131 da ku\u015fanarak siyaset sahnesindeki yerini alan S\u00fcleyman Demirel, Ba\u015fbakan olmadan \u00f6nce Morrison&#8217;un T\u00fcrkiye Temsilcisi olarak, i\u015f\u00e7ilerin ve sendikan\u0131n kar\u015f\u0131s\u0131ndad\u0131r.&#8221; Ere\u011fli \u0130\u015f\u00e7i Hik\u00e2yeleri, Ere\u011fli i\u015f\u00e7ilerinin portreleri \u00fczerinden \u00fclkenin tablosunu resmediyor. Her tekil hik\u00e2yeyi bir i\u015f\u00e7inin g\u00f6z\u00fcnden anlatan yazar, i\u015f\u00e7ilerin g\u00f6z\u00fcnden bakman\u0131n hakikatin g\u00f6z\u00fcyle bakmak oldu\u011funu kan\u0131tl\u0131yor. Yak\u0131n tarihimize ayna tutan bu belge-hik\u00e2yeler, d\u00fcn\u00fcm\u00fcze ne denli uzak oldu\u011fumuzu fark etmemizi sa\u011fl\u0131yor ve bize bilinmeyen bir tarihi edebiyatla ke\u015ffetme imk\u00e2n\u0131 sunuyor. Can Karto\u011flu&#8217;nun hakikat gibi yal\u0131n, do\u011fal, kat\u0131\u015f\u0131ks\u0131z, dokunakl\u0131 dilinin insanc\u0131ll\u0131\u011f\u0131, dile getirdi\u011fi kahramanlar\u0131n\u0131n insanc\u0131ll\u0131\u011f\u0131n\u0131 ustal\u0131kla yans\u0131t\u0131rken insan\u0131n varolu\u015f m\u00fccadelesinin \u00f6z\u00fcnde &#8220;i\u015f\u00e7i m\u00fccadelesinin sakl\u0131 oldu\u011funu kendili\u011finden a\u00e7\u0131kl\u0131yor.(dr.com,2020)<\/p>\n\n\n\n<p><strong>Bir Efsane<\/strong><\/p>\n\n\n\n<p><strong>Uzun Mehmet Efsanesi <\/strong><\/p>\n\n\n\n<p>Sanayi devriminden sonra \u00f6nem kazanan k\u00f6m\u00fcr; Osmanl\u0131 padi\u015fah\u0131 II. Mahmut\u2019un \u201cMemalik-i \u015eahane dahilinde siyah ta\u015f\u0131n taharrisi\u201d adl\u0131 ferman\u0131yla \u00fclkemiz, \u0130limiz g\u00fcndemine girmi\u015ftir. Kdz. Ere\u011fli\u2019nin Kestaneci K\u00f6y\u00fcnden olan Uzun Mehmet askerlik iznini kullanmak \u00fczere k\u00f6y\u00fcne gelir. Askerdeyken g\u00f6rd\u00fc\u011f\u00fc k\u00f6m\u00fcr\u00fc y\u00f6resinde aramaya ba\u015flar. Bu\u011fday \u00f6\u011f\u00fctmek i\u00e7in gitti\u011fi de\u011firmenin (Kdz. Ere\u011fli, K\u00f6esa\u011fz\u0131 Mevki, Neyren\/Niyren Deresi dolaylar\u0131) su kanallar\u0131nda yuvarlanan siyah ta\u015flar\u0131 g\u00f6r\u00fcr ve bunlar\u0131 de\u011firmen ate\u015fine atarak yan\u0131p yanmad\u0131\u011f\u0131n\u0131 dener. Karata\u015f\u2019\u0131n yand\u0131\u011f\u0131n\u0131 g\u00f6r\u00fcnce hem kendi hem de y\u00f6resinin yazg\u0131s\u0131n\u0131 de\u011fi\u015ftirecek yanar ta\u015flar\u0131 \u00e7uvallay\u0131p ihsan\u0131n\u0131 almak \u00fczere \u0130stanbul\u2019a hareket eder. Saraydan ihsan\u0131n\u0131 (5000 kuru\u015fluk \u00f6d\u00fcl ve \u00f6l\u00fcnceye dek 500 kuru\u015f ayl\u0131k) ald\u0131ktan sonra, kendisini k\u0131skanan ve \u00f6d\u00fcl\u00fcn\u00fc \u00e7almak isteyen, Kdz.Ere\u011fli Kaymakam\u0131 M\u00fcstelzim Hac\u0131 \u0130smail A\u011fa taraf\u0131ndan bir handa kahvesine zehir kat\u0131larak \u00f6ld\u00fcr\u00fcl\u00fcr. Uzun Mehmet, k\u00f6m\u00fcrle, Zonguldak\u2019la \u00f6zde\u015fle\u015fmi\u015f; ad\u0131na an\u0131t, park yapt\u0131r\u0131lm\u0131\u015f, kimi \u00fcretim tesislerine adl\u0131 konmu\u015f ve \u00fclkemiz yeralt\u0131 i\u015f\u00e7ili\u011finin simgesi olmu\u015f bir isimdir.<\/p>\n\n\n\n<figure class=\"wp-block-embed is-type-video is-provider-youtube wp-block-embed-youtube wp-embed-aspect-16-9 wp-has-aspect-ratio\"><div class=\"wp-block-embed__wrapper\">\n<iframe loading=\"lazy\" title=\"67 Zonguldak\" width=\"604\" height=\"340\" src=\"https:\/\/www.youtube.com\/embed\/5prMlmagLuc?feature=oembed\" frameborder=\"0\" allow=\"accelerometer; autoplay; clipboard-write; encrypted-media; gyroscope; picture-in-picture; web-share\" referrerpolicy=\"strict-origin-when-cross-origin\" allowfullscreen><\/iframe>\n<\/div><\/figure>\n\n\n\n<p><strong>Bir Deyi\u015f<\/strong><\/p>\n\n\n\n<p>G\u00f6rene g\u00fcn \u00e7ok y\u00fcr\u00fcyene yol \u00e7ok<\/p>\n\n\n\n<p><strong>Bir Kelime<\/strong><\/p>\n\n\n\n<p>B\u0131ld\u0131r: Ge\u00e7en sene<\/p>\n","protected":false},"excerpt":{"rendered":"<p>Romanlar Kara Elmas Diyar\u0131ndan (Kemal Uluer, Muzaffer Tayyip Uslu, R\u00fc\u015ft\u00fc Onur ) \u201cKara elmas\u201d\u0131n, poyraz\u0131n ve kur\u015funi havan\u0131n kenti Zonguldak\u2019ta yeti\u015fen; \u00e7ok sevdikleri ancak s\u0131k\u0131nt\u0131dan, yoksulluktan, ac\u0131dan, hastal\u0131ktan ba\u015fka hi\u00e7bir kar\u015f\u0131l\u0131k g\u00f6rmedikleri hayattan 20\u2019li ya\u015flarda ayr\u0131lan; ortak kaderi ya\u015fayan \u00fc\u00e7 s\u0131k\u0131 dost edebiyat\u00e7\u0131: R\u00fc\u015ft\u00fc Onur, Muzaffer Tayyip Uslu ve Kemal Uluser.Elinizdeki kitap, bu \u00fc\u00e7 s\u0131k\u0131 &hellip; <a href=\"https:\/\/edebiyatatlasi.com\/?page_id=737\" class=\"more-link\"><span class=\"screen-reader-text\">Zonguldak+<\/span> yaz\u0131s\u0131na devam et <span class=\"meta-nav\">&rarr;<\/span><\/a><\/p>\n","protected":false},"author":1,"featured_media":0,"parent":0,"menu_order":0,"comment_status":"closed","ping_status":"closed","template":"","meta":{"footnotes":""},"class_list":["post-737","page","type-page","status-publish","hentry"],"_links":{"self":[{"href":"https:\/\/edebiyatatlasi.com\/index.php?rest_route=\/wp\/v2\/pages\/737","targetHints":{"allow":["GET"]}}],"collection":[{"href":"https:\/\/edebiyatatlasi.com\/index.php?rest_route=\/wp\/v2\/pages"}],"about":[{"href":"https:\/\/edebiyatatlasi.com\/index.php?rest_route=\/wp\/v2\/types\/page"}],"author":[{"embeddable":true,"href":"https:\/\/edebiyatatlasi.com\/index.php?rest_route=\/wp\/v2\/users\/1"}],"replies":[{"embeddable":true,"href":"https:\/\/edebiyatatlasi.com\/index.php?rest_route=%2Fwp%2Fv2%2Fcomments&post=737"}],"version-history":[{"count":2,"href":"https:\/\/edebiyatatlasi.com\/index.php?rest_route=\/wp\/v2\/pages\/737\/revisions"}],"predecessor-version":[{"id":767,"href":"https:\/\/edebiyatatlasi.com\/index.php?rest_route=\/wp\/v2\/pages\/737\/revisions\/767"}],"wp:attachment":[{"href":"https:\/\/edebiyatatlasi.com\/index.php?rest_route=%2Fwp%2Fv2%2Fmedia&parent=737"}],"curies":[{"name":"wp","href":"https:\/\/api.w.org\/{rel}","templated":true}]}}