{"id":733,"date":"2025-01-30T23:50:18","date_gmt":"2025-01-30T23:50:18","guid":{"rendered":"https:\/\/edebiyatatlasi.com\/?page_id=733"},"modified":"2025-01-30T23:50:18","modified_gmt":"2025-01-30T23:50:18","slug":"izmir","status":"publish","type":"page","link":"https:\/\/edebiyatatlasi.com\/?page_id=733","title":{"rendered":"\u0130zmir"},"content":{"rendered":"\n<p><strong>Romanlar<\/strong><\/p>\n\n\n\n<p><strong>DEN\u0130Z\u0130N \u00c7A\u011eIRI\u015eI (KEMAL B\u0130LBA\u015eAR)<\/strong><\/p>\n\n\n\n<p>K\u00fc\u00e7\u00fck bir kasabada \u00f6\u011fretmenlik yapan gen\u00e7 adam, kendisini nefes almaya \u00e7a\u011f\u0131ran bir \u015fey oldu\u011funu d\u00fc\u015f\u00fcnerek nihayet \u0130zmir\u2019e gider. Bilinmeyen bir yolculu\u011fa \u00e7\u0131kt\u0131. Bir \u015fey onu \u0130zmir\u2019e \u00e7a\u011f\u0131rd\u0131 ama oda o ki\u015finin kim oldu\u011funu bilmiyor. Roman asl\u0131nda \u00f6\u011fretmenin \u0130zmir\u2019e geli\u015fiyle ba\u015flar. \u00c7ocuklu\u011funu \u00e7ok zor ko\u015fullarda ge\u00e7irmi\u015f, hem maddi hem de manevi olarak \u00e7ok ac\u0131 \u00e7ekmi\u015f, ailesi \u015fok edici olaylar ya\u015fam\u0131\u015f ve onun buruklu\u011fundan bir t\u00fcrl\u00fc kurtulamam\u0131\u015f bir karakterdir. Bu d\u00fc\u015f\u00fcncelerle \u0130zmir\u2019deki ilk gecesini ge\u00e7irir. \u00c7ok ge\u00e7meden kald\u0131\u011f\u0131 pansiyonun sahibinin k\u0131z\u0131 Zehra ile tan\u0131\u015f\u0131r ve ni\u015fanlan\u0131r. \u00d6\u011fretmen Zehra ile ni\u015fan\u0131n\u0131 bir sorun olmay\u0131nca keser. Bu ni\u015fan alma olay\u0131 odada hi\u00e7bir anlam ifade edemez. Adalet ad\u0131nda bir fahi\u015feye \u00e2\u015f\u0131k olur. Kazand\u0131\u011f\u0131 paray\u0131 Adalet i\u00e7in harc\u0131yor. Onun \u00f6\u011fretisi de sona erer. Bu durumlar onun \u00fczerinde b\u00fcy\u00fck bir psikolojik etki yarat\u0131r. Hem maddi hem de manevi olarak bitti. Bu olaylar nedeniyle ya\u015fad\u0131\u011f\u0131 bunal\u0131m sonucu denize a\u00e7\u0131l\u0131r. Onu \u0130zmir\u2019e \u00e7a\u011f\u0131ran \u015feyin sar\u0131 sa\u00e7l\u0131 bir deniz tanr\u0131\u00e7as\u0131 oldu\u011funu d\u00fc\u015f\u00fcn\u00fcr. Kendini denizin serin sular\u0131na b\u0131rakarak; intihara te\u015febb\u00fcs eder Kaynak: (kitapdiyari, 2024)<\/p>\n\n\n\n<p><strong>T\u00fct\u00fcn Zaman\u0131 (Zeli\u015f) \u2013 Necati Cumal\u0131<\/strong><\/p>\n\n\n\n<p>\u201cT\u00fct\u00fcn Zaman\u0131\u201c, Necati Cumal\u0131\u2018n\u0131n 1959\u2019da yay\u0131mlanan roman\u0131. Roman, \u0130zmir\u2019in bir k\u00f6y\u00fcnde ge\u00e7en bir hadiseyi konu al\u0131r. T\u00fct\u00fcn zaman\u0131na denk gelen bir a\u015fk \u00f6yk\u00fcs\u00fc \u00e7er\u00e7evesinde bir Ege k\u00f6y\u00fcn\u00fcn tar\u0131ma dayal\u0131 ya\u015fam\u0131, gelenek ve g\u00f6renekleri, inan\u00e7lar\u0131, de\u011ferleri g\u00f6zler \u00f6n\u00fcne serilir. 1950\u2019li y\u0131llar\u0131 konu alan roman ayn\u0131 zamanda yazar\u0131n \u00e7ocuklu\u011funun ge\u00e7ti\u011fi yerde ge\u00e7mesi nedeniyle otobiyografik \u00f6zellikler ta\u015f\u0131r. Necati Cumal\u0131\u2019n\u0131n bu roman\u0131n bir ba\u015fka \u00f6zelli\u011fi de hen\u00fcz yay\u0131nlanmadan filme \u00e7ekilmi\u015f olmas\u0131d\u0131r. T\u00fct\u00fcn ekicilerinin ya\u015fam\u0131n\u0131 g\u00f6zlemci bir ger\u00e7ek\u00e7ilikle yans\u0131tan ve temiz bir a\u015fk\u0131 canl\u0131, s\u00fcr\u00fckleyici bir dille sergileyen roman\u0131n ikinci bask\u0131s\u0131 Zeli\u015f (1971) ad\u0131yla yap\u0131ld\u0131. \u201cZeli\u015f, Ya\u011fmurlar ve Topraklar, Ac\u0131 T\u00fct\u00fcn\u201d birbirini b\u00fct\u00fcnleyerek \u201cT\u00fct\u00fcn Zaman\u0131\u201d genel ba\u015fl\u0131\u011f\u0131yla bir \u00fc\u00e7leme olu\u015ftururlar.<\/p>\n\n\n\n<p><strong>Halk Hikayesi, Hikaye, Destan<\/strong><\/p>\n\n\n\n<p><strong>\u0130zmir Hikayeleri Halid Ziya U\u015fakl\u0131gil<\/strong><\/p>\n\n\n\n<p>\u0130zmir Hik\u00e2yeleri, Son Posta gazetesinde tefrika edili\u015f tarihine g\u00f6re; \u201cDeli Fato\u201d, \u201c\u0130ki Sima\u201d, \u201cCivelek Ziver\u201d, \u201cAyni Tata\u201d, \u201cG\u00fczel \u0130hsan\u201d, \u201cGerilere Do\u011fru\u201d, \u201cUzak Hat\u0131ralar\u201d ve \u201cAbdi ile Karanfil\u201d olmak \u00fczere toplam sekiz hik\u00e2yeden olu\u015fmaktad\u0131r. U\u015fakl\u0131gil, \u00f6l\u00fcm\u00fcnden yakla\u015f\u0131k iki y\u0131l \u00f6nce kaleme ald\u0131\u011f\u0131 bu an\u0131 hik\u00e2yelerinde \u00e7ocukluk y\u0131llar\u0131n\u0131 ge\u00e7irdi\u011fi \u0130zmir\u2019in arka mahallelerine, yerli mahallelerine iner. Bu mahallelerde her birinin ac\u0131 tatl\u0131 ayr\u0131 bir hik\u00e2yesi olan insanlar aras\u0131nda dola\u015f\u0131r. Halid Ziya \u0130zmir Hik\u00e2yeleri\u2019nde, bug\u00fcn ad\u0131 bile unutulmu\u015f, sadece eski gazetelerin soluk sayfalar\u0131nda birer kelime olarak varl\u0131\u011f\u0131n\u0131 sessizce s\u00fcrd\u00fcren sokak ve mahalle isimlerinden, bu mahallelerde ya\u015fanan hayata, gelenek ve g\u00f6reneklere, \u00f6rf ve \u00e2detlere kadar, bir y\u0131\u011f\u0131n unutulmu\u015f hat\u0131ray\u0131 yeniden diriltir. \u201c\u00d6l\u00fcm\u00fcnden sonra bas\u0131lan bu kitab\u0131 \u0130zmirlilere ithaf etti\u011fini babam bana son g\u00fcnlerinde s\u00f6ylemi\u015fti.\u201d B\u00fclent U\u015fakl\u0131gil (kitapyurdu,2022)<\/p>\n\n\n\n<p><strong>Bir Efsane<\/strong><\/p>\n\n\n\n<p><strong>Ay\u0131 Ta\u015f\u0131 Efsanesi<\/strong><\/p>\n\n\n\n<p>\u00d6demi\u015f Zaman\u0131nda d\u00f6rt k\u0131z arkada\u015f ormana \u00e7al\u0131 kesmeye gider. K\u0131zlar \u00e7al\u0131lar\u0131 kestikten sonra dinlenmeye ge\u00e7erler. Aralar\u0131ndan biri dinlendikleri yerde uyuyakal\u0131r. K\u0131z o kadar huzurlu uyur ki uyand\u0131rmaya k\u0131yamazlar. K\u0131z uyand\u0131\u011f\u0131nda ak\u015fam olmu\u015ftur, \u00e7al\u0131lar\u0131 hemen s\u0131rt\u0131na y\u00fckleyip d\u00f6n\u00fc\u015f yoluna koyulur. K\u0131z ormanda y\u00fcr\u00fcrken bir anda kar\u015f\u0131s\u0131na bir ay\u0131 \u00e7\u0131kar. Ay\u0131dan ka\u00e7maya ba\u015flayan k\u0131z bir s\u00fcre sonra daha fazla ka\u00e7amayaca\u011f\u0131n\u0131 fark eder ve yere \u00e7\u00f6k\u00fcp \u201cAllah\u0131m bu ay\u0131dan daha fazla ka\u00e7amayaca\u011f\u0131m, beni ya ta\u015f ya da ku\u015f et\u201d der. Dile\u011fi kabul olan k\u0131z ta\u015fa d\u00f6n\u00fc\u015f\u00fcrken ay\u0131 ona ula\u015f\u0131r ve birlikte ta\u015fa d\u00f6n\u00fc\u015f\u00fcrler.<\/p>\n\n\n\n<figure class=\"wp-block-embed is-type-video is-provider-youtube wp-block-embed-youtube wp-embed-aspect-16-9 wp-has-aspect-ratio\"><div class=\"wp-block-embed__wrapper\">\n<iframe loading=\"lazy\" title=\"35 \u0130zmir\" width=\"604\" height=\"340\" src=\"https:\/\/www.youtube.com\/embed\/tlIX0ekQO_c?feature=oembed\" frameborder=\"0\" allow=\"accelerometer; autoplay; clipboard-write; encrypted-media; gyroscope; picture-in-picture; web-share\" referrerpolicy=\"strict-origin-when-cross-origin\" allowfullscreen><\/iframe>\n<\/div><\/figure>\n\n\n\n<p><strong>Bir Kelime<\/strong><\/p>\n\n\n\n<p>\u00c7i\u011fdem: \u00c7ekirdek<\/p>\n\n\n\n<p><strong>Bir Deyi\u015f<\/strong><\/p>\n\n\n\n<p>A\u00e7 k\u00f6pek f\u0131r\u0131n deler.<\/p>\n\n\n\n<p><\/p>\n","protected":false},"excerpt":{"rendered":"<p>Romanlar DEN\u0130Z\u0130N \u00c7A\u011eIRI\u015eI (KEMAL B\u0130LBA\u015eAR) K\u00fc\u00e7\u00fck bir kasabada \u00f6\u011fretmenlik yapan gen\u00e7 adam, kendisini nefes almaya \u00e7a\u011f\u0131ran bir \u015fey oldu\u011funu d\u00fc\u015f\u00fcnerek nihayet \u0130zmir\u2019e gider. Bilinmeyen bir yolculu\u011fa \u00e7\u0131kt\u0131. Bir \u015fey onu \u0130zmir\u2019e \u00e7a\u011f\u0131rd\u0131 ama oda o ki\u015finin kim oldu\u011funu bilmiyor. Roman asl\u0131nda \u00f6\u011fretmenin \u0130zmir\u2019e geli\u015fiyle ba\u015flar. \u00c7ocuklu\u011funu \u00e7ok zor ko\u015fullarda ge\u00e7irmi\u015f, hem maddi hem de manevi &hellip; <a href=\"https:\/\/edebiyatatlasi.com\/?page_id=733\" class=\"more-link\"><span class=\"screen-reader-text\">\u0130zmir<\/span> yaz\u0131s\u0131na devam et <span class=\"meta-nav\">&rarr;<\/span><\/a><\/p>\n","protected":false},"author":1,"featured_media":0,"parent":0,"menu_order":0,"comment_status":"closed","ping_status":"closed","template":"","meta":{"footnotes":""},"class_list":["post-733","page","type-page","status-publish","hentry"],"_links":{"self":[{"href":"https:\/\/edebiyatatlasi.com\/index.php?rest_route=\/wp\/v2\/pages\/733","targetHints":{"allow":["GET"]}}],"collection":[{"href":"https:\/\/edebiyatatlasi.com\/index.php?rest_route=\/wp\/v2\/pages"}],"about":[{"href":"https:\/\/edebiyatatlasi.com\/index.php?rest_route=\/wp\/v2\/types\/page"}],"author":[{"embeddable":true,"href":"https:\/\/edebiyatatlasi.com\/index.php?rest_route=\/wp\/v2\/users\/1"}],"replies":[{"embeddable":true,"href":"https:\/\/edebiyatatlasi.com\/index.php?rest_route=%2Fwp%2Fv2%2Fcomments&post=733"}],"version-history":[{"count":1,"href":"https:\/\/edebiyatatlasi.com\/index.php?rest_route=\/wp\/v2\/pages\/733\/revisions"}],"predecessor-version":[{"id":735,"href":"https:\/\/edebiyatatlasi.com\/index.php?rest_route=\/wp\/v2\/pages\/733\/revisions\/735"}],"wp:attachment":[{"href":"https:\/\/edebiyatatlasi.com\/index.php?rest_route=%2Fwp%2Fv2%2Fmedia&parent=733"}],"curies":[{"name":"wp","href":"https:\/\/api.w.org\/{rel}","templated":true}]}}