{"id":233,"date":"2025-01-26T22:19:08","date_gmt":"2025-01-26T22:19:08","guid":{"rendered":"https:\/\/edebiyatatlasi.com\/?page_id=233"},"modified":"2025-01-26T22:19:08","modified_gmt":"2025-01-26T22:19:08","slug":"elazig","status":"publish","type":"page","link":"https:\/\/edebiyatatlasi.com\/?page_id=233","title":{"rendered":"Elaz\u0131\u011f+"},"content":{"rendered":"\n<p><strong>Romanlar<\/strong><\/p>\n\n\n\n<p><\/p>\n\n\n\n<p><strong> YUKARI\u015eEH\u0130R ( \u015eEMSETT\u0130N \u00dcNL\u00dc)<\/strong><\/p>\n\n\n\n<p>\u00c7a\u011fda\u015f edebiyat\u0131m\u0131z\u0131n usta kalemlerinden \u015eemsettin \u00dcnl\u00fc&#8217; n\u00fcn imrenilecek T\u00fcrk\u00e7e&#8217; si, \u015fiirli dili, insanc\u0131l bak\u0131\u015f\u0131, detayl\u0131 \u00e7\u00f6z\u00fcmlemeleriyle Harput&#8217;u anlatt\u0131\u011f\u0131 destans\u0131 roman\u0131&#8230; Yazar roman\u0131nda Harput y\u00f6resini 1860&#8217;lardan al\u0131p anlatmaya ba\u015fl\u0131yor. 19. y\u00fczy\u0131l\u0131n son \u00e7eyre\u011finde Osmanl\u0131 imparatorlu\u011fu&#8217; nda ya\u015fanan sanc\u0131l\u0131, sars\u0131nt\u0131l\u0131 d\u00f6nemi Harput&#8217;u merkeze alarak mercek alt\u0131na yat\u0131r\u0131yor. G\u00fcn\u00fcm\u00fczde de yans\u0131malar\u0131 devam eden Ermeni olaylar\u0131n\u0131n ba\u015flama nedenlerinin arka plan\u0131n\u0131, misyonerlik faaliyetlerini so\u011fuk kanl\u0131 bir dille inceliyor.<\/p>\n\n\n\n<p>\u0130mparatorlu\u011fun i\u00e7inde bulundu\u011fu karga\u015fa ortam\u0131n\u0131n, y\u0131llarca birlikte ya\u015fayan farkl\u0131 k\u00fclt\u00fcrlerin bu bir aradal\u0131\u011f\u0131n\u0131 ortadan kald\u0131rmaya y\u00f6nelik \u00e7al\u0131\u015fmalar\u0131 nas\u0131l k\u0131\u015fk\u0131rtt\u0131\u011f\u0131n\u0131 anlat\u0131yor. Giderek daha geni\u015f bir \u00e7er\u00e7eveye, Osmanl\u0131 toplum d\u00fczeni ile Birinci Me\u015frutiyet hakk\u0131ndaki d\u00fc\u015f\u00fcncelere, imparatorlu\u011fun \u00e7\u00f6z\u00fcl\u00fc\u015f\u00fc \u00fczerine yo\u011funla\u015ft\u0131r\u0131yor roman\u0131n\u0131&#8230; (D&amp;R, 2024)<\/p>\n\n\n\n<p><strong>Halk Hikayesi, Hikaye, Destan<\/strong><\/p>\n\n\n\n<p><strong> ELAZI\u011e EFSANELER\u0130 (\u0130LHAN KILI\u00c7)<\/strong><\/p>\n\n\n\n<p>Anadolu bir efsane \u00fclkesidir. Nereye giderseniz gidin sizlere orayla ilgili efsaneler anlat\u0131l\u0131r. Efsaneler y\u00fczlerce y\u0131ld\u0131r ya\u015fayan d\u00f6nemin var olan ya da olmayan ama ola\u011fan\u00fcst\u00fc y\u00f6nleriyle dilden dile gelen hik\u00e2yeleridir. Gazeteci-Yazar \u0130lhan K\u0131l\u0131\u00e7, Elaz\u0131\u011f\u2019da y\u00fczlerce y\u0131l \u00f6nceden g\u00fcn\u00fcm\u00fcze dek ula\u015fan ola\u011fan\u00fcst\u00fc olaylar\u0131, tarihi kaynaklar \u0131\u015f\u0131\u011f\u0131nda, efsanedeki bo\u015fluklardan yararlanarak \u00f6zg\u00fcn kalemiyle bizlere yeniden anlat\u0131yor. Bilin\u00e7li birey sorumlulu\u011fuyla kaleme al\u0131nan ve<\/p>\n\n\n\n<p>\u00fczerinde ya\u015fad\u0131\u011f\u0131m\u0131z topraklar\u0131n binlerce y\u0131ll\u0131k \u00f6yk\u00fcs\u00fcn\u00fc gen\u00e7lere tan\u0131tmak amac\u0131yla haz\u0131rlanan bu kitap efsanelerin \u00f6yk\u00fcye d\u00f6n\u00fc\u015ft\u00fcr\u00fclmesi anlam\u0131nda Elaz\u0131\u011f b\u00f6lgesi i\u00e7in bir ilki olu\u015fturuyor. Murat nehrinin en derin yerine neden \u201cAli Gelmez\u201d denildi\u011fini anlatan hik\u00e2yeyle ba\u015flayan kitapta, Arap Baba\u2019n\u0131n ba\u015f\u0131n\u0131n kesili\u015finden Cin D\u00fc\u011f\u00fcn\u00fc\u2019ne, \u00c7ayda \u00c7\u0131ra\u2019dan Deli Mustafa ve Beyzade Hoca\u2019ya, Papaz\u0131n K\u0131z\u0131\u2019ndan Gelin Kayas\u0131\u2019na, Harput(S\u00fct) Kalesi\u2019nden H\u0131z\u0131r Aleyhisselam ve Fakir Adam\u2019a, Peri K\u0131z\u0131\u2019ndan G\u00fcl Bah\u00e7esinde D\u00f6rt Y\u00fcz Y\u0131l\u2019a, Gen\u00e7 Osman\u2019dan \u015eakir ile Zakir\u2019e kadar tarihe kaz\u0131nm\u0131\u015f on \u00fc\u00e7 hikaye yer al\u0131yor. (Kitapyurdu, 2024)<\/p>\n\n\n\n<p><strong>Bir Efsane<\/strong><\/p>\n\n\n\n<p><strong>DEL\u0130 MUSTAFA\u2019NIN YA\u011eMUR DUASI<\/strong><\/p>\n\n\n\n<p> Y\u0131llar \u00f6nce Harput&#8217; ta b\u00fcy\u00fck bir kurakl\u0131k olmu\u015f. Bunun \u00fczerine insanlar ya\u011fmur duas\u0131na \u00e7\u0131kmaya karar verirler. Ya\u011fmur duas\u0131na Mustafa\u2019y\u0131 da \u00e7a\u011f\u0131r\u0131rlar. Mustafa: \u201cBir torba ceviz, ya\u011f ve ekmek al\u0131rsan\u0131z gelirim\u201d diye cevap vermi\u015f. Bir anlam verememelerine ra\u011fmen Mustafa\u2019n\u0131n dediklerini al\u0131lar ve Meteris tepeli\u011fine giderler. Duaya ba\u015flan\u0131r, bu esnada Deli Mustafa ekme\u011fini tereya\u011f\u0131na bat\u0131r\u0131p yerken bir yandan da : \u201cYa\u011fd\u0131r ha ya\u011fd\u0131r! Ya\u011fd\u0131r ha ya\u011fd\u0131r\u201d diye tekrar ediyormu\u015f kendi kendine. \u00c7ok ge\u00e7meden bir ya\u011fmur ya\u011fmaya ba\u015flar, dua edenler sa\u011fa sola ka\u00e7\u0131\u015f\u0131r hemen. Seller her taraf\u0131 kaplamaya ba\u015flar. Her yer g\u00f6l olur. Mustafa, bu sefer cevizleri avu\u00e7 avu\u00e7 al\u0131p etrafa sa\u00e7arak : \u201cYa\u011fma dur ha ya\u011fma dur! Ya\u011fma dur ha ya\u011fma dur!\u201d diye ba\u011f\u0131rmaya ba\u015flar. Bir s\u00fcre sonra ya\u011fmur dinmeye ba\u015flam\u0131\u015f.<\/p>\n\n\n\n<figure class=\"wp-block-embed is-type-video is-provider-youtube wp-block-embed-youtube wp-embed-aspect-16-9 wp-has-aspect-ratio\"><div class=\"wp-block-embed__wrapper\">\n<iframe loading=\"lazy\" title=\"23 Elaz\u0131\u011f\" width=\"604\" height=\"340\" src=\"https:\/\/www.youtube.com\/embed\/w_r-uNaCpa4?feature=oembed\" frameborder=\"0\" allow=\"accelerometer; autoplay; clipboard-write; encrypted-media; gyroscope; picture-in-picture; web-share\" referrerpolicy=\"strict-origin-when-cross-origin\" allowfullscreen><\/iframe>\n<\/div><\/figure>\n\n\n\n<p><strong>Bir Deyis: <\/strong><\/p>\n\n\n\n<p>Bekle bite \u00e7a\u011fala, hasde yiye sa\u011fala<\/p>\n\n\n\n<p><strong>Bir Kelime:<\/strong> <\/p>\n\n\n\n<p>Gakko : Karde\u015f.<\/p>\n\n\n\n<p><\/p>\n","protected":false},"excerpt":{"rendered":"<p>Romanlar YUKARI\u015eEH\u0130R ( \u015eEMSETT\u0130N \u00dcNL\u00dc) \u00c7a\u011fda\u015f edebiyat\u0131m\u0131z\u0131n usta kalemlerinden \u015eemsettin \u00dcnl\u00fc&#8217; n\u00fcn imrenilecek T\u00fcrk\u00e7e&#8217; si, \u015fiirli dili, insanc\u0131l bak\u0131\u015f\u0131, detayl\u0131 \u00e7\u00f6z\u00fcmlemeleriyle Harput&#8217;u anlatt\u0131\u011f\u0131 destans\u0131 roman\u0131&#8230; Yazar roman\u0131nda Harput y\u00f6resini 1860&#8217;lardan al\u0131p anlatmaya ba\u015fl\u0131yor. 19. y\u00fczy\u0131l\u0131n son \u00e7eyre\u011finde Osmanl\u0131 imparatorlu\u011fu&#8217; nda ya\u015fanan sanc\u0131l\u0131, sars\u0131nt\u0131l\u0131 d\u00f6nemi Harput&#8217;u merkeze alarak mercek alt\u0131na yat\u0131r\u0131yor. G\u00fcn\u00fcm\u00fczde de yans\u0131malar\u0131 devam eden &hellip; <a href=\"https:\/\/edebiyatatlasi.com\/?page_id=233\" class=\"more-link\"><span class=\"screen-reader-text\">Elaz\u0131\u011f+<\/span> yaz\u0131s\u0131na devam et <span class=\"meta-nav\">&rarr;<\/span><\/a><\/p>\n","protected":false},"author":1,"featured_media":0,"parent":0,"menu_order":0,"comment_status":"closed","ping_status":"closed","template":"","meta":{"footnotes":""},"class_list":["post-233","page","type-page","status-publish","hentry"],"_links":{"self":[{"href":"https:\/\/edebiyatatlasi.com\/index.php?rest_route=\/wp\/v2\/pages\/233","targetHints":{"allow":["GET"]}}],"collection":[{"href":"https:\/\/edebiyatatlasi.com\/index.php?rest_route=\/wp\/v2\/pages"}],"about":[{"href":"https:\/\/edebiyatatlasi.com\/index.php?rest_route=\/wp\/v2\/types\/page"}],"author":[{"embeddable":true,"href":"https:\/\/edebiyatatlasi.com\/index.php?rest_route=\/wp\/v2\/users\/1"}],"replies":[{"embeddable":true,"href":"https:\/\/edebiyatatlasi.com\/index.php?rest_route=%2Fwp%2Fv2%2Fcomments&post=233"}],"version-history":[{"count":1,"href":"https:\/\/edebiyatatlasi.com\/index.php?rest_route=\/wp\/v2\/pages\/233\/revisions"}],"predecessor-version":[{"id":234,"href":"https:\/\/edebiyatatlasi.com\/index.php?rest_route=\/wp\/v2\/pages\/233\/revisions\/234"}],"wp:attachment":[{"href":"https:\/\/edebiyatatlasi.com\/index.php?rest_route=%2Fwp%2Fv2%2Fmedia&parent=233"}],"curies":[{"name":"wp","href":"https:\/\/api.w.org\/{rel}","templated":true}]}}