{"id":230,"date":"2025-01-23T19:54:54","date_gmt":"2025-01-23T19:54:54","guid":{"rendered":"https:\/\/edebiyatatlasi.com\/?page_id=230"},"modified":"2025-01-23T19:55:24","modified_gmt":"2025-01-23T19:55:24","slug":"diyarbakir-2","status":"publish","type":"page","link":"https:\/\/edebiyatatlasi.com\/?page_id=230","title":{"rendered":"D\u0130YARBAKIR&#8212;-"},"content":{"rendered":"\n<h2 class=\"wp-block-heading\">ROMANLAR<\/h2>\n\n\n\n<p><strong>MASALINI Y\u0130T\u0130REN DEV(ADNAN B\u0130LYAZAR)<\/strong><\/p>\n\n\n\n<p>Masal\u0131n\u0131 Yitiren Dev, zorlu hayat ko\u015fullar\u0131 sebebiyle ilkokula 14 ya\u015f\u0131nda ba\u015flayan Adnan Binyazar&#8217;\u0131n \u00e7ocuklu\u011fu ve gen\u00e7lik y\u0131llar\u0131nda ya\u015fad\u0131klar\u0131ndan olu\u015fuyor. Diyarbak\u0131r&#8217;da ba\u015flayan, yoksulluk i\u00e7inde ge\u00e7en \u00e7ocukluk y\u0131llar\u0131, da\u011f\u0131lm\u0131\u015f bir aile, k\u00fc\u00e7\u00fck ya\u015fta ba\u015flanan \u00e7al\u0131\u015fma hayat\u0131. Adnan Binyazar&#8217;\u0131n kendi kaleminden kendi hayat\u0131n\u0131 yazm\u0131\u015f oldu\u011fu bu kitap bir an\u0131 kitab\u0131 ancak roman gibi okunan bir anlat\u0131ma sahip. Yazar duygusall\u0131\u011fa yer vermeden, nesnel bir \u00fcslupla anlat\u0131yor ya\u015fad\u0131klar\u0131n\u0131. A\u011f\u0131n&#8217;dan Diyarbak\u0131r&#8217;a, Elaz\u0131\u011f&#8217;dan \u0130stanbul&#8217;a kadar uzanan bir co\u011frafyada, annesini &#8211; babas\u0131n\u0131, ustas\u0131n\u0131, Valentino&#8217;yu, M\u00f6ho&#8217;yu, Leylo&#8217;yu, Zeko Bibi&#8217;yi birer roman kahraman\u0131 gibi canl\u0131 ve kal\u0131c\u0131 k\u0131l\u0131yor. Kendi ya\u015fam \u00f6yk\u00fcs\u00fcn\u00fc anlat\u0131rken, o d\u00f6nemin T\u00fcrkiye&#8217;sine de \u0131\u015f\u0131k tutuyor.<\/p>\n\n\n\n<p>Yazar, kendi ya\u015fam\u00f6yk\u00fcs\u00fc i\u00e7in Masal\u0131n\u0131 Yitiren Dev ad\u0131n\u0131 se\u00e7mesini, &#8220;\u00c7ocukluk bir dev masal\u0131d\u0131r. Masal\u0131 bozulmu\u015f \u00e7ocukluk neyse masal\u0131n\u0131 yitiren dev de odur. Birbirlerini yitirdiklerinde \u00e7ocukluk devin, dev \u00e7ocuklu\u011fun b\u00fcy\u00fcs\u00fcn\u00fc bozar. B\u00fcy\u00fcs\u00fc bozulan \u00e7ocuk ise ya\u015fam\u0131 boyunca masal\u0131n\u0131 arayan bir dev gibi savrulup durur.&#8221; diye a\u00e7\u0131kl\u0131yor. (V\u0130K\u0130PED\u0130, 2024)<\/p>\n\n\n\n<h2 class=\"wp-block-heading\">Halk Hikayesi, Hikaye, destan<\/h2>\n\n\n\n<p><strong>ASLI G\u0130B\u0130D\u0130R(MURAT \u00d6ZYA\u015eAR)<\/strong><\/p>\n\n\n\n<p>Yazarlar ve kentler\u2026 Italo Calvino\u2019nun G\u00f6r\u00fcnmez Kentler\u2019i, Orhan Pamuk\u2019un \u0130stanbul\u2019u, Tanp\u0131nar\u2019\u0131n Be\u015f \u015eehir\u2019inin yan\u0131nda, \u015fimdi Murat \u00d6zya\u015far\u2019\u0131n Asl\u0131 Gibidir: Diyarbak\u0131r Hik\u00e2yeleri. Ta\u015f\u0131d\u0131\u011f\u0131 k\u00fclt\u00fcrel, siyasi ve ki\u015fisel t\u00fcm anlamlar ve \u00e7a\u011fr\u0131\u015f\u0131mlar\u0131yla yazar\u0131 b\u00fcy\u00fcten \u015fehir, Diyarbak\u0131r\u2026 Murat \u00d6zya\u015far, gidip geldi\u011fi iki dil aras\u0131nda, yaz\u0131yla ve \u015fehirle kurdu\u011fu \u00f6zel ili\u015fkiyi dile getiriyor edebi metinlerinde. Par\u00e7alar birle\u015fti\u011finde, bir edebiyat\u00e7\u0131n\u0131n yazarl\u0131k ser\u00fcvenini, imge d\u00fcnyas\u0131n\u0131, duru\u015funu onun penceresinden seyre dal\u0131yoruz. (Mardin Life , 2024)<\/p>\n\n\n\n<h2 class=\"wp-block-heading\">Bir Efsane<\/h2>\n\n\n\n<p><strong>Bac\u0131 Karde\u015f Efsanesi<\/strong><\/p>\n\n\n\n<p>Eskiden Silvan da t\u00fcm evler tek katl\u0131 d\u00fcz daml\u0131 ve bir boydaym\u0131\u015f. Bu evlerin damlar\u0131nda y\u00fcr\u00fcnerek il\u00e7enin bir taraf\u0131ndan bir di\u011fer taraf\u0131na kadar gidilebilinirmi\u015f. Bir g\u00fcn il\u00e7enin kuzey ucundaki B\u00fcy\u00fcl\u00e7e\u015fme Mahallesinde oturan bir ailenin k\u00fc\u00e7\u00fck k\u0131zlar\u0131 evlerin damlar\u0131ndan y\u00fcr\u00fcyerek il\u00e7enin g\u00fcney ucundaki k\u0131rk minare mahallesine kadar gitmi\u015f ve orada kaybolmu\u015f. Hi\u00e7 \u00e7ocu\u011fu olmayan bir kad\u0131n onu bulmu\u015f fakat \u00e7ocuk kim oldu\u011funu ve ailesini anlatamam\u0131\u015f. Kad\u0131nda onu evlat edinip b\u00fcy\u00fctm\u00fc\u015f. Y\u0131llar sonra \u015fehrin kuzeyinde oturan bir aile bu k\u0131z\u0131 o\u011fullar\u0131na istemi\u015fler ve gelin alm\u0131\u015flar. Gelin o\u011flan evine gelince rafta duran bezden yap\u0131lm\u0131\u015f bir bebek g\u00f6rm\u00fc\u015f. Ko\u015fup onu alm\u0131\u015f ve a\u011flamaya ba\u015flam\u0131\u015f. Kaynanas\u0131 ne oldu\u011funu sorunca da \u201cbenim \u00e7ocukken bir bebe\u011fim vard\u0131 bu aynen ona benziyor\u201d demi\u015f. Kad\u0131nda bu bebe\u011fin kaybolan k\u0131z\u0131na ait oldu\u011funu s\u00f6yleyerek gelinin annesine gidip bu k\u0131z senin \u00f6z k\u0131z\u0131n m\u0131? Diye sormu\u015f?<\/p>\n\n\n\n<p>Kad\u0131nda onu k\u00fc\u00e7\u00fckken buldu\u011funu ve evlat edindi\u011fini s\u00f6yleyince gelin ile damad\u0131n karde\u015f oldu\u011fu anla\u015f\u0131lm\u0131\u015f. Son anda bir trajedi \u00f6nlendi\u011fi i\u00e7in Allah\u2019a \u015f\u00fckredip kurbanlar kesmi\u015fler. (engelsizedebiyat 2024)<\/p>\n\n\n\n<figure class=\"wp-block-embed is-type-video is-provider-youtube wp-block-embed-youtube wp-embed-aspect-16-9 wp-has-aspect-ratio\"><div class=\"wp-block-embed__wrapper\">\n<iframe loading=\"lazy\" title=\"21 Diyarbak\u0131r\" width=\"604\" height=\"340\" src=\"https:\/\/www.youtube.com\/embed\/ZdK-WZibe_4?feature=oembed\" frameborder=\"0\" allow=\"accelerometer; autoplay; clipboard-write; encrypted-media; gyroscope; picture-in-picture; web-share\" referrerpolicy=\"strict-origin-when-cross-origin\" allowfullscreen><\/iframe>\n<\/div><\/figure>\n\n\n\n<div class=\"wp-block-columns is-layout-flex wp-container-core-columns-is-layout-1 wp-block-columns-is-layout-flex\">\n<div class=\"wp-block-column is-layout-flow wp-block-column-is-layout-flow\">\n<p><a href=\"https:\/\/www.kulturportali.gov.tr\/turkiye\/diyarbakir\/gezilecekyer\/caht-siki-taranci-muzes\" data-type=\"link\" data-id=\"https:\/\/www.kulturportali.gov.tr\/turkiye\/diyarbakir\/gezilecekyer\/caht-siki-taranci-muzes\">Cahit S\u0131tk\u0131 Taranc\u0131 M\u00fczesi &#8211; Diyarbak\u0131r<\/a><\/p>\n<\/div>\n\n\n\n<div class=\"wp-block-column is-layout-flow wp-block-column-is-layout-flow\">\n<p><strong>Bir Kelime<\/strong><\/p>\n\n\n\n<p>Anas\u0131na bah k\u0131z\u0131n\u0131 al, kenar\u0131na bah bezini al.<\/p>\n\n\n\n<p><strong>Bir Deyi\u015f<\/strong><\/p>\n\n\n\n<p>Azep \u2013 Bekar<\/p>\n<\/div>\n<\/div>\n","protected":false},"excerpt":{"rendered":"<p>ROMANLAR MASALINI Y\u0130T\u0130REN DEV(ADNAN B\u0130LYAZAR) Masal\u0131n\u0131 Yitiren Dev, zorlu hayat ko\u015fullar\u0131 sebebiyle ilkokula 14 ya\u015f\u0131nda ba\u015flayan Adnan Binyazar&#8217;\u0131n \u00e7ocuklu\u011fu ve gen\u00e7lik y\u0131llar\u0131nda ya\u015fad\u0131klar\u0131ndan olu\u015fuyor. Diyarbak\u0131r&#8217;da ba\u015flayan, yoksulluk i\u00e7inde ge\u00e7en \u00e7ocukluk y\u0131llar\u0131, da\u011f\u0131lm\u0131\u015f bir aile, k\u00fc\u00e7\u00fck ya\u015fta ba\u015flanan \u00e7al\u0131\u015fma hayat\u0131. Adnan Binyazar&#8217;\u0131n kendi kaleminden kendi hayat\u0131n\u0131 yazm\u0131\u015f oldu\u011fu bu kitap bir an\u0131 kitab\u0131 ancak roman gibi &hellip; <a href=\"https:\/\/edebiyatatlasi.com\/?page_id=230\" class=\"more-link\"><span class=\"screen-reader-text\">D\u0130YARBAKIR&#8212;-<\/span> yaz\u0131s\u0131na devam et <span class=\"meta-nav\">&rarr;<\/span><\/a><\/p>\n","protected":false},"author":1,"featured_media":0,"parent":0,"menu_order":0,"comment_status":"closed","ping_status":"closed","template":"","meta":{"footnotes":""},"class_list":["post-230","page","type-page","status-publish","hentry"],"_links":{"self":[{"href":"https:\/\/edebiyatatlasi.com\/index.php?rest_route=\/wp\/v2\/pages\/230","targetHints":{"allow":["GET"]}}],"collection":[{"href":"https:\/\/edebiyatatlasi.com\/index.php?rest_route=\/wp\/v2\/pages"}],"about":[{"href":"https:\/\/edebiyatatlasi.com\/index.php?rest_route=\/wp\/v2\/types\/page"}],"author":[{"embeddable":true,"href":"https:\/\/edebiyatatlasi.com\/index.php?rest_route=\/wp\/v2\/users\/1"}],"replies":[{"embeddable":true,"href":"https:\/\/edebiyatatlasi.com\/index.php?rest_route=%2Fwp%2Fv2%2Fcomments&post=230"}],"version-history":[{"count":2,"href":"https:\/\/edebiyatatlasi.com\/index.php?rest_route=\/wp\/v2\/pages\/230\/revisions"}],"predecessor-version":[{"id":232,"href":"https:\/\/edebiyatatlasi.com\/index.php?rest_route=\/wp\/v2\/pages\/230\/revisions\/232"}],"wp:attachment":[{"href":"https:\/\/edebiyatatlasi.com\/index.php?rest_route=%2Fwp%2Fv2%2Fmedia&parent=230"}],"curies":[{"name":"wp","href":"https:\/\/api.w.org\/{rel}","templated":true}]}}