{"id":194,"date":"2025-01-20T20:45:11","date_gmt":"2025-01-20T20:45:11","guid":{"rendered":"https:\/\/edebiyatatlasi.com\/?page_id=194"},"modified":"2025-01-20T20:45:11","modified_gmt":"2025-01-20T20:45:11","slug":"artvin","status":"publish","type":"page","link":"https:\/\/edebiyatatlasi.com\/?page_id=194","title":{"rendered":"Artvin"},"content":{"rendered":"\n<h2 class=\"wp-block-heading\">ROMANLAR<\/h2>\n\n\n\n<p><strong>ARTV\u0130N ARTV\u0130N(ZAFER ALBAYRAK)<\/strong><\/p>\n\n\n\n<p>Zafer Albayrak; g\u00f6zlemlerine yaslanarak kurgulad\u0131\u011f\u0131 \u00f6yk\u00fclerinde Artvin\u2019i anlatman\u0131n yan\u0131 s\u0131ra se\u00e7ti\u011fi ilgin\u00e7 portreler \u00fczerinden de hik\u00e2yeleri tatland\u0131r\u0131yor&#8230; Her \u00f6yk\u00fc, Artvin\u2019in an\u0131lar \u00fczerinden d\u00fcn\u00fcnde gezerken, bug\u00fcne de ayak izi b\u0131rakmay\u0131 unutmuyor&#8230; K\u00e2h komik bir hik\u00e2ye ile \u00e7\u0131k\u0131yor kar\u015f\u0131n\u0131za, k\u00e2h Artvin-G\u00fcrcistan s\u0131n\u0131r\u0131n\u0131n yaratt\u0131\u011f\u0131 par\u00e7alanm\u0131\u015f bir aile dram\u0131yla\u2026 Dolay\u0131s\u0131yla; Artvin\u2019in do\u011fas\u0131n\u0131, insan\u0131n\u0131 ve sosyolojik dokusunu hissederek okuyaca\u011f\u0131n\u0131z keyifli bir kitap. (PEGEM.NET, 2024)<\/p>\n\n\n\n<p><strong>KARANLIKTA B\u0130R I\u015eIK(AT\u0130LLA DUMAN)<\/strong><\/p>\n\n\n\n<p>Eyl\u00fcl ay\u0131 sonlar\u0131na do\u011fru birdenbire \u015fenleniverir Artvin. Yaz aylar\u0131nda belirgin bir \u015fekilde tenhala\u015fan kent, k\u00f6ylerden, kasabalardan gelen binlerce \u00f6\u011frenciyle dolar ta\u015far, insanlar adeta s\u0131\u011fmaz olurlar darac\u0131k caddelere, sokaklara. Her k\u00f6\u015fesinde bir canl\u0131l\u0131k, bir hareket ba\u015flar, art\u0131k \u00f6\u011frenciler kenti olmu\u015ftur Artvin&#8230;Neden \u00f6\u011frenciler kenti, neden okuma s\u0131ralamas\u0131nda en ba\u015flarda yer almakta, bu halk okuma\u011fa, okutma\u011fa neden bu denli d\u00fc\u015fk\u00fcn? Engebeli bir yap\u0131ya sahip olan Artvin&#8217;in arazisi, Karadeniz k\u0131y\u0131s\u0131ndan biraz i\u00e7eriye gidildik\u00e7e birden y\u00fckselme\u011fe ba\u015flar. Birbiri \u00fczerine y\u0131\u011f\u0131lan da\u011flar, tepeler, kayalar b\u00f6lgenin efsanevi noktalar\u0131ndan Kar\u00e7al&#8217;\u0131 ve di\u011fer y\u00fckseltileri olu\u015ftururlar. Her yan k\u0131r\u0131k, her yan b\u00f6l\u00fck p\u00f6r\u00e7\u00fck, sanki yery\u00fcz\u00fcn\u00fcn b\u00fct\u00fcn tepeleri, da\u011flar\u0131 kayalar\u0131 buralarda toplanm\u0131\u015f&#8230; Ve bu da\u011flar\u0131n eteklerine, yama\u00e7lar\u0131na, dere a\u011f\u0131zlar\u0131na serpilmi\u015f y\u00fczlerce k\u00f6y, birer kar\u0131\u015fl\u0131k topraklarda ayakta kalabilmenin m\u00fccadelesini veren onbinlerce aile&#8230;&#8217; (kitapyurdu.com, 2024)<\/p>\n\n\n\n<h2 class=\"wp-block-heading\">Halk Hikayesi, Hikaye, Destan<\/h2>\n\n\n\n<p><strong>ARTV\u0130N MASALLARI VE HALK H\u0130KAYELER\u0130(DERLEME)<\/strong><\/p>\n\n\n\n<p>Masallar ve halk hikayeleri giderek t\u00fckeniyor. Hayal g\u00fcc\u00fcn\u00fcn ve yerel birikimin de\u011ferini yitirdi\u011fi g\u00fcn\u00fcm\u00fcz ko\u015fullar\u0131nda, her ara\u015ft\u0131rma daha da de\u011fer hale geliyor&#8230;<\/p>\n\n\n\n<p>Elinizdeki bu kitap Artvin y\u00f6resinde unutulmaya y\u00fcz tutmu\u015f masal ve hikayeleri bir araya getiriyor, okuyucuya Artvin halk\u0131n\u0131n d\u00fc\u015f kap\u0131lar\u0131n\u0131 a\u00e7\u0131yor&#8230; (K\u0130TAPYURDU.COM, 2024)<\/p>\n\n\n\n<p><\/p>\n","protected":false},"excerpt":{"rendered":"<p>ROMANLAR ARTV\u0130N ARTV\u0130N(ZAFER ALBAYRAK) Zafer Albayrak; g\u00f6zlemlerine yaslanarak kurgulad\u0131\u011f\u0131 \u00f6yk\u00fclerinde Artvin\u2019i anlatman\u0131n yan\u0131 s\u0131ra se\u00e7ti\u011fi ilgin\u00e7 portreler \u00fczerinden de hik\u00e2yeleri tatland\u0131r\u0131yor&#8230; Her \u00f6yk\u00fc, Artvin\u2019in an\u0131lar \u00fczerinden d\u00fcn\u00fcnde gezerken, bug\u00fcne de ayak izi b\u0131rakmay\u0131 unutmuyor&#8230; K\u00e2h komik bir hik\u00e2ye ile \u00e7\u0131k\u0131yor kar\u015f\u0131n\u0131za, k\u00e2h Artvin-G\u00fcrcistan s\u0131n\u0131r\u0131n\u0131n yaratt\u0131\u011f\u0131 par\u00e7alanm\u0131\u015f bir aile dram\u0131yla\u2026 Dolay\u0131s\u0131yla; Artvin\u2019in do\u011fas\u0131n\u0131, insan\u0131n\u0131 ve sosyolojik &hellip; <a href=\"https:\/\/edebiyatatlasi.com\/?page_id=194\" class=\"more-link\"><span class=\"screen-reader-text\">Artvin<\/span> yaz\u0131s\u0131na devam et <span class=\"meta-nav\">&rarr;<\/span><\/a><\/p>\n","protected":false},"author":1,"featured_media":0,"parent":0,"menu_order":0,"comment_status":"closed","ping_status":"closed","template":"","meta":{"footnotes":""},"class_list":["post-194","page","type-page","status-publish","hentry"],"_links":{"self":[{"href":"https:\/\/edebiyatatlasi.com\/index.php?rest_route=\/wp\/v2\/pages\/194","targetHints":{"allow":["GET"]}}],"collection":[{"href":"https:\/\/edebiyatatlasi.com\/index.php?rest_route=\/wp\/v2\/pages"}],"about":[{"href":"https:\/\/edebiyatatlasi.com\/index.php?rest_route=\/wp\/v2\/types\/page"}],"author":[{"embeddable":true,"href":"https:\/\/edebiyatatlasi.com\/index.php?rest_route=\/wp\/v2\/users\/1"}],"replies":[{"embeddable":true,"href":"https:\/\/edebiyatatlasi.com\/index.php?rest_route=%2Fwp%2Fv2%2Fcomments&post=194"}],"version-history":[{"count":1,"href":"https:\/\/edebiyatatlasi.com\/index.php?rest_route=\/wp\/v2\/pages\/194\/revisions"}],"predecessor-version":[{"id":195,"href":"https:\/\/edebiyatatlasi.com\/index.php?rest_route=\/wp\/v2\/pages\/194\/revisions\/195"}],"wp:attachment":[{"href":"https:\/\/edebiyatatlasi.com\/index.php?rest_route=%2Fwp%2Fv2%2Fmedia&parent=194"}],"curies":[{"name":"wp","href":"https:\/\/api.w.org\/{rel}","templated":true}]}}