{"id":192,"date":"2025-01-20T20:41:08","date_gmt":"2025-01-20T20:41:08","guid":{"rendered":"https:\/\/edebiyatatlasi.com\/?page_id=192"},"modified":"2025-01-20T20:41:08","modified_gmt":"2025-01-20T20:41:08","slug":"antalya","status":"publish","type":"page","link":"https:\/\/edebiyatatlasi.com\/?page_id=192","title":{"rendered":"Antalya"},"content":{"rendered":"\n<h2 class=\"wp-block-heading\">ROMANLAR<\/h2>\n\n\n\n<p><strong>KARAB\u0130B\u0130K(NEB\u0130ZADE NAZIM)<\/strong><\/p>\n\n\n\n<p>Roman\u0131n konusu Antalya ili Demre il\u00e7esinin k\u00f6ylerinden Beymelek ve bir Hristiyan k\u00f6y\u00fc olan Temre&#8217;de (bug\u00fcnk\u00fc Demre il\u00e7esi) ge\u00e7er. Vaka zaman\u0131 1889; anlatma zaman\u0131 1891 y\u0131l\u0131d\u0131r.<\/p>\n\n\n\n<p>Roman kahraman\u0131 Karabibik, e\u015fini tifo hastal\u0131\u011f\u0131ndan kaybetmi\u015ftir, k\u0131z\u0131 Huri ile birlikte Beymelek k\u00f6y\u00fcnde ya\u015famaktad\u0131r. Askerlik g\u00f6revi yerine verilen paray\u0131 \u00f6demek i\u00e7in babas\u0131ndan kalan on iki d\u00f6n\u00fcml\u00fck tarlan\u0131n d\u00f6rt d\u00f6n\u00fcm\u00fcn\u00fc kom\u015fusuna satm\u0131\u015ft\u0131r; kalan sekiz d\u00f6n\u00fcml\u00fck k\u0131sm\u0131 Yosturo\u011flu&#8217;na kapt\u0131rmamak i\u00e7in direnmektedir. Elinde kalan bu tarlay\u0131 s\u00fcrmek i\u00e7in her y\u0131l Koca \u0130mam&#8217;\u0131n \u00f6k\u00fczlerini kiralayan Karabibik, k\u0131z\u0131 Huri&#8217;yi koca \u0130mam&#8217;\u0131n kay\u0131n\u00e7osu Sar\u0131 \u0130smail&#8217;e vererek \u00f6k\u00fczleri bedava kullanma hayalini kurar.<\/p>\n\n\n\n<p>Sar\u0131 \u0130smail\u2019in ba\u015fka bir k\u0131zla evlenece\u011fini \u00f6\u011frenince, Temre k\u00f6y\u00fcndeki Rum bakkal Yani&#8217;den faizle bor\u00e7 alarak bir \u00e7ift \u00f6k\u00fcz sat\u0131n al\u0131r. Tarlas\u0131n\u0131 s\u00fcrer. Yosturo\u011fluKarabibik&#8217;in k\u0131z\u0131 Huri&#8217;yi ye\u011feni H\u00fcseyin&#8217;e ister. Karabibik mutludur. Bir s\u00fcre sonra hastalan\u0131r, ancak k\u0131z\u0131n\u0131n m\u00fcr\u00fcvvetini g\u00f6rd\u00fc\u011f\u00fc i\u00e7in huzurludur.<\/p>\n\n\n\n<p>(V\u0130K\u0130PED\u0130, 2015)<\/p>\n\n\n\n<p><strong>BURASI RADYO \u015eARAMPOL(\u015e\u00fckran Yi\u011fit)<\/strong><\/p>\n\n\n\n<p>Ge\u00e7mi\u015fin \u00e7ocukluk, gelece\u011fin ise sadece bir bilinmezlik oldu\u011fu o bo\u015flukta, ne \u00e7ocuk ne de yeti\u015fkin olunan o on d\u00f6rt ya\u015f\u0131n ba\u015f\u0131bo\u015flu\u011funda tek ba\u015f\u0131ma ve her defas\u0131nda daha b\u00fcy\u00fck daireler \u00e7izerek evden okula, okuldan eve gidip geliyordum. Din\u00ee inan\u00e7lar\u0131m o ya\u015f i\u00e7in fazla kuvvetli de\u011fildi ama yaln\u0131zl\u0131\u011f\u0131mda tanr\u0131sal bir sebep oldu\u011funu d\u00fc\u015f\u00fcnmekten de kendimi alam\u0131yordum.<\/p>\n\n\n\n<p>\u00c7\u00fcnk\u00fc tek \u00e7ocuktum, \u00e7\u00fcnk\u00fc solakt\u0131m, \u00e7\u00fcnk\u00fc boyum ya\u015f\u0131tlar\u0131m\u0131n hepsinden uzundu ve hatta son g\u00fcnlerde sol aya\u011f\u0131m\u0131n sa\u011f aya\u011f\u0131mdan daha h\u0131zl\u0131 b\u00fcy\u00fcd\u00fc\u011f\u00fcn\u00fc g\u00f6zlemliyor ve daha da b\u00fcy\u00fcmesinden korkuyordum.<\/p>\n\n\n\n<p>Buras\u0131 Radyo \u015earampol, hayatla ba\u015f etmek i\u00e7in oyunlar\u0131na sar\u0131lan, yaln\u0131zl\u0131\u011f\u0131n\u0131 m\u00fczikle dindiren Filiz\u2019in, Antalya\/\u015earampol Mahallesi\u2019nden Berlin\/Kreuzberg\u2019e uzanan b\u00fcy\u00fcme hik\u00e2yesi. \u0130lk a\u015fk\u0131n hi\u00e7 unutulmayacak sars\u0131c\u0131l\u0131\u011f\u0131. Okul s\u0131ralar\u0131nda ele inen cetvelin yak\u0131c\u0131l\u0131\u011f\u0131. Radyonun ve arkada\u015fl\u0131\u011f\u0131n efsunlu, sar\u0131p sarmalayan d\u00fcnyas\u0131\u2026 (Full Antalya, 2023)<\/p>\n\n\n\n<p><strong>CIRNIK K\u00d6PR\u00dcS\u00dc(Fuat Kemal)<\/strong><\/p>\n\n\n\n<p>17 A\u011fustos 1999 b\u00fcy\u00fck Marmara depreminin kay\u0131p \u00e7ocuklar\u0131ndan birinin \u00f6yk\u00fcs\u00fcn\u00fc anlatan roman, 2010 y\u0131l\u0131nda Antalya Kalei\u00e7i sokaklar\u0131nda ba\u015flar; Antalya ile harmanlanarak devam eder. Konular aras\u0131ndaki ge\u00e7i\u015fin sadeli\u011fi ve k\u0131rm\u0131z\u0131 vosvosun \u00fcstlendi\u011fi g\u00f6rev, roman ile okuyucu aras\u0131nda farkl\u0131 bir etkile\u015fim olu\u015fmas\u0131na neden olurken, tarihi C\u0131rn\u0131k K\u00f6pr\u00fcs\u00fc, kimsesiz bir \u00e7ocu\u011fun bilinmeyen ge\u00e7mi\u015fi ile gelece\u011fi aras\u0131ndaki k\u00f6pr\u00fcd\u00fcr ayn\u0131 zamanda. (Full Antalya, 2023)<\/p>\n\n\n\n<h2 class=\"wp-block-heading\">Bir Efsane<\/h2>\n\n\n\n<p><strong>Titreyen G\u00f6l<\/strong><\/p>\n\n\n\n<p>Rivayete g\u00f6re, g\u00f6l\u00fcn kenar\u0131nda ya\u015fayan ve ku\u015flar\u0131 besleyen ya\u015fl\u0131 bir bal\u0131k\u00e7\u0131 oturmaktad\u0131r. Ku\u015flar ya\u015fl\u0131 bal\u0131k\u00e7\u0131y\u0131 g\u00f6l\u00fcn kenar\u0131nda g\u00f6rd\u00fcklerinde kanatlar\u0131n\u0131 \u00e7\u0131rparak ona do\u011fru gelirdi. Bir g\u00fcn bu g\u00f6lde avlanan avc\u0131lar su \u00fcst\u00fcndeki \u00f6rdekleri vurur. Ya\u015fl\u0131 bal\u0131k\u00e7\u0131 bunun kar\u015f\u0131s\u0131nda avc\u0131lar\u0131n \u00fczerine y\u00fcr\u00fcr ve onlar\u0131 avlanmaktan vazge\u00e7irmeye \u00e7al\u0131\u015f\u0131r. Avc\u0131lar ya\u015fl\u0131 adam\u0131 iter ve su \u00fcst\u00fcndeki vurduklar\u0131 \u00f6rdekleri almaya \u00e7al\u0131\u015f\u0131r. Bu s\u0131rada di\u011fer \u00f6rdekler hep birlikte havalanarak kanatlar\u0131yla bir hortum olu\u015fturur ve avc\u0131lar\u0131 ka\u00e7\u0131r\u0131rlar. Bu olaydan sonra g\u00f6l hep titremeye ba\u015flar. Bu titremeye y\u00f6re halk\u0131, ku\u015flar ya\u015fl\u0131 bal\u0131k\u00e7\u0131ya a\u011fl\u0131yor diye yorum yaparlar.(engelsizedebiyat,2024)<\/p>\n\n\n\n<figure class=\"wp-block-embed is-type-video is-provider-youtube wp-block-embed-youtube wp-embed-aspect-16-9 wp-has-aspect-ratio\"><div class=\"wp-block-embed__wrapper\">\n<iframe loading=\"lazy\" title=\"07 Antalya\" width=\"604\" height=\"340\" src=\"https:\/\/www.youtube.com\/embed\/8ypkotHejIM?feature=oembed\" frameborder=\"0\" allow=\"accelerometer; autoplay; clipboard-write; encrypted-media; gyroscope; picture-in-picture; web-share\" referrerpolicy=\"strict-origin-when-cross-origin\" allowfullscreen><\/iframe>\n<\/div><\/figure>\n\n\n\n<div class=\"wp-block-columns is-layout-flex wp-container-core-columns-is-layout-1 wp-block-columns-is-layout-flex\">\n<div class=\"wp-block-column is-layout-flow wp-block-column-is-layout-flow\">\n<p><strong>Bir Kelime<\/strong><\/p>\n\n\n\n<p>Ac\u0131b\u0131la: Acaba<\/p>\n<\/div>\n\n\n\n<div class=\"wp-block-column is-layout-flow wp-block-column-is-layout-flow\">\n<p><strong>Bir Deyi\u015f<\/strong><\/p>\n\n\n\n<p>A\u00e7 esner tok gerinir.<\/p>\n<\/div>\n<\/div>\n\n\n\n<p><\/p>\n","protected":false},"excerpt":{"rendered":"<p>ROMANLAR KARAB\u0130B\u0130K(NEB\u0130ZADE NAZIM) Roman\u0131n konusu Antalya ili Demre il\u00e7esinin k\u00f6ylerinden Beymelek ve bir Hristiyan k\u00f6y\u00fc olan Temre&#8217;de (bug\u00fcnk\u00fc Demre il\u00e7esi) ge\u00e7er. Vaka zaman\u0131 1889; anlatma zaman\u0131 1891 y\u0131l\u0131d\u0131r. Roman kahraman\u0131 Karabibik, e\u015fini tifo hastal\u0131\u011f\u0131ndan kaybetmi\u015ftir, k\u0131z\u0131 Huri ile birlikte Beymelek k\u00f6y\u00fcnde ya\u015famaktad\u0131r. Askerlik g\u00f6revi yerine verilen paray\u0131 \u00f6demek i\u00e7in babas\u0131ndan kalan on iki d\u00f6n\u00fcml\u00fck tarlan\u0131n &hellip; <a href=\"https:\/\/edebiyatatlasi.com\/?page_id=192\" class=\"more-link\"><span class=\"screen-reader-text\">Antalya<\/span> yaz\u0131s\u0131na devam et <span class=\"meta-nav\">&rarr;<\/span><\/a><\/p>\n","protected":false},"author":1,"featured_media":0,"parent":0,"menu_order":0,"comment_status":"closed","ping_status":"closed","template":"","meta":{"footnotes":""},"class_list":["post-192","page","type-page","status-publish","hentry"],"_links":{"self":[{"href":"https:\/\/edebiyatatlasi.com\/index.php?rest_route=\/wp\/v2\/pages\/192","targetHints":{"allow":["GET"]}}],"collection":[{"href":"https:\/\/edebiyatatlasi.com\/index.php?rest_route=\/wp\/v2\/pages"}],"about":[{"href":"https:\/\/edebiyatatlasi.com\/index.php?rest_route=\/wp\/v2\/types\/page"}],"author":[{"embeddable":true,"href":"https:\/\/edebiyatatlasi.com\/index.php?rest_route=\/wp\/v2\/users\/1"}],"replies":[{"embeddable":true,"href":"https:\/\/edebiyatatlasi.com\/index.php?rest_route=%2Fwp%2Fv2%2Fcomments&post=192"}],"version-history":[{"count":1,"href":"https:\/\/edebiyatatlasi.com\/index.php?rest_route=\/wp\/v2\/pages\/192\/revisions"}],"predecessor-version":[{"id":193,"href":"https:\/\/edebiyatatlasi.com\/index.php?rest_route=\/wp\/v2\/pages\/192\/revisions\/193"}],"wp:attachment":[{"href":"https:\/\/edebiyatatlasi.com\/index.php?rest_route=%2Fwp%2Fv2%2Fmedia&parent=192"}],"curies":[{"name":"wp","href":"https:\/\/api.w.org\/{rel}","templated":true}]}}