{"id":190,"date":"2025-01-20T15:28:21","date_gmt":"2025-01-20T15:28:21","guid":{"rendered":"https:\/\/edebiyatatlasi.com\/?page_id=190"},"modified":"2025-01-20T15:28:21","modified_gmt":"2025-01-20T15:28:21","slug":"amasya","status":"publish","type":"page","link":"https:\/\/edebiyatatlasi.com\/?page_id=190","title":{"rendered":"Amasya-"},"content":{"rendered":"\n<h2 class=\"wp-block-heading\">ROMANLAR<\/h2>\n\n\n\n<p><strong>A\u015fk\u0131n Sultanlar\u0131 Ferhat \u0130le \u015eirin(Ahmet Yi\u011fittop)<\/strong><\/p>\n\n\n\n<p>Ferhat ile \u015eirin efsanesi, d\u00fcnyan\u0131n her yerinde a\u015fk\u0131n timsali olarak kabul edilen ve y\u00fcrekleri yakan bir efsanedir. Bu efsanenin do\u011fu\u015f yeri Do\u011fu edebiyat\u0131d\u0131r. Nizam\u00ee&#8217;nin eseri mesnevisinden ilham al\u0131narak, Ali \u015eirNeva\u00ee taraf\u0131ndan Anadolu&#8217;da ya\u015fanm\u0131\u015fl\u0131\u011f\u0131 anlat\u0131lan ve yaz\u0131lan bu mesnevi, T\u00fcrk halk\u0131 taraf\u0131ndan \u00e7ok be\u011fenilmi\u015ftir. Bu be\u011feni co\u011fraf\u00ee uzakl\u0131k dinlememi\u015f t\u00fcm T\u00fcrk diyarlar\u0131na bu a\u015fk yay\u0131lm\u0131\u015ft\u0131r.<\/p>\n\n\n\n<p>Geni\u015f co\u011frafya sahas\u0131nda uzun y\u0131llar anlat\u0131lan bu efsane, Anadolu&#8217;da Amasya \u015fehrinde ortaya \u00e7\u0131km\u0131\u015ft\u0131r. Ferhat ile \u015eirin, temiz bir a\u015fk\u0131n, nas\u0131l bir y\u00fcrek yang\u0131n\u0131 oldu\u011funu y\u00fcreklere tekrar tekrar hissettiren bir efsanedir. Amasya halk\u0131 bu iki \u00e2\u015f\u0131\u011f\u0131n an\u0131s\u0131n\u0131 her daim canl\u0131 tutmu\u015f ve Anadolu&#8217;da bu efsanenin biricik koruyucusu ve yay\u0131c\u0131s\u0131 olmu\u015ftur. Onlarca varyant\u0131 olan efsaneyi, kendi \u00fcslubu ile okuyucuya roman halinde aktaran yazar, bu alanda bir eksi\u011fi gidermi\u015ftir.<\/p>\n\n\n\n<p>Pek \u00e7ok \u00fcnl\u00fc a\u015fk ve \u00e2\u015f\u0131k romanla\u015ft\u0131r\u0131ld\u0131\u011f\u0131 halde, bu g\u00fcne kadar Ferhat ile \u015eirin hen\u00fcz bu \u015fans\u0131 yakalayamam\u0131\u015f idi. Yazar\u0131m\u0131z sayesinde bu eksiklik giderilmi\u015f ve g\u00fcn\u00fcm\u00fcz gen\u00e7li\u011fine bu \u00f6l\u00fcms\u00fcz a\u015fk, bir kez daha tan\u0131t\u0131lm\u0131\u015f, sevdirilmi\u015f oldu.<\/p>\n\n\n\n<p>Amasya, a\u015fklar\u0131n en temizini ya\u015fayan bir \u015fehir olarak, bu efsane ile tarihe ge\u00e7mi\u015ftir. \u015eimdi bu efsanenin yeni bir yorumu ile yine g\u00f6revini yerine getirmektedir. Ferhat ile \u015eirin&#8217;in \u00f6l\u00fcms\u00fcz a\u015fk\u0131na sevdadan, okunmas\u0131 gereken bir roman, A\u015fk\u0131n Sultanlar\u0131: Ferhat ile \u015eirin. (Sosyal K\u0130tap, 2024)<\/p>\n\n\n\n<h2 class=\"wp-block-heading\">Bir Efsane<\/h2>\n\n\n\n<p><strong>\u0130\u011fneci Baba<\/strong><\/p>\n\n\n\n<p>\u0130\u011fneci Baba&#8217;n\u0131n karde\u015fi olan Ser\u00e7oban, Amasya merkeze ba\u011fl\u0131 Karasenir K\u00f6y\u00fc\u2019ne yerle\u015fir. \u00c7obanl\u0131k ile ge\u00e7imini sa\u011flayan Ser\u00e7oban hal ve hareketleri ve ibadetinin sadeli\u011fi ile tan\u0131n\u0131r. Bir g\u00fcn Amasya\u2019da ayakkab\u0131c\u0131l\u0131kla ge\u00e7imini sa\u011flayan a\u011fabeyi \u0130\u011fneci Baba\u2019y\u0131 ziyarete gelir. Beraberinde de koyunlar\u0131ndan sa\u011fd\u0131\u011f\u0131 s\u00fct\u00fc bir mendiline \u00e7\u0131k\u0131lay\u0131p hediye olarak getirir. Amac\u0131, kendi mendiline koydu\u011fu s\u00fct\u00fcn, mendilden s\u0131zmad\u0131\u011f\u0131n\u0131 g\u00f6stermektir. Ser\u00e7oban mendilini kundurac\u0131 d\u00fckkan\u0131n\u0131n duvar\u0131ndaki bir \u00e7iviye asar. Bu s\u0131rada \u0130\u011fneci Baba d\u00fckkan\u0131nda bir bayan\u0131n ayak \u00f6l\u00e7\u00fcn\u00fc almaktad\u0131r. Ser\u00e7oban, bayan\u0131n topuklar\u0131n\u0131 g\u00f6r\u00fcnce, \u201cne kadar da g\u00fczel\u201d diye akl\u0131ndan ge\u00e7irdi\u011finde \u00e7iviye as\u0131lan mendilden s\u00fct yava\u015f yava\u015f damlamaya ba\u015flar. \u0130\u011fneci Baba, karde\u015finin niyetinde bozulmalar oldu\u011funu sezer ama hi\u00e7 bir\u015fey belli etmez. Bayan ayak \u00f6l\u00e7\u00fcn\u00fc verip d\u00fckkandan ayr\u0131l\u0131nca, \u0130\u011fneci Baba, karde\u015fi Ser\u00e7oban\u2019a \u201c Keramet da\u011f ba\u015f\u0131nda ermekte de\u011fil, keramet burada, \u00e7\u0131k\u0131ndaki s\u00fct\u00fc damlatmamakta\u201d der. Mezar\u0131 bug\u00fcn \u00f6zel bir mekan olarak haz\u0131rlanm\u0131\u015f, Kocac\u0131k \u00c7ar\u015f\u0131s\u0131\u2019ndad\u0131r.(engelsizedebiyat,2024)<\/p>\n\n\n\n<figure class=\"wp-block-embed is-type-video is-provider-youtube wp-block-embed-youtube wp-embed-aspect-16-9 wp-has-aspect-ratio\"><div class=\"wp-block-embed__wrapper\">\n<iframe loading=\"lazy\" title=\"05 Amasya\" width=\"604\" height=\"340\" src=\"https:\/\/www.youtube.com\/embed\/8rdFqPBWxC8?feature=oembed\" frameborder=\"0\" allow=\"accelerometer; autoplay; clipboard-write; encrypted-media; gyroscope; picture-in-picture; web-share\" referrerpolicy=\"strict-origin-when-cross-origin\" allowfullscreen><\/iframe>\n<\/div><\/figure>\n\n\n\n<div class=\"wp-block-columns is-layout-flex wp-container-core-columns-is-layout-1 wp-block-columns-is-layout-flex\">\n<div class=\"wp-block-column is-layout-flow wp-block-column-is-layout-flow\">\n<p><strong>Bir Kelime<\/strong><\/p>\n\n\n\n<p>ALAF: ALEV<\/p>\n<\/div>\n\n\n\n<div class=\"wp-block-column is-layout-flow wp-block-column-is-layout-flow\">\n<p><strong>Bir Deyi\u015f<\/strong><\/p>\n\n\n\n<p>Amasya\u2019n\u0131n Bar Da\u011f&#8217;\u0131, bir da\u011f\u0131 olmazsa \u00f6b\u00fcr da\u011f\u0131.<\/p>\n<\/div>\n<\/div>\n","protected":false},"excerpt":{"rendered":"<p>ROMANLAR A\u015fk\u0131n Sultanlar\u0131 Ferhat \u0130le \u015eirin(Ahmet Yi\u011fittop) Ferhat ile \u015eirin efsanesi, d\u00fcnyan\u0131n her yerinde a\u015fk\u0131n timsali olarak kabul edilen ve y\u00fcrekleri yakan bir efsanedir. Bu efsanenin do\u011fu\u015f yeri Do\u011fu edebiyat\u0131d\u0131r. Nizam\u00ee&#8217;nin eseri mesnevisinden ilham al\u0131narak, Ali \u015eirNeva\u00ee taraf\u0131ndan Anadolu&#8217;da ya\u015fanm\u0131\u015fl\u0131\u011f\u0131 anlat\u0131lan ve yaz\u0131lan bu mesnevi, T\u00fcrk halk\u0131 taraf\u0131ndan \u00e7ok be\u011fenilmi\u015ftir. Bu be\u011feni co\u011fraf\u00ee uzakl\u0131k dinlememi\u015f &hellip; <a href=\"https:\/\/edebiyatatlasi.com\/?page_id=190\" class=\"more-link\"><span class=\"screen-reader-text\">Amasya-<\/span> yaz\u0131s\u0131na devam et <span class=\"meta-nav\">&rarr;<\/span><\/a><\/p>\n","protected":false},"author":1,"featured_media":0,"parent":0,"menu_order":0,"comment_status":"closed","ping_status":"closed","template":"","meta":{"footnotes":""},"class_list":["post-190","page","type-page","status-publish","hentry"],"_links":{"self":[{"href":"https:\/\/edebiyatatlasi.com\/index.php?rest_route=\/wp\/v2\/pages\/190","targetHints":{"allow":["GET"]}}],"collection":[{"href":"https:\/\/edebiyatatlasi.com\/index.php?rest_route=\/wp\/v2\/pages"}],"about":[{"href":"https:\/\/edebiyatatlasi.com\/index.php?rest_route=\/wp\/v2\/types\/page"}],"author":[{"embeddable":true,"href":"https:\/\/edebiyatatlasi.com\/index.php?rest_route=\/wp\/v2\/users\/1"}],"replies":[{"embeddable":true,"href":"https:\/\/edebiyatatlasi.com\/index.php?rest_route=%2Fwp%2Fv2%2Fcomments&post=190"}],"version-history":[{"count":1,"href":"https:\/\/edebiyatatlasi.com\/index.php?rest_route=\/wp\/v2\/pages\/190\/revisions"}],"predecessor-version":[{"id":191,"href":"https:\/\/edebiyatatlasi.com\/index.php?rest_route=\/wp\/v2\/pages\/190\/revisions\/191"}],"wp:attachment":[{"href":"https:\/\/edebiyatatlasi.com\/index.php?rest_route=%2Fwp%2Fv2%2Fmedia&parent=190"}],"curies":[{"name":"wp","href":"https:\/\/api.w.org\/{rel}","templated":true}]}}