{"id":188,"date":"2025-01-20T15:24:10","date_gmt":"2025-01-20T15:24:10","guid":{"rendered":"https:\/\/edebiyatatlasi.com\/?page_id=188"},"modified":"2025-01-20T15:24:10","modified_gmt":"2025-01-20T15:24:10","slug":"agri","status":"publish","type":"page","link":"https:\/\/edebiyatatlasi.com\/?page_id=188","title":{"rendered":"A\u011fr\u0131"},"content":{"rendered":"\n<h2 class=\"wp-block-heading\">ROMANLAR<\/h2>\n\n\n\n<p><strong>Mahmudo \u0130le Hazel(\u00d6mer Polat)<\/strong><\/p>\n\n\n\n<p>&#8220;Mahmudo ile Hazel&#8221;de y\u0131llard\u0131r bask\u0131 ve zul\u00fcm alt\u0131nda tutulan yoksul K\u00fcrt halk\u0131n\u0131n ya\u015fant\u0131s\u0131 kendi dil \u00f6zellikleriyle anlat\u0131lmaktad\u0131r. Bu romanda \u00fcretim ili\u015fkilerinin geli\u015fmesiyle ba\u015flayan toplumsal de\u011fi\u015fimleri, iki insan\u0131n \u00f6yk\u00fcs\u00fcyle birlikte izleyecek ve onlar\u0131 yaratan maddi ortam\u0131n belirleyici ger\u00e7ekli\u011fi i\u00e7inde g\u00f6rebileceksiniz. Sadece bu yan\u0131yla bile &#8220;Mahmudo ile Hazel&#8221; \u00e7ok az roman\u0131n ula\u015fabildi\u011fi bir bak\u0131\u015f a\u00e7\u0131s\u0131na sahip. (HABERLER.COM, 2013)<\/p>\n\n\n\n<p><strong>A\u011fr\u0131da\u011f\u0131 Efsanesi(Ya\u015far Kemal)<\/strong><\/p>\n\n\n\n<p>Bir a\u015fk destan\u0131 olan A\u011fr\u0131 Da\u011f\u0131 Efsanesi geleneklerini Mahmut Han&#8217;a kar\u015f\u0131 savunan Ahmet ile G\u00fclbahar aras\u0131ndaki a\u015fk\u0131 konu al\u0131r. Efsanelere ve halk s\u00f6ylencelerine y\u00fcrekten ba\u011fl\u0131 Ya\u015far Kemal&#8217;in bu roman\u0131, insan psikolojisinin derinliklerini de i\u00e7erir. (kitapyurdu 2019)<\/p>\n\n\n\n<h2 class=\"wp-block-heading\">Halk Hikayesi, Hikaye, Destan<\/h2>\n\n\n\n<p><strong>Cehennem Deresi(Erkan K\u00f6seda\u011f)<\/strong><\/p>\n\n\n\n<p>Erkan K\u00f6seda\u011f, 2000 y\u0131l\u0131nda A\u011fr\u0131 Da\u011f\u0131&#8217;nda ya\u015fanan \u00f6l\u00fcml\u00fc bir da\u011f kazas\u0131n\u0131 duydu\u011fu kadar\u0131yla kendi hayal g\u00fcc\u00fcyle hik\u00e2yele\u015ftirmi\u015f ve bunu da ger\u00e7ek ve hayali olaylar\u0131, ger\u00e7ek ve hayali kahramanlarla harmanlayarak okuyucuda ger\u00e7eklik duygusu yaratacak bir kurguyla kaleme ald\u0131\u011f\u0131 roman\u0131n\u0131n i\u00e7erisine yerle\u015ftirmi\u015f. A\u011fr\u0131 Da\u011f\u0131 etraf\u0131nda \u00e7e\u015fitli olaylar\u0131n ve diyaloglar\u0131n da kullan\u0131ld\u0131\u011f\u0131 bu kitap ger\u00e7eklik duygusuyla kendisini okutmay\u0131 ba\u015far\u0131yor bence. Da\u011fc\u0131l\u0131k<\/p>\n\n\n\n<p>edebiyat\u0131m\u0131za yeni kat\u0131lan bu \u00f6zg\u00fcn denemesinden dolay\u0131 Erkan K\u00f6seda\u011f&#8217;\u0131 kutluyorum&#8230; Uzun bekleyi\u015fin ard\u0131ndan y\u0131llar sonra A\u011fr\u0131 Da\u011f\u0131&#8217;na \u00e7\u0131k\u0131yordum. Benim i\u00e7in o an da\u011fc\u0131l\u0131k ya\u015fant\u0131mda bir d\u00f6n\u00fcm noktas\u0131yd\u0131. A\u011fr\u0131 t\u0131rman\u0131\u015f\u0131 sonras\u0131nda daha y\u00fcksek ve zor bir\u00e7ok da\u011fa zirve yapt\u0131m. Ancak A\u011fr\u0131 Da\u011f\u0131 benim i\u00e7in hep farkl\u0131yd\u0131. Heybetli duru\u015fu, bak\u0131\u015f\u0131 ve zirveyle da\u011fc\u0131lar\u0131 bulu\u015fturmas\u0131, bir kere daha oraya \u00e7\u0131kma iste\u011fini uyand\u0131r\u0131r insanda. Hakk\u0131nda bir\u00e7ok efsane yaz\u0131lm\u0131\u015f bu gizemli da\u011f sadece da\u011fc\u0131lar\u0131n de\u011fil hayata farkl\u0131 bakanlar\u0131n da g\u00f6rmek istedi\u011fi mistik ulu bir doruktur. Bu kitap a\u015fk, h\u00fcz\u00fcn ve ger\u00e7ekleri yal\u0131n bir dille okuyucusuna sunuyor. A\u011fr\u0131 Da\u011f\u0131&#8217;n\u0131 farkl\u0131 bir yakla\u015f\u0131mla bize sunan bu kitap \u0130skender I\u011fd\u0131r&#8217;\u0131 da bir daha anmam\u0131za vesile oldu. (okurkitap, 2024)<\/p>\n\n\n\n<h2 class=\"wp-block-heading\">Bir Efsane<\/h2>\n\n\n\n<p><strong>Kerem ile Asl\u0131 EFSANES\u0130<\/strong><\/p>\n\n\n\n<p>Anadolu\u2019da \u00e7ok sevilen Kerem ile Asl\u0131 hikayesi\u2019nin bir b\u00f6l\u00fcm\u00fc A\u011fr\u0131\u2019da ge\u00e7er; dumanda yolunu \u015fa\u015f\u0131ran Kerem, t\u00fcrk\u00fc ile A\u011fr\u0131 da\u011f\u0131ndan yol ister, birdenbire murat suyu kar\u015f\u0131s\u0131na \u00e7\u0131k\u0131p ta \u00f6n\u00fcn\u00fc kesti\u011finde ondanda ge\u00e7it vermesini talep eder. Eski Do\u011fubayaz\u0131t\u2019ta ge\u00e7en b\u00f6l\u00fcm\u00fc \u015f\u00f6yledir.<\/p>\n\n\n\n<p>Asl\u0131\u2019n\u0131n pe\u015finde diyar diyar gezen Kerem, onun izini bir g\u00fcn Bayaz\u0131t\u2019ta bulur. Asl\u0131 Ke\u015fi\u015f\u2019in Bah\u00e7esinde saklanm\u0131\u015ft\u0131r. Kerem bir yolunu bulup ke\u015fi\u015fin kar\u0131s\u0131 ile g\u00f6r\u00fc\u015f\u00fcr, Kerem Asl\u0131 ile konu\u015fabilmek i\u00e7in ke\u015fi\u015fin kar\u0131s\u0131n\u0131n ileri s\u00fcrd\u00fc\u011f\u00fc teklifleri kabul eder. Asl\u0131n\u0131n y\u00fcz\u00fcn\u00fc g\u00f6rebilmek, onunla konu\u015fabilmek i\u00e7in 32 di\u015fini s\u0131rayla \u00e7ektirir. Sonradan elini s\u00fcrd\u00fc\u011f\u00fcnde t\u00fcm di\u015fleri eskisi gibi olur.(engelsizedebiyat 2024)<\/p>\n\n\n\n<figure class=\"wp-block-embed is-type-video is-provider-youtube wp-block-embed-youtube wp-embed-aspect-16-9 wp-has-aspect-ratio\"><div class=\"wp-block-embed__wrapper\">\n<iframe loading=\"lazy\" title=\"04 A\u011fr\u0131\" width=\"604\" height=\"340\" src=\"https:\/\/www.youtube.com\/embed\/sw5XwCJVt8w?feature=oembed\" frameborder=\"0\" allow=\"accelerometer; autoplay; clipboard-write; encrypted-media; gyroscope; picture-in-picture; web-share\" referrerpolicy=\"strict-origin-when-cross-origin\" allowfullscreen><\/iframe>\n<\/div><\/figure>\n\n\n\n<div class=\"wp-block-columns is-layout-flex wp-container-core-columns-is-layout-1 wp-block-columns-is-layout-flex\">\n<div class=\"wp-block-column is-layout-flow wp-block-column-is-layout-flow\">\n<p><strong>Bir Kelime<\/strong><\/p>\n\n\n\n<p>A\u011f\u0131l: Hayvanlar\u0131n d\u0131\u015far\u0131da kapat\u0131ld\u0131\u011f\u0131 yer<\/p>\n<\/div>\n\n\n\n<div class=\"wp-block-column is-layout-flow wp-block-column-is-layout-flow\">\n<p><strong>Bir Deyi\u015f<\/strong><\/p>\n\n\n\n<p>Az\u0131c\u0131k a\u011fr\u0131ya a\u015f bast\u0131r\u0131r<\/p>\n<\/div>\n<\/div>\n","protected":false},"excerpt":{"rendered":"<p>ROMANLAR Mahmudo \u0130le Hazel(\u00d6mer Polat) &#8220;Mahmudo ile Hazel&#8221;de y\u0131llard\u0131r bask\u0131 ve zul\u00fcm alt\u0131nda tutulan yoksul K\u00fcrt halk\u0131n\u0131n ya\u015fant\u0131s\u0131 kendi dil \u00f6zellikleriyle anlat\u0131lmaktad\u0131r. Bu romanda \u00fcretim ili\u015fkilerinin geli\u015fmesiyle ba\u015flayan toplumsal de\u011fi\u015fimleri, iki insan\u0131n \u00f6yk\u00fcs\u00fcyle birlikte izleyecek ve onlar\u0131 yaratan maddi ortam\u0131n belirleyici ger\u00e7ekli\u011fi i\u00e7inde g\u00f6rebileceksiniz. Sadece bu yan\u0131yla bile &#8220;Mahmudo ile Hazel&#8221; \u00e7ok az roman\u0131n ula\u015fabildi\u011fi &hellip; <a href=\"https:\/\/edebiyatatlasi.com\/?page_id=188\" class=\"more-link\"><span class=\"screen-reader-text\">A\u011fr\u0131<\/span> yaz\u0131s\u0131na devam et <span class=\"meta-nav\">&rarr;<\/span><\/a><\/p>\n","protected":false},"author":1,"featured_media":0,"parent":0,"menu_order":0,"comment_status":"closed","ping_status":"closed","template":"","meta":{"footnotes":""},"class_list":["post-188","page","type-page","status-publish","hentry"],"_links":{"self":[{"href":"https:\/\/edebiyatatlasi.com\/index.php?rest_route=\/wp\/v2\/pages\/188","targetHints":{"allow":["GET"]}}],"collection":[{"href":"https:\/\/edebiyatatlasi.com\/index.php?rest_route=\/wp\/v2\/pages"}],"about":[{"href":"https:\/\/edebiyatatlasi.com\/index.php?rest_route=\/wp\/v2\/types\/page"}],"author":[{"embeddable":true,"href":"https:\/\/edebiyatatlasi.com\/index.php?rest_route=\/wp\/v2\/users\/1"}],"replies":[{"embeddable":true,"href":"https:\/\/edebiyatatlasi.com\/index.php?rest_route=%2Fwp%2Fv2%2Fcomments&post=188"}],"version-history":[{"count":1,"href":"https:\/\/edebiyatatlasi.com\/index.php?rest_route=\/wp\/v2\/pages\/188\/revisions"}],"predecessor-version":[{"id":189,"href":"https:\/\/edebiyatatlasi.com\/index.php?rest_route=\/wp\/v2\/pages\/188\/revisions\/189"}],"wp:attachment":[{"href":"https:\/\/edebiyatatlasi.com\/index.php?rest_route=%2Fwp%2Fv2%2Fmedia&parent=188"}],"curies":[{"name":"wp","href":"https:\/\/api.w.org\/{rel}","templated":true}]}}