{"id":185,"date":"2025-01-20T15:17:55","date_gmt":"2025-01-20T15:17:55","guid":{"rendered":"https:\/\/edebiyatatlasi.com\/?page_id=185"},"modified":"2025-01-20T15:18:51","modified_gmt":"2025-01-20T15:18:51","slug":"afyon","status":"publish","type":"page","link":"https:\/\/edebiyatatlasi.com\/?page_id=185","title":{"rendered":"Afyon-"},"content":{"rendered":"\n<h2 class=\"wp-block-heading\">ROMANLAR<\/h2>\n\n\n\n<p>AL\u0130N\u0130N B\u0130R\u0130(FAHR\u0130 ERD\u0130N\u00c7)<\/p>\n\n\n\n<p>Alinin Biri roman\u0131nda Fahri Erdin\u00e7, T\u00fcrkiye tarihinden \u00f6nemli ve anlaml\u0131 bir kesit sunuyor. Bu kesitin sunulu\u015funda, Ulusal Kurtulu\u015f Sava\u015f\u0131&#8217;yla kurulan \u00fclkenin tarihsel geli\u015fimi i\u00e7indeki bir ger\u00e7eklik, emek\u00e7i k\u00f6yl\u00fcn\u00fcn toprak \u00f6zlemi \u00f6ne \u00e7\u0131k\u0131yor. Alinin Biri, bu do\u011frultuda verilen, k\u00f6yl\u00fc i\u00e7in ba\u011f\u0131ms\u0131zl\u0131\u011f\u0131n toprak, \u00f6zg\u00fcrl\u00fc\u011f\u00fcn de i\u015fledi\u011fi topra\u011fa sahip olmakla ba\u015flayaca\u011f\u0131n\u0131 vurgulayan bir m\u00fccadelenin roman\u0131.(kitapyurdu.com, 2024)<\/p>\n\n\n\n<h2 class=\"wp-block-heading\">Bir Efsane<\/h2>\n\n\n\n<p><strong>Erenler P\u0131nar\u0131 Efsanesi<\/strong><\/p>\n\n\n\n<p>Sincanl\u0131 il\u00e7esine ba\u011fl\u0131 D\u00fcza\u011fa\u00e7 k\u00f6y\u00fcnde kaynay\u0131p co\u015fan bir p\u0131nar vard\u0131r. S\u00f6ylendi\u011fine g\u00f6re bu p\u0131nar, Anadolu\u2019nun T\u00fcrkle\u015fmesi s\u0131ras\u0131nda ulu ki\u015filerin ba\u015f\u0131nda konaklad\u0131klar\u0131 bir suymu\u015f. Bu y\u00fczden ad\u0131na Erenler P\u0131nar\u0131 denilirmi\u015f. \u015eifal\u0131ym\u0131\u015f, temizmi\u015f, debisi y\u00fcksekmi\u015f. \u00c7evresinde \u00e7ay\u0131rlar, \u00e7imenler, a\u011fa\u00e7lar yeti\u015firmi\u015f. O suyun yan\u0131nda D\u00fcza\u011fa\u00e7 k\u00f6y\u00fc kurulmu\u015f. Osmanl\u0131 Devleti\u2019nin I. D\u00fcnya Sava\u015f\u0131\u2019n\u0131 kaybetmesinin ard\u0131ndan \u0130zmir\u2019e \u00e7\u0131kan Yunanl\u0131lar, Anadolu\u2019nun i\u00e7lerine do\u011fru ilerlerken, D\u00fcza\u011fa\u00e7 k\u00f6y\u00fcn\u00fc de i\u015fgal etmi\u015fler. D\u00fc\u015fman\u0131n bir taburu k\u00f6ye yerle\u015ferek kararg\u00e2h kurmu\u015f. Y\u00fczy\u0131llard\u0131r \u00e7a\u011flay\u0131p co\u015fan, k\u00f6yl\u00fclerin su ihtiyac\u0131n\u0131 kar\u015f\u0131lay\u0131p \u015fifa da\u011f\u0131tan Erenler P\u0131nar\u0131, i\u015fgalle birlikte mateme ve karalara b\u00fcr\u00fcnen k\u00f6y halk\u0131 gibi \u00fczerini sazlarla ve otlarla \u00f6rtm\u00fc\u015f, kendini gizlemi\u015f. Anadolu\u2019yu T\u00fcrkle\u015ftirmeye gelen alperenlere co\u015farak, \u00e7a\u011flayarak verdi\u011fi suyunu, esirgemi\u015f i\u015fgalci Yunanl\u0131lardan. Bir damlas\u0131n\u0131 bile vermemi\u015f. B\u00fcy\u00fck Taarruz ba\u015flay\u0131p T\u00fcrk askerleri d\u00fc\u015fman\u0131 Dumlup\u0131nar taraflar\u0131na s\u00fcrd\u00fc\u011f\u00fc zaman Erenler P\u0131nar\u0131 da otlardan, sazlardan ar\u0131nm\u0131\u015f, ayna gibi, temiz, p\u0131r\u0131l p\u0131r\u0131l suyuyla kar\u015f\u0131lam\u0131\u015f T\u00fcrk askerlerini. Askerler kana kana i\u00e7mi\u015fler Erenler P\u0131nar\u0131\u2019 n\u0131n suyundan. Suyu i\u00e7en askerler \u00e7a\u011flay\u0131p co\u015fmu\u015f, d\u00fc\u015fman\u0131 \u00f6nlerine katt\u0131klar\u0131 gibi \u0130zmir\u2019e kadar kovalay\u0131p denize d\u00f6km\u00fc\u015f. Askerler i\u00e7tik\u00e7e su \u00e7o\u011falm\u0131\u015f, bir de\u011firmeni \u00e7evirecek kadar b\u00fcy\u00fcm\u00fc\u015f. Suyun aya\u011f\u0131na de\u011firmenler kurulmu\u015f. Yak\u0131n zamana kadar \u00e7al\u0131\u015fan de\u011firmenler, sanayinin ilerlemesiyle y\u0131k\u0131lm\u0131\u015f, harap olmu\u015f.(engelsizedebiyat 2024)<\/p>\n\n\n\n<figure class=\"wp-block-embed is-type-video is-provider-youtube wp-block-embed-youtube wp-embed-aspect-16-9 wp-has-aspect-ratio\"><div class=\"wp-block-embed__wrapper\">\n<iframe loading=\"lazy\" title=\"03 Afyon\" width=\"604\" height=\"340\" src=\"https:\/\/www.youtube.com\/embed\/9RifLwgerQc?feature=oembed\" frameborder=\"0\" allow=\"accelerometer; autoplay; clipboard-write; encrypted-media; gyroscope; picture-in-picture; web-share\" referrerpolicy=\"strict-origin-when-cross-origin\" allowfullscreen><\/iframe>\n<\/div><\/figure>\n\n\n\n<div class=\"wp-block-columns is-layout-flex wp-container-core-columns-is-layout-1 wp-block-columns-is-layout-flex\">\n<div class=\"wp-block-column is-layout-flow wp-block-column-is-layout-flow\">\n<p><strong>Bir Kelime<\/strong><\/p>\n\n\n\n<p>Bizim g\u0131z- Bizim o\u011flan K\u0131z karde\u015f- Erkek karde\u015f<\/p>\n<\/div>\n\n\n\n<div class=\"wp-block-column is-layout-flow wp-block-column-is-layout-flow\">\n<p><strong>Bir Deyi\u015f<\/strong><\/p>\n\n\n\n<p>Adam bilir adam k\u0131ymetini, sarraf bilir alt\u0131n k\u0131ymetini.<\/p>\n<\/div>\n<\/div>\n\n\n\n<p><\/p>\n","protected":false},"excerpt":{"rendered":"<p>ROMANLAR AL\u0130N\u0130N B\u0130R\u0130(FAHR\u0130 ERD\u0130N\u00c7) Alinin Biri roman\u0131nda Fahri Erdin\u00e7, T\u00fcrkiye tarihinden \u00f6nemli ve anlaml\u0131 bir kesit sunuyor. Bu kesitin sunulu\u015funda, Ulusal Kurtulu\u015f Sava\u015f\u0131&#8217;yla kurulan \u00fclkenin tarihsel geli\u015fimi i\u00e7indeki bir ger\u00e7eklik, emek\u00e7i k\u00f6yl\u00fcn\u00fcn toprak \u00f6zlemi \u00f6ne \u00e7\u0131k\u0131yor. Alinin Biri, bu do\u011frultuda verilen, k\u00f6yl\u00fc i\u00e7in ba\u011f\u0131ms\u0131zl\u0131\u011f\u0131n toprak, \u00f6zg\u00fcrl\u00fc\u011f\u00fcn de i\u015fledi\u011fi topra\u011fa sahip olmakla ba\u015flayaca\u011f\u0131n\u0131 vurgulayan bir m\u00fccadelenin &hellip; <a href=\"https:\/\/edebiyatatlasi.com\/?page_id=185\" class=\"more-link\"><span class=\"screen-reader-text\">Afyon-<\/span> yaz\u0131s\u0131na devam et <span class=\"meta-nav\">&rarr;<\/span><\/a><\/p>\n","protected":false},"author":1,"featured_media":0,"parent":0,"menu_order":0,"comment_status":"closed","ping_status":"closed","template":"","meta":{"footnotes":""},"class_list":["post-185","page","type-page","status-publish","hentry"],"_links":{"self":[{"href":"https:\/\/edebiyatatlasi.com\/index.php?rest_route=\/wp\/v2\/pages\/185","targetHints":{"allow":["GET"]}}],"collection":[{"href":"https:\/\/edebiyatatlasi.com\/index.php?rest_route=\/wp\/v2\/pages"}],"about":[{"href":"https:\/\/edebiyatatlasi.com\/index.php?rest_route=\/wp\/v2\/types\/page"}],"author":[{"embeddable":true,"href":"https:\/\/edebiyatatlasi.com\/index.php?rest_route=\/wp\/v2\/users\/1"}],"replies":[{"embeddable":true,"href":"https:\/\/edebiyatatlasi.com\/index.php?rest_route=%2Fwp%2Fv2%2Fcomments&post=185"}],"version-history":[{"count":2,"href":"https:\/\/edebiyatatlasi.com\/index.php?rest_route=\/wp\/v2\/pages\/185\/revisions"}],"predecessor-version":[{"id":187,"href":"https:\/\/edebiyatatlasi.com\/index.php?rest_route=\/wp\/v2\/pages\/185\/revisions\/187"}],"wp:attachment":[{"href":"https:\/\/edebiyatatlasi.com\/index.php?rest_route=%2Fwp%2Fv2%2Fmedia&parent=185"}],"curies":[{"name":"wp","href":"https:\/\/api.w.org\/{rel}","templated":true}]}}