{"id":183,"date":"2025-01-20T15:11:05","date_gmt":"2025-01-20T15:11:05","guid":{"rendered":"https:\/\/edebiyatatlasi.com\/?page_id=183"},"modified":"2025-01-20T15:11:05","modified_gmt":"2025-01-20T15:11:05","slug":"adiyaman","status":"publish","type":"page","link":"https:\/\/edebiyatatlasi.com\/?page_id=183","title":{"rendered":"Ad\u0131yaman &#8211;"},"content":{"rendered":"\n<h2 class=\"wp-block-heading\">ROMANLAR<\/h2>\n\n\n\n<p><strong>NEMRUT DA\u011eI(MUSTAFA MUTLU \u0130B\u0130L\u0130)<\/strong><\/p>\n\n\n\n<p>Melih\u2026 Okudu\u011fu \u00fcniversitenin Jeoloji M\u00fchendisli\u011fi b\u00f6l\u00fcm\u00fcnde ara\u015ft\u0131rma g\u00f6revlisi olarak mesle\u011fine ilk ad\u0131m\u0131 atan, \u00f6\u011frencilik y\u0131llar\u0131ndaki a\u015fk\u0131 Rana ile mutlu bir yuva kuran bir adamd\u0131r. Doktor anne ve babas\u0131n\u0131n emeklilik karar\u0131 alarak, Ankara\u2019n\u0131n g\u00fcndelik ko\u015fu\u015fturmas\u0131ndan ka\u00e7\u0131p, Bitlis\u2019in do\u011fas\u0131na yerle\u015fmek arzusu, Melih\u2019in t\u00fcm hayat\u0131n\u0131 de\u011fi\u015ftirecektir\u2026<\/p>\n\n\n\n<p>Tatvan\u2019da temiz havay\u0131 i\u00e7ine \u00e7ekmek isteyen Nermin Han\u0131m ve Kemal Bey, \u00e7evrede olu\u015fan kayna\u011f\u0131 belirsiz k\u00f6t\u00fc kokular\u0131n nedenini bir t\u00fcrl\u00fc anlayamaz. Kokunun kayna\u011f\u0131n\u0131 ve giderilmesini sa\u011flamak i\u00e7in ise \u00e7are; Melih ve arkada\u015flar\u0131ndad\u0131r.<\/p>\n\n\n\n<p>Melih\u2019in g\u00f6zleri art\u0131k tek bir y\u00f6ne, kokunun ve fel\u00e2ketlerin kayna\u011f\u0131na \u00e7evrilmi\u015ftir\u2026<\/p>\n\n\n\n<p>O kaynak, Nemrut Da\u011f\u0131n\u0131n ta kendisidir! (MUSTAFA MUTLU \u0130B\u0130L\u0130, 2024)<\/p>\n\n\n\n<h2 class=\"wp-block-heading\">Bir Efsane<\/h2>\n\n\n\n<p><strong>Erenler P\u0131nar\u0131 Efsanesi<\/strong><\/p>\n\n\n\n<p>Sincanl\u0131 il\u00e7esine ba\u011fl\u0131 D\u00fcza\u011fa\u00e7 k\u00f6y\u00fcnde kaynay\u0131p co\u015fan bir p\u0131nar vard\u0131r. S\u00f6ylendi\u011fine g\u00f6re bu p\u0131nar, Anadolu\u2019nun T\u00fcrkle\u015fmesi s\u0131ras\u0131nda ulu ki\u015filerin ba\u015f\u0131nda konaklad\u0131klar\u0131 bir suymu\u015f. Bu y\u00fczden ad\u0131na Erenler P\u0131nar\u0131 denilirmi\u015f. \u015eifal\u0131ym\u0131\u015f, temizmi\u015f, debisi y\u00fcksekmi\u015f. \u00c7evresinde \u00e7ay\u0131rlar, \u00e7imenler, a\u011fa\u00e7lar yeti\u015firmi\u015f. O suyun yan\u0131nda D\u00fcza\u011fa\u00e7 k\u00f6y\u00fc kurulmu\u015f. Osmanl\u0131 Devleti\u2019nin I. D\u00fcnya Sava\u015f\u0131\u2019n\u0131 kaybetmesinin ard\u0131ndan \u0130zmir\u2019e \u00e7\u0131kan Yunanl\u0131lar, Anadolu\u2019nun i\u00e7lerine do\u011fru ilerlerken, D\u00fcza\u011fa\u00e7 k\u00f6y\u00fcn\u00fc de i\u015fgal etmi\u015fler. D\u00fc\u015fman\u0131n bir taburu k\u00f6ye yerle\u015ferek kararg\u00e2h kurmu\u015f.<\/p>\n\n\n\n<p>Y\u00fczy\u0131llard\u0131r \u00e7a\u011flay\u0131p co\u015fan, k\u00f6yl\u00fclerin su ihtiyac\u0131n\u0131 kar\u015f\u0131lay\u0131p \u015fifa da\u011f\u0131tan Erenler P\u0131nar\u0131, i\u015fgalle birlikte mateme ve karalara b\u00fcr\u00fcnen k\u00f6y halk\u0131 gibi \u00fczerini sazlarla ve otlarla \u00f6rtm\u00fc\u015f, kendini gizlemi\u015f. Anadolu\u2019yu T\u00fcrkle\u015ftirmeye gelen alperenlere co\u015farak, \u00e7a\u011flayarak verdi\u011fi suyunu, esirgemi\u015f i\u015fgalci Yunanl\u0131lardan. Bir damlas\u0131n\u0131 bile vermemi\u015f.<\/p>\n\n\n\n<p>B\u00fcy\u00fck Taarruz ba\u015flay\u0131p T\u00fcrk askerleri d\u00fc\u015fman\u0131 Dumlup\u0131nar taraflar\u0131na s\u00fcrd\u00fc\u011f\u00fc zaman Erenler P\u0131nar\u0131 da otlardan, sazlardan ar\u0131nm\u0131\u015f, ayna gibi, temiz, p\u0131r\u0131l p\u0131r\u0131l suyuyla kar\u015f\u0131lam\u0131\u015f T\u00fcrk askerlerini. Askerler kana kana i\u00e7mi\u015fler Erenler P\u0131nar\u0131\u2019 n\u0131n suyundan. Suyu i\u00e7en askerler \u00e7a\u011flay\u0131p co\u015fmu\u015f, d\u00fc\u015fman\u0131 \u00f6nlerine katt\u0131klar\u0131 gibi \u0130zmir\u2019e kadar kovalay\u0131p denize d\u00f6km\u00fc\u015f. Askerler i\u00e7tik\u00e7e su \u00e7o\u011falm\u0131\u015f, bir de\u011firmeni \u00e7evirecek kadar b\u00fcy\u00fcm\u00fc\u015f. Suyun aya\u011f\u0131na de\u011firmenler kurulmu\u015f. Yak\u0131n zamana kadar \u00e7al\u0131\u015fan de\u011firmenler, sanayinin ilerlemesiyle y\u0131k\u0131lm\u0131\u015f, harap olmu\u015f(engelsizedebiyat, 2024)<\/p>\n\n\n\n<figure class=\"wp-block-embed is-type-video is-provider-youtube wp-block-embed-youtube wp-embed-aspect-16-9 wp-has-aspect-ratio\"><div class=\"wp-block-embed__wrapper\">\n<iframe loading=\"lazy\" title=\"02 Ad\u0131yaman\" width=\"604\" height=\"340\" src=\"https:\/\/www.youtube.com\/embed\/h2EHtGKdfhs?feature=oembed\" frameborder=\"0\" allow=\"accelerometer; autoplay; clipboard-write; encrypted-media; gyroscope; picture-in-picture; web-share\" referrerpolicy=\"strict-origin-when-cross-origin\" allowfullscreen><\/iframe>\n<\/div><\/figure>\n\n\n\n<div class=\"wp-block-columns is-layout-flex wp-container-core-columns-is-layout-1 wp-block-columns-is-layout-flex\">\n<div class=\"wp-block-column is-layout-flow wp-block-column-is-layout-flow\">\n<p><strong>Bir Kelime:<\/strong><\/p>\n\n\n\n<p>Lavgaral\u0131k: Bo\u015f konu\u015fmak<\/p>\n<\/div>\n\n\n\n<div class=\"wp-block-column is-layout-flow wp-block-column-is-layout-flow\"><\/div>\n<\/div>\n\n\n\n<p><\/p>\n","protected":false},"excerpt":{"rendered":"<p>ROMANLAR NEMRUT DA\u011eI(MUSTAFA MUTLU \u0130B\u0130L\u0130) Melih\u2026 Okudu\u011fu \u00fcniversitenin Jeoloji M\u00fchendisli\u011fi b\u00f6l\u00fcm\u00fcnde ara\u015ft\u0131rma g\u00f6revlisi olarak mesle\u011fine ilk ad\u0131m\u0131 atan, \u00f6\u011frencilik y\u0131llar\u0131ndaki a\u015fk\u0131 Rana ile mutlu bir yuva kuran bir adamd\u0131r. Doktor anne ve babas\u0131n\u0131n emeklilik karar\u0131 alarak, Ankara\u2019n\u0131n g\u00fcndelik ko\u015fu\u015fturmas\u0131ndan ka\u00e7\u0131p, Bitlis\u2019in do\u011fas\u0131na yerle\u015fmek arzusu, Melih\u2019in t\u00fcm hayat\u0131n\u0131 de\u011fi\u015ftirecektir\u2026 Tatvan\u2019da temiz havay\u0131 i\u00e7ine \u00e7ekmek isteyen Nermin &hellip; <a href=\"https:\/\/edebiyatatlasi.com\/?page_id=183\" class=\"more-link\"><span class=\"screen-reader-text\">Ad\u0131yaman &#8211;<\/span> yaz\u0131s\u0131na devam et <span class=\"meta-nav\">&rarr;<\/span><\/a><\/p>\n","protected":false},"author":1,"featured_media":0,"parent":0,"menu_order":0,"comment_status":"closed","ping_status":"closed","template":"","meta":{"footnotes":""},"class_list":["post-183","page","type-page","status-publish","hentry"],"_links":{"self":[{"href":"https:\/\/edebiyatatlasi.com\/index.php?rest_route=\/wp\/v2\/pages\/183","targetHints":{"allow":["GET"]}}],"collection":[{"href":"https:\/\/edebiyatatlasi.com\/index.php?rest_route=\/wp\/v2\/pages"}],"about":[{"href":"https:\/\/edebiyatatlasi.com\/index.php?rest_route=\/wp\/v2\/types\/page"}],"author":[{"embeddable":true,"href":"https:\/\/edebiyatatlasi.com\/index.php?rest_route=\/wp\/v2\/users\/1"}],"replies":[{"embeddable":true,"href":"https:\/\/edebiyatatlasi.com\/index.php?rest_route=%2Fwp%2Fv2%2Fcomments&post=183"}],"version-history":[{"count":1,"href":"https:\/\/edebiyatatlasi.com\/index.php?rest_route=\/wp\/v2\/pages\/183\/revisions"}],"predecessor-version":[{"id":184,"href":"https:\/\/edebiyatatlasi.com\/index.php?rest_route=\/wp\/v2\/pages\/183\/revisions\/184"}],"wp:attachment":[{"href":"https:\/\/edebiyatatlasi.com\/index.php?rest_route=%2Fwp%2Fv2%2Fmedia&parent=183"}],"curies":[{"name":"wp","href":"https:\/\/api.w.org\/{rel}","templated":true}]}}