{"id":179,"date":"2025-01-20T12:39:28","date_gmt":"2025-01-20T12:39:28","guid":{"rendered":"https:\/\/edebiyatatlasi.com\/?page_id=179"},"modified":"2025-01-20T12:39:28","modified_gmt":"2025-01-20T12:39:28","slug":"balikesir","status":"publish","type":"page","link":"https:\/\/edebiyatatlasi.com\/?page_id=179","title":{"rendered":"Bal\u0131kesir"},"content":{"rendered":"\n<h2 class=\"wp-block-heading\">ROMANLAR<\/h2>\n\n\n\n<p><strong>KUYUCAKLI YUSUF(SABAHTATT\u0130N AL\u0130)<\/strong><\/p>\n\n\n\n<p>Kuyucakl\u0131 Yusuf, o zamana kadar bir \u00f6yk\u00fc yazar\u0131 olarak tan\u0131nan Sabahattin Ali&#8217;nin 1937 y\u0131l\u0131nda kaleme ald\u0131\u011f\u0131 ve yay\u0131mlad\u0131\u011f\u0131 ilk roman\u0131d\u0131r. Roman\u0131n ba\u015f kahraman\u0131 olan Yusuf, T\u00fcrk edebiyat\u0131n\u0131n en romantik karakterlerinden birisi olarak kabul edilir. Roman, Mill\u00ee E\u011fitim Bakanl\u0131\u011f\u0131\u2019n\u0131n orta\u00f6\u011fretim \u00f6\u011frencilerine tavsiye etti\u011fi &#8220;100 Temel Eser&#8221; listesinde yer almaktad\u0131r.<\/p>\n\n\n\n<p>Roman, 1985 y\u0131l\u0131nda Feyzi Tuna taraf\u0131ndan ayn\u0131 adla sinemaya uyarland\u0131.<\/p>\n\n\n\n<p>&#8220;Bu manas\u0131z ve yabanc\u0131 hayatta bir tek \u015feye hakikaten sar\u0131lm\u0131\u015f, hakikaten inan\u0131r gibi olmu\u015ftu. Bu da kar\u0131s\u0131 idi. Muazzez&#8217;in varl\u0131\u011f\u0131 Yusuf i\u00e7in b\u00fcy\u00fck bo\u015fluklar\u0131 dolduracak mahiyette bir \u015fey de\u011fildi, fakat onun yoklu\u011fu m\u00fcthi\u015fti. Onun bu kadar sebepsiz yere, bu kadar insafs\u0131zca Yusuf&#8217;un hayat\u0131ndan kopar\u0131lmas\u0131 \u00e7\u0131ld\u0131rtacak kadar ac\u0131 idi. Hayat\u0131nda as\u0131l arad\u0131\u011f\u0131 \u015feyin Muazzez olmad\u0131\u011f\u0131n\u0131 biliyordu, fakat Muazzez olmadan bunu aramaya muktedir olmayaca\u011f\u0131n\u0131 san\u0131yordu.&#8221;<\/p>\n\n\n\n<p>Kuyucakl\u0131 Yusuf T\u00fcrk edebiyat\u0131n\u0131n belki de en romantik kahraman\u0131d\u0131r. Hayat\u0131n ve insanlar\u0131n zalimli\u011fi kar\u015f\u0131s\u0131ndaki naif duru\u015fu ile bir yandan trajik bir sona ilerlerken, bir yandan da ya\u015fad\u0131\u011f\u0131 lirik a\u015fk hikayesinin kahraman\u0131 olarak edebiyat tarihinde yerini alm\u0131\u015ft\u0131r. (Kitapyurdu, 2024)<\/p>\n\n\n\n<h2 class=\"wp-block-heading\">Halk Hikayesi, Hikaye, Destan<\/h2>\n\n\n\n<p><strong>Hasan Bo\u011fuldu(Sabahattin Ali)<\/strong><\/p>\n\n\n\n<p>Hasan oval\u0131 bir gen\u00e7tir, obal\u0131 da\u011flar\u0131n k\u0131z\u0131 Emine\u2019ye \u00e2\u015f\u0131k olur, Emine de ona. Ya\u015fam bi\u00e7imleri farkl\u0131 oldu\u011fu i\u00e7in kavu\u015fmalar\u0131 zordur. Ama pes etmezler Emine\u2019yi istemekte \u0131srarc\u0131 olan Hasan, Emine\u2019nin ailesi taraf\u0131ndan zorlu bir s\u0131nava tabii tutulur. Hasan\u2019\u0131n k\u00f6yden obaya kadar hi\u00e7 dinlenmeden (yakla\u015f\u0131k 5 saatlik bir yol) s\u0131rt\u0131nda 1 \u00e7uval tuzu getirmesi istenir. \u0130lk saatler iyi gitse de g\u00fcne\u015fin ve yorgunlu\u011fun etkisi ile Hasan \u00e7ok terler, terledik\u00e7e s\u0131rt\u0131ndaki tuz \u00e7uval\u0131 s\u0131rt\u0131n\u0131 ate\u015f gibi yakmaya ba\u015flar, takatten iyice kesilen Hasan yere y\u0131\u011f\u0131l\u0131r kal\u0131r.<\/p>\n\n\n\n<p>\u0130\u00e7i yanan s\u0131nav\u0131 kaybeden Hasan kendisini g\u00f6zetlemek i\u00e7in yan\u0131 ba\u015f\u0131nda y\u00fcr\u00fcyen Emine\u2019ye \u201cBen yapamad\u0131m, gelemedim Emine. Sen benimle gel, obaya gitmeyelim.\u201d der. Emine \u00fcz\u00fcl\u00fcr ama geleneklere ba\u011fl\u0131l\u0131\u011f\u0131ndan \u00e7uval\u0131 kendi s\u0131rtlar ve obaya gider.<\/p>\n\n\n\n<p>O g\u00fcnden sonra Hasan\u0131 g\u00f6ren olmaz. Emine her yerde onu arar ama bulamaz bir g\u00fcn dere kenar\u0131nda Hasan\u2019\u0131n g\u00f6mle\u011finden bir par\u00e7a bulur. Hasan\u2019\u0131n gel Emine gidelim deyi\u015fi akl\u0131ndan hi\u00e7 \u00e7\u0131kmaz, sesi s\u00fcrekli kula\u011f\u0131nda \u00e7\u0131nlar, i\u00e7indeki pi\u015fmanl\u0131k Emine\u2019nin durumunu iyice a\u011f\u0131rla\u015ft\u0131r\u0131r ve Emine kendini dere kenar\u0131ndaki \u00e7\u0131nara asarak hayat\u0131na son verir.(k\u00f6sebucakd\u00fcnya,2024)<\/p>\n\n\n\n<h2 class=\"wp-block-heading\">Bir Efsane<\/h2>\n\n\n\n<p><strong>Hasan Baba Yat\u0131r\u0131<\/strong><\/p>\n\n\n\n<p>Kabri hakk\u0131nda pek \u00e7ok efsane anlat\u0131lan bu Hasan Baba hakk\u0131nda M.Yasa ile H. Korkut, \u015eakay\u0131k-\u0131 Numaniye\u2019den naklen Hasan Baba hakk\u0131nda \u015fu bilgileri veriyorlar:<\/p>\n\n\n\n<p>\u201cBursa\u2019da metfun Emir Buhari hazretleriyle m\u00fcnasebet tesis etmi\u015ftir. Emir Sultan vefat edece\u011fi zaman yan\u0131ndaki muhipleri ir\u015fat i\u00e7in makamlar\u0131na birini tavsiye veya tayin etmesini s\u00f6ylediler. Bunun \u00fczerine Emir Sultan Hazretleri buyururlar:<\/p>\n\n\n\n<p>\u201c\u00d6ld\u00fc\u011f\u00fcm zaman s\u0131rra vak\u0131f olan filan kimseyi bulursunuz. i\u015fte ancak o zat\u0131n verece\u011fi cevaba ba\u011fl\u0131d\u0131r. Bunun \u00fczerine Sultan\u2019\u0131n tarif etti\u011fi \u015fahs\u0131 bulup, arzular\u0131n\u0131 s\u00f6ylerler, kabul etmesi i\u00e7in ricada bulunurlar: ilk defa bunu reddeden Hasan Baba, Emir Sultan\u2019\u0131n vasiyetini s\u00f6ylediklerinde kabul eder ve s\u0131rra vak\u0131f oldu\u011funu g\u00f6stermek i\u00e7in ve di\u011ferlerinin arzusu ile \u015f\u00f6yle buyururlar:<\/p>\n\n\n\n<p>Onlara \u201csemaya bak\u0131n\u0131z,\u201d buyurdular. Ol taife dahi \u00e7e\u015fm-i zahir ile savb u semaya nazar id\u00fcp dide-yi bat\u0131nla ar\u015f-\u0131 muallaya tevecc\u00fch eylediklerinde Emir Sultan ile hocas\u0131 Hasan\u2019\u0131 bir yerde c\u00fclus eylemi\u015f g\u00f6rd\u00fcler. Bu vaka \u00fczerine Hasan Baba\u2019n\u0131n halifeli\u011fe lay\u0131k birisi oldu\u011fu anla\u015f\u0131l\u0131r.\u201d<\/p>\n\n\n\n<p>B\u00fcy\u00fck veli Emir Sultan\u2019\u0131n halifesi oldu\u011funu b\u00f6ylece \u00f6\u011frenilen Hasan Baba\u2019n\u0131n dindar ve alim birisidir.O, \u015fimdi kabrinin bulundu\u011fu ve o zamanlar Arap Han\u0131n\u0131n bir odas\u0131 olan yerde ya\u015fad\u0131\u011f\u0131 i\u00e7in \u201c\u00d6ld\u00fc\u011f\u00fcm zaman beni buraya g\u00f6mersiniz\u201d diye vasiyet etmi\u015f, \u00f6ld\u00fckten sonra da bu vasiyeti yerine getirilmi\u015ftir. Hasan Baba\u2019n\u0131n halife olmadan \u00f6nce Za\u011fnos Pa\u015fa Cami\u2019nin helalar\u0131n\u0131 temizledi\u011fi de s\u00f6ylenmektedir. M\u00fcnzevi bir hayat s\u00fcrmesine ra\u011fmen son derece alim bir zat oldu\u011fu, ilimizde Ayak Dedesi ad\u0131yla bilinen yat\u0131r\u0131n sahibi \u015eeyh \u015eemseddin Efen\u00addinin m\u00fcridi oldu\u011fu da bilinmektedir.(engelsizedebiyat,2024)<\/p>\n\n\n\n<figure class=\"wp-block-embed is-type-video is-provider-youtube wp-block-embed-youtube wp-embed-aspect-16-9 wp-has-aspect-ratio\"><div class=\"wp-block-embed__wrapper\">\n<iframe loading=\"lazy\" title=\"10 Bal\u0131kesir\" width=\"604\" height=\"340\" src=\"https:\/\/www.youtube.com\/embed\/MhnBBaJL5zU?feature=oembed\" frameborder=\"0\" allow=\"accelerometer; autoplay; clipboard-write; encrypted-media; gyroscope; picture-in-picture; web-share\" referrerpolicy=\"strict-origin-when-cross-origin\" allowfullscreen><\/iframe>\n<\/div><\/figure>\n\n\n\n<div class=\"wp-block-columns is-layout-flex wp-container-core-columns-is-layout-1 wp-block-columns-is-layout-flex\">\n<div class=\"wp-block-column is-layout-flow wp-block-column-is-layout-flow\">\n<p><strong>Bir Kelime:<\/strong><\/p>\n\n\n\n<p>Vere: S\u00fcrekli<\/p>\n<\/div>\n\n\n\n<div class=\"wp-block-column is-layout-flow wp-block-column-is-layout-flow\">\n<p><strong>Bir Deyi\u015f:<\/strong><\/p>\n\n\n\n<p>Armudun sap\u0131, \u00fcz\u00fcm\u00fcn \u00e7\u00f6p\u00fc deme.<\/p>\n<\/div>\n<\/div>\n","protected":false},"excerpt":{"rendered":"<p>ROMANLAR KUYUCAKLI YUSUF(SABAHTATT\u0130N AL\u0130) Kuyucakl\u0131 Yusuf, o zamana kadar bir \u00f6yk\u00fc yazar\u0131 olarak tan\u0131nan Sabahattin Ali&#8217;nin 1937 y\u0131l\u0131nda kaleme ald\u0131\u011f\u0131 ve yay\u0131mlad\u0131\u011f\u0131 ilk roman\u0131d\u0131r. Roman\u0131n ba\u015f kahraman\u0131 olan Yusuf, T\u00fcrk edebiyat\u0131n\u0131n en romantik karakterlerinden birisi olarak kabul edilir. Roman, Mill\u00ee E\u011fitim Bakanl\u0131\u011f\u0131\u2019n\u0131n orta\u00f6\u011fretim \u00f6\u011frencilerine tavsiye etti\u011fi &#8220;100 Temel Eser&#8221; listesinde yer almaktad\u0131r. Roman, 1985 y\u0131l\u0131nda &hellip; <a href=\"https:\/\/edebiyatatlasi.com\/?page_id=179\" class=\"more-link\"><span class=\"screen-reader-text\">Bal\u0131kesir<\/span> yaz\u0131s\u0131na devam et <span class=\"meta-nav\">&rarr;<\/span><\/a><\/p>\n","protected":false},"author":1,"featured_media":0,"parent":0,"menu_order":0,"comment_status":"closed","ping_status":"closed","template":"","meta":{"footnotes":""},"class_list":["post-179","page","type-page","status-publish","hentry"],"_links":{"self":[{"href":"https:\/\/edebiyatatlasi.com\/index.php?rest_route=\/wp\/v2\/pages\/179","targetHints":{"allow":["GET"]}}],"collection":[{"href":"https:\/\/edebiyatatlasi.com\/index.php?rest_route=\/wp\/v2\/pages"}],"about":[{"href":"https:\/\/edebiyatatlasi.com\/index.php?rest_route=\/wp\/v2\/types\/page"}],"author":[{"embeddable":true,"href":"https:\/\/edebiyatatlasi.com\/index.php?rest_route=\/wp\/v2\/users\/1"}],"replies":[{"embeddable":true,"href":"https:\/\/edebiyatatlasi.com\/index.php?rest_route=%2Fwp%2Fv2%2Fcomments&post=179"}],"version-history":[{"count":1,"href":"https:\/\/edebiyatatlasi.com\/index.php?rest_route=\/wp\/v2\/pages\/179\/revisions"}],"predecessor-version":[{"id":180,"href":"https:\/\/edebiyatatlasi.com\/index.php?rest_route=\/wp\/v2\/pages\/179\/revisions\/180"}],"wp:attachment":[{"href":"https:\/\/edebiyatatlasi.com\/index.php?rest_route=%2Fwp%2Fv2%2Fmedia&parent=179"}],"curies":[{"name":"wp","href":"https:\/\/api.w.org\/{rel}","templated":true}]}}