{"id":173,"date":"2025-01-20T12:15:52","date_gmt":"2025-01-20T12:15:52","guid":{"rendered":"https:\/\/edebiyatatlasi.com\/?page_id=173"},"modified":"2025-01-20T12:15:52","modified_gmt":"2025-01-20T12:15:52","slug":"van","status":"publish","type":"page","link":"https:\/\/edebiyatatlasi.com\/?page_id=173","title":{"rendered":"Van"},"content":{"rendered":"\n<h2 class=\"wp-block-heading\">ROMANLAR<\/h2>\n\n\n\n<p><strong>M\u0130HMAN (AK\u0130F KURTULU\u015e)<\/strong><\/p>\n\n\n\n<p>\u00c7ok anlat\u0131c\u0131l\u0131 bir roman Mihman. Akif Kurtulu\u015f, ondan fazla anlat\u0131c\u0131n\u0131n a\u011fz\u0131ndan anlat\u0131yor olaylar\u0131. Anlat\u0131c\u0131lar olan bitenin farkl\u0131 g\u00f6zlerden nas\u0131l g\u00f6r\u00fcld\u00fc\u011f\u00fcn\u00fc ifade ettikleri gibi, kimi zaman da ba\u015fka bir anlat\u0131c\u0131n\u0131n b\u0131rakt\u0131\u011f\u0131 yerden hik\u00e2yeyi s\u00fcrd\u00fcr\u00fcyorlar. Farkl\u0131 anlat\u0131c\u0131lar bir yandan da \u00f6ncekilerin anlatt\u0131klar\u0131 olaylardaki kimi bo\u015fluklar\u0131 tamaml\u0131yorlar. Roman boyunca olu\u015fan soru i\u015faretleri sonraki b\u00f6l\u00fcmlerin sat\u0131r aralar\u0131nda cevaplan\u0131yor. \u00d6zetini vermenin okuma tad\u0131n\u0131 ka\u00e7\u0131raca\u011f\u0131 romanlardan Mihman; olay \u00f6rg\u00fcs\u00fc kimi kesi\u015fme ve rastlant\u0131larla ilerliyor. Kimin kim oldu\u011fu sorusu ya da o anlat\u0131c\u0131n\u0131n ana hik\u00e2yenin neresinde durdu\u011fu gibi sorular sayfalar ilerledik\u00e7e anla\u015f\u0131l\u0131yor. Yine de tad\u0131n\u0131 ka\u00e7\u0131rmadan roman\u0131n ba\u015fl\u0131ca iki kahraman\u0131 hakk\u0131nda bir \u015feyler s\u00f6ylemek m\u00fcmk\u00fcn.<\/p>\n\n\n\n<p>\u0130lki orta ya\u015fl\u0131 bir avukat; gen\u00e7li\u011finde sol harekette yer alm\u0131\u015f, meslek hayat\u0131na ba\u015flad\u0131ktan sonra da siyasetten b\u00fct\u00fcn\u00fcyle kopmam\u0131\u015f, \u0130HD Genel Kurulunda Vedat Ayd\u0131n\u2019\u0131n g\u00f6zalt\u0131na al\u0131n\u0131\u015f\u0131na tan\u0131k olmu\u015f, sonras\u0131nda cenazesine gitmi\u015f, Bilgi \u00dcniversitesinde d\u00fczenlenen Ermeni Konferans\u0131nda bulunmu\u015f biri. Edebiyatla hayli ilgili; c\u00fczdan\u0131nda uzun s\u00fcre Edip Cansever\u2019in \u201cPes\u00fcs\u201d \u015fiirini ta\u015f\u0131m\u0131\u015f, e\u015fi dostuyla konu\u015furken ya da bir ba\u015f\u0131nayken, okudu\u011fu kitaplardan c\u00fcmleler, dizeler geliyor akl\u0131na; hayat\u0131ndaki kimi anlar\u0131 ve ki\u015fileri o s\u0131rada hakk\u0131nda konu\u015ftuklar\u0131 kitaplarla y\u00e2d ediyor. Gelgitli bir a\u015fk hayat\u0131 olmu\u015f; onu b\u00f6ylesi bir gelgitin y\u00fckseldi\u011fi bir zaman diliminde tan\u0131yoruz zaten. Bu gelgitin etkisiyle i\u00e7ine d\u00f6n\u00fcp kendini de\u015fti\u011fi, neden b\u00f6yle oldu\u011funu sorgulad\u0131\u011f\u0131 ya da sorgular gibi yap\u0131p ka\u00e7t\u0131\u011f\u0131 anlara tan\u0131k oluyoruz. Roman boyunca s\u00f6z s\u0131kl\u0131kla futbola geldi\u011fi i\u00e7in belirtmek gerek, s\u0131k\u0131 bir Fenerbah\u00e7e taraftar\u0131 ve can\u0131 s\u0131k\u0131ld\u0131\u011f\u0131nda amat\u00f6r k\u00fcme ma\u00e7lar\u0131 seyrederek teselli ar\u0131yor.<\/p>\n\n\n\n<p>\u00d6b\u00fcr kahramansa bir istihbarat\u00e7\u0131: \u201cM\u00fcd\u00fcr\u201d olarak an\u0131l\u0131yor romanda. S\u0131ra d\u0131\u015f\u0131 oldu\u011funu d\u00fc\u015f\u00fcnebilece\u011fimiz bir istihbarat\u00e7\u0131 ama. Avukatla benze\u015ftikleri yanlar var \u2013 i\u00e7kiye d\u00fc\u015fk\u00fcnl\u00fckleri, spora ilgisi (istihbarat\u00e7\u0131 masa tenisine d\u00fc\u015fk\u00fcn), kad\u0131nlarla (asl\u0131nda kendisiyle) ili\u015fkisinde ya\u015fad\u0131\u011f\u0131 ka\u00e7akl\u0131k. Roman\u0131n sonlar\u0131na do\u011fru yapt\u0131\u011f\u0131 siyasi analizler de onu s\u0131ra d\u0131\u015f\u0131 saymam\u0131z\u0131 gerektirecek bir ba\u015fka sebep. Avukat\u2019\u0131n onu \u201cmuzip ve u\u00e7ar\u0131 ruhlu\u201d diye and\u0131\u011f\u0131 da eklenebilir bunlara.<\/p>\n\n\n\n<p>Okuma tad\u0131n\u0131 ka\u00e7\u0131rmadan, olay \u00f6rg\u00fcs\u00fcndeki yerlerine \u00e7ok de\u011finmeden \u00f6b\u00fcr kahramanlar\u0131n bir b\u00f6l\u00fcm\u00fcn\u00fc saymak gerekirse: Avukat\u2019\u0131n ayr\u0131ld\u0131\u011f\u0131 sevgilisi (ayn\u0131 zamanda eski e\u015fi), bu kad\u0131n\u0131n eski bir DP\u2019li olan babas\u0131, Avukat\u2019\u0131n okul y\u0131llar\u0131ndan arkada\u015f\u0131 olan ve o\u011flu zorunlu askerli\u011fini yaparken \u00f6ld\u00fcr\u00fclen bir ba\u015fka kad\u0131n, da\u011fa giden bir gerilla, onun sorumlusu, da\u011fdaki \u00f6b\u00fcr gerillalar, M\u00fcd\u00fcr\u2019\u00fcn muhbiri, M\u00fcd\u00fcr\u2019\u00fcn ofisinde getir-g\u00f6t\u00fcre bakan kad\u0131n, Avukat\u2019\u0131n eski stajyeri\u2026 B\u00fct\u00fcn bu karakterlerin bir par\u00e7as\u0131n\u0131 aktard\u0131\u011f\u0131 ve anlatt\u0131klar\u0131 yan hik\u00e2yelerin destekledi\u011fi ana hik\u00e2ye ise Avukat\u2019\u0131n Van\u2019da ka\u00e7\u0131r\u0131lmas\u0131d\u0131r (Kitapyaz\u0131lar\u0131, 2012)<\/p>\n\n\n\n<h2 class=\"wp-block-heading\">Halk Hikayesi, Hikaye, Destan<\/h2>\n\n\n\n<p><strong>AH TAMARA(\u015eAH\u0130N AK\u00c7AP)<\/strong><\/p>\n\n\n\n<p>Kitaba ad\u0131n\u0131 veren &#8216;Ah Tamara&#8217; \u00f6yk\u00fcs\u00fc Van G\u00f6l\u00fc&#8217;ndeki Akdamar Adas\u0131&#8217;nda ge\u00e7er! \u00d6yk\u00fc ac\u0131 biter. Bu ac\u0131 son sebebiyle (Yazar\u0131n anlat\u0131m\u0131) rivayet olunmu\u015f ki; &#8216;Adan\u0131n t\u00fcm tav\u015fanlar\u0131n\u0131n z\u00fcrriyeti h\u0131zla azal\u0131p yok olmu\u015f, adan\u0131n derinliklerinden sa\u011flanan su kurumu\u015f, Van G\u00f6l\u00fc&#8217;n\u00fcn sular\u0131 sodala\u015fm\u0131\u015f ve tek canl\u0131n\u0131n ya\u015famas\u0131na izin vermemi\u015f.&#8217;<\/p>\n\n\n\n<p>\u015eahin Ak\u00e7ap, bir \u00f6\u011fretmen; \u00e7e\u015fitli dergi ve gazetelerde uzun s\u00fcredir yaz\u0131p \u00e7iziyor; mesle\u011fi icab\u0131, Anadolu&#8217;nun nerede ise d\u00f6rt bir taraf\u0131nda bulunmu\u015f; kitab\u0131ndaki \u00f6yk\u00fclerde buralardan esintiler var; her kesimden insan manzaralar\u0131 var!.. (kitapyurdu.com, 2024)<\/p>\n\n\n\n<h2 class=\"wp-block-heading\">Bir Efsane<\/h2>\n\n\n\n<p><strong>Akdamar Efsanesi<\/strong><\/p>\n\n\n\n<p>Van G\u00f6l\u00fc\u2019n\u00fcn g\u00fcneydo\u011fusunda yer alan, uzunlu\u011fu 1,5 km, geni\u015fli\u011fi 0,5 km olan Akdamar Adas\u0131\u2019n\u0131n ismiyle ilgili \u015f\u00f6yle bir efsane anlat\u0131l\u0131r:\u00c7ok eskiden Van\u2019da bir Ke\u015fi\u015f ya\u015famaktaym\u0131\u015f. Bu Ke\u015fi\u015f\u2019in d\u00fcnyalar g\u00fczeli bir k\u0131z\u0131 varm\u0131\u015f. K\u0131z o kadar g\u00fczelmi\u015f ki, O\u2019nu bir g\u00f6ren bin g\u00f6n\u00fclden vurulurmu\u015f. Bu g\u00fczel k\u0131z\u0131n ismi de \u201cTamara\u201d imi\u015f. B\u00fct\u00fcn Vanl\u0131 delikanl\u0131lar Tamara\u2019n\u0131n pe\u015finde dolana dursunlar, Tamara g\u00f6nl\u00fcn\u00fc yi\u011fit mi yi\u011fit, yak\u0131\u015f\u0131kl\u0131 m\u0131 yak\u0131\u015f\u0131kl\u0131 bir T\u00fcrk gencine kapt\u0131r\u0131r. \u0130ki sevgili gizli gizli bulu\u015furlar. Bu bulu\u015fmalar bir s\u00fcre devam eder. Sonunda iki gencin a\u015fk\u0131n\u0131 Van\u2019da duymayan kalmaz. Ke\u015fi\u015f, k\u0131z\u0131n\u0131 bu sevdadan vazge\u00e7irmek i\u00e7in ne kadar u\u011fra\u015f\u0131rsa u\u011fra\u015fs\u0131n ba\u015faramaz. Tek \u00e7are, k\u0131z\u0131n\u0131 Van\u2019dan uzakla\u015ft\u0131rmakt\u0131r. Van G\u00f6l\u00fc\u2019n\u00fcn en b\u00fcy\u00fck adas\u0131 olan Akdamar Adas\u0131\u2019nda bir kilise yapt\u0131r\u0131p, kalan \u00f6mr\u00fcn\u00fc k\u0131z\u0131yla beraber bu adada ge\u00e7irmeye karar verir. Seven iki kalbi birbirinden ay\u0131rmak m\u00fcmk\u00fcn m\u00fc? Tamara ile T\u00fcrk gencinin a\u015fklar\u0131 o kadar y\u00fcce, o kadar engel tan\u0131maz ki\u2026 Ke\u015fi\u015f\u2019in Tamara\u2019y\u0131 Ada\u2019ya hapsetmesi de fayda vermez. \u0130ki gen\u00e7, anla\u015f\u0131rlar. Delikanl\u0131, her gece k\u0131y\u0131dan y\u00fczerek Ada\u2019ya \u00e7\u0131kacakt\u0131r. Bu arada Tamara da sevgilisine aday\u0131 bulabilmesi i\u00e7in fenerle i\u015faret verecek, O\u2019na yard\u0131mc\u0131 olacakt\u0131r. Dedikleri gibi yaparlar. Delikanl\u0131, yaz demez, k\u0131\u015f demez, f\u0131rt\u0131naya, dalgaya ald\u0131rmaz, her gece y\u00fczerek Ada\u2019ya \u00e7\u0131kar. Sabaha kadar Tamara ile birlikte olurlar. G\u00fcn \u0131\u015f\u0131madan da tekrar y\u00fczerek geri d\u00f6ner. Bir zaman sonra Ke\u015fi\u015f, iki gencin bulu\u015ftuklar\u0131n\u0131 \u00f6\u011frenir. Bir gece, k\u0131z\u0131n b\u0131rakt\u0131\u011f\u0131 i\u015faret fenerinin yerini de\u011fi\u015ftirir. Feneri, keskin ve sivri kayal\u0131klar\u0131n bulundu\u011fu bir tarafa b\u0131rak\u0131r. Tamara da Delikanl\u0131 da kurulan tuzaktan habersizdirler. Delikanl\u0131 her zaman oldu\u011fu gibi yine k\u0131y\u0131dan suya girer, Ada\u2019dan g\u00f6r\u00fcnen \u0131\u015f\u0131\u011fa do\u011fru y\u00fczmeye ba\u015flar. \u015eanss\u0131zl\u0131k bu ya, o gece, hem \u00e7ok karanl\u0131k, g\u00f6l de a\u015f\u0131r\u0131 dalgal\u0131d\u0131r. Delikanl\u0131 y\u00fczer, y\u00fczer, y\u00fczer\u2026 Kollar\u0131nda derman t\u00fckenir. I\u015f\u0131\u011fa do\u011fru y\u00fczd\u00fck\u00e7e \u0131\u015f\u0131k uzakla\u015f\u0131r sanki. Dalgalar daha da kudurur. Kuvvetli bir dalga, g\u00fcc\u00fc t\u00fckenen delikanl\u0131y\u0131 y\u00fckseltti\u011fi gibi sivri ve keskin kayalara \u00e7arpar. Her taraf\u0131 par\u00e7a par\u00e7a olan delikanl\u0131n\u0131n, g\u00f6l\u00fcn karanl\u0131k sular\u0131na g\u00f6m\u00fcl\u00fcrken : \u201cAh Tamara, Ah Tamara!\u2026\u201d feryatlar\u0131, kayal\u0131klardan yank\u0131lanarak Tamara\u2019ya kadar ula\u015f\u0131r. Art\u0131k Tamara\u2019ya dur olur mu? O da g\u00f6z\u00fcn\u00fc k\u0131rpmadan kendisini azg\u0131n dalgalar\u0131n kuca\u011f\u0131na b\u0131rak\u0131r ve kaybolur. B\u00f6ylece, ya\u015farken bir araya gelmeleri engellenen iki gen\u00e7, sonsuza kadar s\u00fcrecek beraberliklerine, Van G\u00f6l\u00fc\u2019n\u00fcn lacivert sular\u0131n\u0131n derinliklerini mek\u00e2n se\u00e7erler. Bu ac\u0131kl\u0131 sonun ya\u015fand\u0131\u011f\u0131 adan\u0131n ismi de o g\u00fcnden sonra \u201cAh Tamara\u201d n\u0131n de\u011fi\u015ftirilmesi ile \u201cAkdamar\u201d olur. (engelsizedebiyat 2024)<\/p>\n\n\n\n<figure class=\"wp-block-embed is-type-video is-provider-youtube wp-block-embed-youtube wp-embed-aspect-16-9 wp-has-aspect-ratio\"><div class=\"wp-block-embed__wrapper\">\n<iframe loading=\"lazy\" title=\"65 Van\" width=\"604\" height=\"340\" src=\"https:\/\/www.youtube.com\/embed\/S86Kp-Qx-iw?feature=oembed\" frameborder=\"0\" allow=\"accelerometer; autoplay; clipboard-write; encrypted-media; gyroscope; picture-in-picture; web-share\" referrerpolicy=\"strict-origin-when-cross-origin\" allowfullscreen><\/iframe>\n<\/div><\/figure>\n\n\n\n<div class=\"wp-block-columns is-layout-flex wp-container-core-columns-is-layout-1 wp-block-columns-is-layout-flex\">\n<div class=\"wp-block-column is-layout-flow wp-block-column-is-layout-flow\">\n<p><strong>Bir Kelime:<\/strong><\/p>\n\n\n\n<p>Ab\u0131zambak: Sa\u00e7ma sapan<\/p>\n<\/div>\n\n\n\n<div class=\"wp-block-column is-layout-flow wp-block-column-is-layout-flow\">\n<p><strong>Bir Deyi\u015f:<\/strong><\/p>\n\n\n\n<p>Acele etme, dilini di\u015flersin.<\/p>\n<\/div>\n<\/div>\n","protected":false},"excerpt":{"rendered":"<p>ROMANLAR M\u0130HMAN (AK\u0130F KURTULU\u015e) \u00c7ok anlat\u0131c\u0131l\u0131 bir roman Mihman. Akif Kurtulu\u015f, ondan fazla anlat\u0131c\u0131n\u0131n a\u011fz\u0131ndan anlat\u0131yor olaylar\u0131. Anlat\u0131c\u0131lar olan bitenin farkl\u0131 g\u00f6zlerden nas\u0131l g\u00f6r\u00fcld\u00fc\u011f\u00fcn\u00fc ifade ettikleri gibi, kimi zaman da ba\u015fka bir anlat\u0131c\u0131n\u0131n b\u0131rakt\u0131\u011f\u0131 yerden hik\u00e2yeyi s\u00fcrd\u00fcr\u00fcyorlar. Farkl\u0131 anlat\u0131c\u0131lar bir yandan da \u00f6ncekilerin anlatt\u0131klar\u0131 olaylardaki kimi bo\u015fluklar\u0131 tamaml\u0131yorlar. Roman boyunca olu\u015fan soru i\u015faretleri sonraki b\u00f6l\u00fcmlerin &hellip; <a href=\"https:\/\/edebiyatatlasi.com\/?page_id=173\" class=\"more-link\"><span class=\"screen-reader-text\">Van<\/span> yaz\u0131s\u0131na devam et <span class=\"meta-nav\">&rarr;<\/span><\/a><\/p>\n","protected":false},"author":1,"featured_media":0,"parent":0,"menu_order":0,"comment_status":"closed","ping_status":"closed","template":"","meta":{"footnotes":""},"class_list":["post-173","page","type-page","status-publish","hentry"],"_links":{"self":[{"href":"https:\/\/edebiyatatlasi.com\/index.php?rest_route=\/wp\/v2\/pages\/173","targetHints":{"allow":["GET"]}}],"collection":[{"href":"https:\/\/edebiyatatlasi.com\/index.php?rest_route=\/wp\/v2\/pages"}],"about":[{"href":"https:\/\/edebiyatatlasi.com\/index.php?rest_route=\/wp\/v2\/types\/page"}],"author":[{"embeddable":true,"href":"https:\/\/edebiyatatlasi.com\/index.php?rest_route=\/wp\/v2\/users\/1"}],"replies":[{"embeddable":true,"href":"https:\/\/edebiyatatlasi.com\/index.php?rest_route=%2Fwp%2Fv2%2Fcomments&post=173"}],"version-history":[{"count":1,"href":"https:\/\/edebiyatatlasi.com\/index.php?rest_route=\/wp\/v2\/pages\/173\/revisions"}],"predecessor-version":[{"id":174,"href":"https:\/\/edebiyatatlasi.com\/index.php?rest_route=\/wp\/v2\/pages\/173\/revisions\/174"}],"wp:attachment":[{"href":"https:\/\/edebiyatatlasi.com\/index.php?rest_route=%2Fwp%2Fv2%2Fmedia&parent=173"}],"curies":[{"name":"wp","href":"https:\/\/api.w.org\/{rel}","templated":true}]}}