{"id":170,"date":"2025-01-20T12:09:35","date_gmt":"2025-01-20T12:09:35","guid":{"rendered":"https:\/\/edebiyatatlasi.com\/?page_id=170"},"modified":"2025-01-20T12:09:35","modified_gmt":"2025-01-20T12:09:35","slug":"bolu","status":"publish","type":"page","link":"https:\/\/edebiyatatlasi.com\/?page_id=170","title":{"rendered":"Bolu"},"content":{"rendered":"\n<h2 class=\"wp-block-heading\">ROMANLAR<\/h2>\n\n\n\n<p><strong>IKRIKLAR DURUNCA(Sadri Ertem)<\/strong><\/p>\n\n\n\n<p>\u201cBurada tek, basit olan a\u00e7l\u0131k vard\u0131r.<\/p>\n\n\n\n<p>A\u00e7l\u0131\u011f\u0131n kemiklerini \u00e7at\u0131rdatt\u0131\u011f\u0131, kanlar\u0131n\u0131 durgunla\u015ft\u0131rd\u0131\u011f\u0131,<\/p>\n\n\n\n<p>seslerini k\u0131st\u0131\u011f\u0131 insanlar vard\u0131r.\u201d<\/p>\n\n\n\n<p>Avrupa\u2019dan gelen tekstil sanayisinin tiftik \u00fcreten \u00e7\u0131kr\u0131klar\u0131 ve dokuma tezg\u00e2hlar\u0131n\u0131 yok etmesinin yaratt\u0131\u011f\u0131 bunal\u0131mlar\u0131n i\u015flendi\u011fi, toplumcu ger\u00e7ek\u00e7i edebiyat\u0131m\u0131z\u0131n ilk roman\u0131 olan \u00c7\u0131kr\u0131klar<\/p>\n\n\n\n<p>Durunca, 19. y\u00fczy\u0131l sonlar\u0131nda ke\u00e7i y\u00fcn\u00fcnden tiftik \u00fcreten Bolu y\u00f6resindeki bir Alevi k\u00f6y\u00fc olan Adak\u00f6y\u2019deki dokumac\u0131larla Avrupa\u2019dan ucuz fabrika mal\u0131 kuma\u015f\u0131 ithal edenler aras\u0131ndaki e\u015fitlik\u00e7i bir d\u00fczen i\u00e7in ayaklanmaya d\u00f6n\u00fc\u015fen m\u00fccadeleyi temel al\u0131r.<\/p>\n\n\n\n<p>\u2026 Doksan y\u0131l \u00f6ncesinde yaz\u0131lm\u0131\u015f olmas\u0131na kar\u015f\u0131n g\u00fcndeme getirdi\u011fi sorunlarla bug\u00fcn\u00fc de anlatan bir romand\u0131r \u00c7\u0131kr\u0131klar Durunca. (TELGRAFHANE YAYINLARI, 2024)<\/p>\n\n\n\n<h2 class=\"wp-block-heading\">Halk Hikayesi, Hikaye, Destan<\/h2>\n\n\n\n<p><strong>K\u00f6ro\u011flu Destan\u0131<\/strong><\/p>\n\n\n\n<p>Bolu&#8217;nun \u00fcnl\u00fc efsanesi &#8220;K\u00f6ro\u011flu Destan\u0131&#8221;d\u0131r. Bu destan, Bolu beyinin at merakl\u0131s\u0131 bir bey oldu\u011fu ve seyisi Yusuf&#8217;un Bolu d\u0131\u015f\u0131nda g\u00fczel bir tay bulma maceras\u0131n\u0131 anlat\u0131r. Bu tay, F\u0131rat k\u0131y\u0131s\u0131nda dola\u015fan bir ayg\u0131r k\u0131sra\u011f\u0131n \u00fcr\u00fcn\u00fcd\u00fcr. Yusuf, tay\u0131 sat\u0131n al\u0131r ancak bey, tay\u0131n g\u00f6r\u00fcn\u00fcm\u00fcnden ho\u015flanmaz ve Yusuf&#8217;u alay konusu yapar. K\u00f6r Yusuf&#8217;un o\u011flu Ru\u015fen Ali, bu duruma \u00f6fkelidir ve bir g\u00fcn intikam almak \u00fczere yola \u00e7\u0131kar.<\/p>\n\n\n\n<p>R\u00fcyas\u0131nda H\u0131z\u0131r&#8217;\u0131 g\u00f6ren Yusuf, H\u0131z\u0131r&#8217;\u0131n y\u00f6nlendirmesiyle o\u011flu Ru\u015fen Ali ile birlikte \u00fc\u00e7 sihirli k\u00f6p\u00fc\u011f\u00fc Aras \u0131rma\u011f\u0131nda beklemeye karar verir. Ancak, Ru\u015fen Ali, k\u00f6p\u00fckleri i\u00e7er ve babas\u0131na haber vermez. K\u00f6ro\u011flu olarak tan\u0131nan Ru\u015fen Ali, g\u00fc\u00e7lenir ve babas\u0131n\u0131n \u00f6c\u00fcn\u00fc almak i\u00e7in yola \u00e7\u0131kar. Bolu&#8217;yu basar, D\u00f6ne Han\u0131m ile evlenir ve Bolu Beyi&#8217;nden intikam\u0131n\u0131 al\u0131r. Ancak, Bolu Beyi de K\u00f6ro\u011flu&#8217;na kar\u015f\u0131 kurdu\u011fu d\u00fczenle ona kar\u015f\u0131 koymaya \u00e7al\u0131\u015f\u0131r. Bu destan, g\u00fc\u00e7, adalet ve intikam temalar\u0131n\u0131 i\u015flerken, ayn\u0131 zamanda sihirli k\u00f6p\u00fckler arac\u0131l\u0131\u011f\u0131yla ba\u015far\u0131ya ula\u015fma \u00f6\u011fesiyle de zenginle\u015fir. (Yeni Bak\u0131\u015f, 2024)<\/p>\n\n\n\n<figure class=\"wp-block-image size-large\"><img loading=\"lazy\" decoding=\"async\" width=\"1024\" height=\"678\" src=\"https:\/\/edebiyatatlasi.com\/wp-content\/uploads\/2025\/01\/misafirhane-1024x678.jpg\" alt=\"\" class=\"wp-image-171\" srcset=\"https:\/\/edebiyatatlasi.com\/wp-content\/uploads\/2025\/01\/misafirhane-1024x678.jpg 1024w, https:\/\/edebiyatatlasi.com\/wp-content\/uploads\/2025\/01\/misafirhane-300x199.jpg 300w, https:\/\/edebiyatatlasi.com\/wp-content\/uploads\/2025\/01\/misafirhane-768x508.jpg 768w, https:\/\/edebiyatatlasi.com\/wp-content\/uploads\/2025\/01\/misafirhane.jpg 1200w\" sizes=\"auto, (max-width: 1024px) 100vw, 1024px\" \/><\/figure>\n\n\n\n<h2 class=\"wp-block-heading\">Bir Efsane<\/h2>\n\n\n\n<p><strong>Yedig\u00f6ller Efsanesi<\/strong><\/p>\n\n\n\n<p>Dillere destan do\u011fal g\u00fczelli\u011fe sahip Bolu\u2019nun sakl\u0131 cenneti Yedig\u00f6ller\u2019in bir de efsanesi bulunuyor. Birbirinden farkl\u0131 efsaneler s\u00f6ylense de en \u00e7ok bilinen Yedig\u00f6ller efsanesi \u015f\u00f6yle:<\/p>\n\n\n\n<p>Yedig\u00f6ller Efsanesi: Bolu Beyi \u2019nin O\u011flu ve Peri K\u0131z\u0131<\/p>\n\n\n\n<p>Efsaneye g\u00f6re \u00e7aresizlere \u00e7are dertlere derman t\u00fcl kanatlar\u0131nda mutluluk ta\u015f\u0131yan ve bunlar\u0131 c\u00f6mert\u00e7e insanlara ba\u011f\u0131\u015flayan iyilik perilerinin Yurdu Yedig\u00f6ller\u2019mi\u015f bir zamanlar.<\/p>\n\n\n\n<p>Bir g\u00fcn Bolu Beyi\u2019nin o\u011flu buralarda av yaparken bir beyaz g\u00fcvercinin pe\u015fine d\u00fc\u015fm\u00fc\u015f. G\u00fcvercin daldan dala konar g\u00f6\u00e7e Yedig\u00f6ller\u2019 in bulundu\u011fu yere gelmi\u015f. O\u011flan da pe\u015fine tak\u0131lm\u0131\u015f. Tam yay\u0131n\u0131 gerip okunu salaca\u011f\u0131 zaman g\u00fcvercin d\u00fcnya g\u00fczeli bir k\u0131z oluvermi\u015f. O\u011flan\u0131n akl\u0131 ba\u015f\u0131ndan gitmi\u015f, dizlerinin ba\u011f\u0131 \u00e7\u00f6z\u00fclm\u00fc\u015f. Yay\u0131n\u0131 geren parmaklar\u0131 gev\u015feyivermi\u015f. Ok da hedefine ula\u015fm\u0131\u015f. Peri k\u0131z\u0131 kalbinden vurulmu\u015f bir Ah sesi bir kara bulut bir y\u0131ld\u0131r\u0131m yer kaynam\u0131\u015f, g\u00f6k a\u011flam\u0131\u015f<\/p>\n\n\n\n<p>Az sonra \u00c7a\u011flayan Dereler kaynayan da\u011flar olaydan sonra buralardan \u00e7ekilip gitmi\u015fler. Akan sular kaynayan p\u0131narlar\u0131 peri k\u0131z\u0131n\u0131n kan\u0131 can\u0131ym\u0131\u015f. Su sesleri de onun iniltileriymi\u015f.<\/p>\n\n\n\n<p>A\u011flayan perilerin g\u00f6zya\u015flar\u0131 orada burada \u00f6bek \u00f6bek g\u00f6ller olu\u015fturmu\u015f. Bundan sonra Yedig\u00f6llerin isimleri B\u00fcy\u00fckg\u00f6l, Sering\u00f6l Dering\u00f6l, Nazl\u0131g\u00f6l, Kurug\u00f6l, \u0130nceg\u00f6l, Sazl\u0131g\u00f6l olarak kalm\u0131\u015f. \u0130\u015fte Yedig\u00f6ller Efsanesi b\u00f6yledir. (Yedig\u00f6ller Efsanesi) (engelsizedebiyat,2024)<\/p>\n\n\n\n<figure class=\"wp-block-embed is-type-video is-provider-youtube wp-block-embed-youtube wp-embed-aspect-16-9 wp-has-aspect-ratio\"><div class=\"wp-block-embed__wrapper\">\n<iframe loading=\"lazy\" title=\"14 Bolu\" width=\"604\" height=\"340\" src=\"https:\/\/www.youtube.com\/embed\/9q60WUQTuqg?feature=oembed\" frameborder=\"0\" allow=\"accelerometer; autoplay; clipboard-write; encrypted-media; gyroscope; picture-in-picture; web-share\" referrerpolicy=\"strict-origin-when-cross-origin\" allowfullscreen><\/iframe>\n<\/div><\/figure>\n\n\n\n<div class=\"wp-block-columns is-layout-flex wp-container-core-columns-is-layout-1 wp-block-columns-is-layout-flex\">\n<div class=\"wp-block-column is-layout-flow wp-block-column-is-layout-flow\">\n<p><strong>Bir Deyi\u015f:<\/strong><\/p>\n\n\n\n<p>A\u00e7 elini kara sokar.<\/p>\n<\/div>\n\n\n\n<div class=\"wp-block-column is-layout-flow wp-block-column-is-layout-flow\">\n<p><strong>Bir Kelime:<\/strong><\/p>\n\n\n\n<p>Buna m\u0131h var mi?: bu konuda bilgin var m\u0131<\/p>\n<\/div>\n<\/div>\n","protected":false},"excerpt":{"rendered":"<p>ROMANLAR IKRIKLAR DURUNCA(Sadri Ertem) \u201cBurada tek, basit olan a\u00e7l\u0131k vard\u0131r. A\u00e7l\u0131\u011f\u0131n kemiklerini \u00e7at\u0131rdatt\u0131\u011f\u0131, kanlar\u0131n\u0131 durgunla\u015ft\u0131rd\u0131\u011f\u0131, seslerini k\u0131st\u0131\u011f\u0131 insanlar vard\u0131r.\u201d Avrupa\u2019dan gelen tekstil sanayisinin tiftik \u00fcreten \u00e7\u0131kr\u0131klar\u0131 ve dokuma tezg\u00e2hlar\u0131n\u0131 yok etmesinin yaratt\u0131\u011f\u0131 bunal\u0131mlar\u0131n i\u015flendi\u011fi, toplumcu ger\u00e7ek\u00e7i edebiyat\u0131m\u0131z\u0131n ilk roman\u0131 olan \u00c7\u0131kr\u0131klar Durunca, 19. y\u00fczy\u0131l sonlar\u0131nda ke\u00e7i y\u00fcn\u00fcnden tiftik \u00fcreten Bolu y\u00f6resindeki bir Alevi k\u00f6y\u00fc olan &hellip; <a href=\"https:\/\/edebiyatatlasi.com\/?page_id=170\" class=\"more-link\"><span class=\"screen-reader-text\">Bolu<\/span> yaz\u0131s\u0131na devam et <span class=\"meta-nav\">&rarr;<\/span><\/a><\/p>\n","protected":false},"author":1,"featured_media":0,"parent":0,"menu_order":0,"comment_status":"closed","ping_status":"closed","template":"","meta":{"footnotes":""},"class_list":["post-170","page","type-page","status-publish","hentry"],"_links":{"self":[{"href":"https:\/\/edebiyatatlasi.com\/index.php?rest_route=\/wp\/v2\/pages\/170","targetHints":{"allow":["GET"]}}],"collection":[{"href":"https:\/\/edebiyatatlasi.com\/index.php?rest_route=\/wp\/v2\/pages"}],"about":[{"href":"https:\/\/edebiyatatlasi.com\/index.php?rest_route=\/wp\/v2\/types\/page"}],"author":[{"embeddable":true,"href":"https:\/\/edebiyatatlasi.com\/index.php?rest_route=\/wp\/v2\/users\/1"}],"replies":[{"embeddable":true,"href":"https:\/\/edebiyatatlasi.com\/index.php?rest_route=%2Fwp%2Fv2%2Fcomments&post=170"}],"version-history":[{"count":1,"href":"https:\/\/edebiyatatlasi.com\/index.php?rest_route=\/wp\/v2\/pages\/170\/revisions"}],"predecessor-version":[{"id":172,"href":"https:\/\/edebiyatatlasi.com\/index.php?rest_route=\/wp\/v2\/pages\/170\/revisions\/172"}],"wp:attachment":[{"href":"https:\/\/edebiyatatlasi.com\/index.php?rest_route=%2Fwp%2Fv2%2Fmedia&parent=170"}],"curies":[{"name":"wp","href":"https:\/\/api.w.org\/{rel}","templated":true}]}}